{"id":13664,"date":"2021-12-20T21:48:54","date_gmt":"2021-12-20T20:48:54","guid":{"rendered":"https:\/\/galerieschwind.superhappydesign.de\/kuenstler\/johannes-gruetzke\/"},"modified":"2025-05-13T12:29:09","modified_gmt":"2025-05-13T10:29:09","slug":"johannes-gruetzke","status":"publish","type":"kuenstler","link":"https:\/\/www.galerie-schwind.de\/en\/kuenstler\/johannes-gruetzke\/","title":{"rendered":"Johannes Gr\u00fctzke"},"content":{"rendered":"\n<section id=\"gemaelde\" class=\"wp-block-group\"><div class=\"wp-block-group__inner-container is-layout-flow wp-block-group-is-layout-flow\">\n<h3 class=\"wp-block-heading\" id=\"gemalde\">Painting<\/h3>\n\n\n<div  id=\"jtg-5798\" class=\"modula modula-gallery modula-custom-grid\" data-config=\"{&quot;height&quot;:800,&quot;tabletHeight&quot;:800,&quot;mobileHeight&quot;:800,&quot;desktopHeight&quot;:800,&quot;enableTwitter&quot;:false,&quot;enableWhatsapp&quot;:false,&quot;enableFacebook&quot;:false,&quot;enablePinterest&quot;:false,&quot;enableLinkedin&quot;:false,&quot;enableEmail&quot;:false,&quot;randomFactor&quot;:0.5,&quot;type&quot;:&quot;custom-grid&quot;,&quot;columns&quot;:12,&quot;gutter&quot;:30,&quot;mobileGutter&quot;:10,&quot;tabletGutter&quot;:15,&quot;desktopGutter&quot;:30,&quot;enableResponsive&quot;:&quot;0&quot;,&quot;tabletColumns&quot;:2,&quot;mobileColumns&quot;:1,&quot;lazyLoad&quot;:0,&quot;lightboxOpts&quot;:{&quot;animated&quot;:true,&quot;Thumbs&quot;:{&quot;type&quot;:&quot;modern&quot;,&quot;showOnStart&quot;:false},&quot;Toolbar&quot;:{&quot;display&quot;:{&quot;right&quot;:[&quot;close&quot;],&quot;left&quot;:[&quot;infobar&quot;]},&quot;enabled&quot;:true},&quot;Carousel&quot;:{&quot;Panzoom&quot;:{&quot;touch&quot;:false},&quot;infinite&quot;:false,&quot;transition&quot;:&quot;fade&quot;},&quot;keyboard&quot;:{&quot;Escape&quot;:&quot;close&quot;,&quot;Delete&quot;:&quot;close&quot;,&quot;Backspace&quot;:&quot;close&quot;,&quot;PageUp&quot;:&quot;next&quot;,&quot;PageDown&quot;:&quot;prev&quot;,&quot;ArrowUp&quot;:&quot;prev&quot;,&quot;ArrowDown&quot;:&quot;next&quot;,&quot;ArrowRight&quot;:&quot;next&quot;,&quot;ArrowLeft&quot;:&quot;prev&quot;},&quot;touch&quot;:false,&quot;backdropClick&quot;:false,&quot;l10n&quot;:{&quot;CLOSE&quot;:&quot;Close&quot;,&quot;NEXT&quot;:&quot;Next&quot;,&quot;PREV&quot;:&quot;Previous&quot;,&quot;Error&quot;:&quot;The requested content cannot be loaded. Please try again later.&quot;,&quot;PLAY_START&quot;:&quot;Start slideshow&quot;,&quot;PLAY_STOP&quot;:&quot;Pause slideshow&quot;,&quot;FULL_SCREEN&quot;:&quot;Full screen&quot;,&quot;THUMBS&quot;:&quot;Thumbnails&quot;,&quot;DOWNLOAD&quot;:&quot;Download&quot;,&quot;SHARE&quot;:&quot;Share&quot;,&quot;ZOOM&quot;:&quot;Zoom&quot;,&quot;EMAIL&quot;:&quot;Here is the link to the image : %%image_link%% and this is the link to the gallery : %%gallery_link%%&quot;,&quot;MODAL&quot;:&quot;You can close this modal content with the ESC key&quot;,&quot;ERROR&quot;:&quot;Something Went Wrong, Please Try Again Later&quot;,&quot;IMAGE_ERROR&quot;:&quot;Image Not Found&quot;,&quot;ELEMENT_NOT_FOUND&quot;:&quot;HTML Element Not Found&quot;,&quot;AJAX_NOT_FOUND&quot;:&quot;Error Loading AJAX : Not Found&quot;,&quot;AJAX_FORBIDDEN&quot;:&quot;Error Loading AJAX : Forbidden&quot;,&quot;IFRAME_ERROR&quot;:&quot;Error Loading Page&quot;,&quot;TOGGLE_ZOOM&quot;:&quot;Toggle zoom level&quot;,&quot;TOGGLE_THUMBS&quot;:&quot;Toggle thumbnails&quot;,&quot;TOGGLE_SLIDESHOW&quot;:&quot;Toggle slideshow&quot;,&quot;TOGGLE_FULLSCREEN&quot;:&quot;Toggle full-screen mode&quot;},&quot;Images&quot;:{&quot;Panzoom&quot;:{&quot;maxScale&quot;:2}},&quot;toolbar&quot;:true,&quot;wheel&quot;:false,&quot;animationEffect&quot;:&quot;false&quot;,&quot;animationDuration&quot;:366,&quot;transitionEffect&quot;:&quot;false&quot;,&quot;mainClass&quot;:&quot;modula-fancybox-container modula-lightbox-jtg-5798&quot;,&quot;Html&quot;:{&quot;videoAutoplay&quot;:0,&quot;videoTpl&quot;:&quot;&lt;video class=\\&quot;fancybox__html5video\\&quot; controls muted playsinline controlsList controlsList=\\&quot;nodownload\\&quot; poster=\\&quot;{{poster}}\\&quot; src=\\&quot;{{src}}\\&quot; type=\\&quot;{{format}}\\&quot; &gt;  Sorry, your browser doesn&#039;t support embedded videos, &lt;a href=\\&quot;{{src}}\\&quot;&gt; download &lt;\\\/a&gt; and watch with your favorite video player! &lt;\\\/video&gt;&quot;}},&quot;inView&quot;:false,&quot;email_subject&quot;:&quot;Check out this awesome image !!&quot;,&quot;email_message&quot;:&quot;Here is the link to the image : %%image_link%% and this is the link to the gallery : %%gallery_link%%&quot;,&quot;lightbox&quot;:&quot;fancybox&quot;,&quot;filterClick&quot;:&quot;0&quot;,&quot;dropdownFilters&quot;:&quot;0&quot;,&quot;defaultActiveFilter&quot;:&quot;all&quot;,&quot;initLightbox&quot;:&quot;modula_pro_init_lightbox&quot;,&quot;haveFilters&quot;:0,&quot;lightbox_devices&quot;:&quot;both&quot;,&quot;options&quot;:{&quot;lightbox&quot;:&quot;fancybox&quot;},&quot;enableSlideshow&quot;:&quot;0&quot;,&quot;enableAutoplay&quot;:&quot;0&quot;,&quot;slideshowSpeed&quot;:5000,&quot;pauseOnHover&quot;:&quot;0&quot;}\">\n\n\t\n\t<div  class=\"modula-items\">\n\t\t<div class=\"modula-item effect-crafty jtg-filter-all jtg-filter-\" data-width=\"4\" data-height=\"3\" >\n\t<div class=\"modula-item-overlay\"><\/div>\n\n\t<div class=\"modula-item-content\">\n\n\t\t<a data-image-id=\"5486\" role=\"button\" tabindex=\"0\" rel=\"jtg-5798\" data-caption=\"&lt;span class=&quot;modula-caption-title&quot;&gt;Johannes Gr\u00fctzke, Drillbohrer, Huhn und venezianische Maske, 23.09.2015 \u00d6l auf Leinwand, 40 x 60 cm&lt;\/span&gt;&lt;br&gt;&lt;span class=&quot;modula-caption-description&quot;&gt;&lt;\/span&gt;\" aria-label=\"Open image in lightbox\" data-thumb=\"https:\/\/wp-modula.b-cdn.net\/spai\/q_glossy&amp;ret_img&amp;w_500&amp;h_332\/https:\/\/www.galerie-schwind.de\/wp-content\/uploads\/2021\/12\/Gru\u00a6etzke_23_09_2015-Kopie-500x332.jpg\" class=\"tile-inner modula-item-link\"><\/a><img loading=\"lazy\" decoding=\"async\" class=\"pic wp-image-5486\"  data-valign=\"middle\" data-halign=\"center\" alt=\"\" data-full=\"https:\/\/wp-modula.b-cdn.net\/spai\/q_lossless&amp;ret_img\/https:\/\/www.galerie-schwind.de\/wp-content\/uploads\/2021\/12\/Gru\u00a6etzke_23_09_2015-Kopie.jpg\" title=\"Johannes Gr\u00fctzke, Drillbohrer, Huhn und venezianische Maske, 23.09.2015 \u00d6l auf Leinwand, 40 x 60 cm\" width=\"800\" height=\"531\" src=\"https:\/\/wp-modula.b-cdn.net\/spai\/q_glossy&amp;ret_img&amp;w_800&amp;h_531\/https:\/\/www.galerie-schwind.de\/wp-content\/uploads\/2021\/12\/Gru\u00a6etzke_23_09_2015-Kopie-800x531.jpg\" data-src=\"https:\/\/wp-modula.b-cdn.net\/spai\/q_glossy&amp;ret_img&amp;w_800&amp;h_531\/https:\/\/www.galerie-schwind.de\/wp-content\/uploads\/2021\/12\/Gru\u00a6etzke_23_09_2015-Kopie-800x531.jpg\" data-caption=\"\" srcset=\"https:\/\/wp-modula.b-cdn.net\/spai\/q_glossy&amp;ret_img&amp;w_1000&amp;h_664\/https:\/\/www.galerie-schwind.de\/wp-content\/uploads\/2021\/12\/Gru\u00a6etzke_23_09_2015-Kopie.jpg 1000w, https:\/\/wp-modula.b-cdn.net\/spai\/q_glossy&amp;ret_img&amp;w_800&amp;h_531\/https:\/\/www.galerie-schwind.de\/wp-content\/uploads\/2021\/12\/Gru\u00a6etzke_23_09_2015-Kopie-800x531.jpg 800w, https:\/\/wp-modula.b-cdn.net\/spai\/q_glossy&amp;ret_img&amp;w_500&amp;h_332\/https:\/\/www.galerie-schwind.de\/wp-content\/uploads\/2021\/12\/Gru\u00a6etzke_23_09_2015-Kopie-500x332.jpg 500w, https:\/\/wp-modula.b-cdn.net\/spai\/q_glossy&amp;ret_img&amp;w_768&amp;h_510\/https:\/\/www.galerie-schwind.de\/wp-content\/uploads\/2021\/12\/Gru\u00a6etzke_23_09_2015-Kopie-768x510.jpg 768w\" sizes=\"auto, (max-width: 800px) 100vw, 800px\" \/>\n\t\t<div class=\"figc no-description\">\n\t\t\t<div class=\"figc-inner\">\n\t\t\t\t\t\t\t\t\t<div class='jtg-title'>Johannes Gr\u00fctzke, Drillbohrer, Huhn und venezianische Maske, 23.09.2015 \u00d6l auf Leinwand, 40 x 60 cm<\/div>\n\t\t\t\t\t\t\t\t\t\t\t\t\t\t\t<\/div>\n\t\t<\/div>\n\n\t<\/div>\n\n<\/div><div class=\"modula-item effect-crafty jtg-filter-all jtg-filter-\" data-width=\"4\" data-height=\"3\" >\n\t<div class=\"modula-item-overlay\"><\/div>\n\n\t<div class=\"modula-item-content\">\n\n\t\t<a data-image-id=\"5479\" role=\"button\" tabindex=\"0\" rel=\"jtg-5798\" data-caption=\"&lt;span class=&quot;modula-caption-title&quot;&gt;Johannes Gr\u00fctzke, Eule und Rebhuhn, 25.05.2012, \u00d6l auf Leinwand, 40 x 60 cm&lt;\/span&gt;&lt;br&gt;&lt;span class=&quot;modula-caption-description&quot;&gt;&lt;\/span&gt;\" aria-label=\"Open image in lightbox\" data-thumb=\"https:\/\/wp-modula.b-cdn.net\/spai\/q_glossy&amp;ret_img&amp;w_500&amp;h_331\/https:\/\/www.galerie-schwind.de\/wp-content\/uploads\/2021\/12\/Eule-und-Rebhuhn-25.05.2012-Oel-auf-Leinwand-40-x-60-cm-500x331.jpg\" class=\"tile-inner modula-item-link\"><\/a><img loading=\"lazy\" decoding=\"async\" class=\"pic wp-image-5479\"  data-valign=\"middle\" data-halign=\"center\" alt=\"\" data-full=\"https:\/\/wp-modula.b-cdn.net\/spai\/q_lossless&amp;ret_img\/https:\/\/www.galerie-schwind.de\/wp-content\/uploads\/2021\/12\/Eule-und-Rebhuhn-25.05.2012-Oel-auf-Leinwand-40-x-60-cm.jpg\" title=\"Johannes Gr\u00fctzke, Eule und Rebhuhn, 25.05.2012, \u00d6l auf Leinwand, 40 x 60 cm\" data-caption=\"\" src=\"https:\/\/wp-modula.b-cdn.net\/spai\/q_glossy&amp;ret_img&amp;w_800&amp;h_529\/https:\/\/www.galerie-schwind.de\/wp-content\/uploads\/2021\/12\/Eule-und-Rebhuhn-25.05.2012-Oel-auf-Leinwand-40-x-60-cm-800x529.jpg\" data-src=\"https:\/\/wp-modula.b-cdn.net\/spai\/q_glossy&amp;ret_img&amp;w_800&amp;h_529\/https:\/\/www.galerie-schwind.de\/wp-content\/uploads\/2021\/12\/Eule-und-Rebhuhn-25.05.2012-Oel-auf-Leinwand-40-x-60-cm-800x529.jpg\" width=\"800\" height=\"529\" srcset=\"https:\/\/wp-modula.b-cdn.net\/spai\/q_glossy&amp;ret_img&amp;w_1200&amp;h_794\/https:\/\/www.galerie-schwind.de\/wp-content\/uploads\/2021\/12\/Eule-und-Rebhuhn-25.05.2012-Oel-auf-Leinwand-40-x-60-cm.jpg 1200w, https:\/\/wp-modula.b-cdn.net\/spai\/q_glossy&amp;ret_img&amp;w_800&amp;h_529\/https:\/\/www.galerie-schwind.de\/wp-content\/uploads\/2021\/12\/Eule-und-Rebhuhn-25.05.2012-Oel-auf-Leinwand-40-x-60-cm-800x529.jpg 800w, https:\/\/wp-modula.b-cdn.net\/spai\/q_glossy&amp;ret_img&amp;w_500&amp;h_331\/https:\/\/www.galerie-schwind.de\/wp-content\/uploads\/2021\/12\/Eule-und-Rebhuhn-25.05.2012-Oel-auf-Leinwand-40-x-60-cm-500x331.jpg 500w, https:\/\/wp-modula.b-cdn.net\/spai\/q_glossy&amp;ret_img&amp;w_768&amp;h_508\/https:\/\/www.galerie-schwind.de\/wp-content\/uploads\/2021\/12\/Eule-und-Rebhuhn-25.05.2012-Oel-auf-Leinwand-40-x-60-cm-768x508.jpg 768w\" sizes=\"auto, (max-width: 800px) 100vw, 800px\" \/>\n\t\t<div class=\"figc no-description\">\n\t\t\t<div class=\"figc-inner\">\n\t\t\t\t\t\t\t\t\t<div class='jtg-title'>Johannes Gr\u00fctzke, Eule und Rebhuhn, 25.05.2012, \u00d6l auf Leinwand, 40 x 60 cm<\/div>\n\t\t\t\t\t\t\t\t\t\t\t\t\t\t\t<\/div>\n\t\t<\/div>\n\n\t<\/div>\n\n<\/div><div class=\"modula-item effect-crafty jtg-filter-all jtg-filter-\" data-width=\"4\" data-height=\"3\" >\n\t<div class=\"modula-item-overlay\"><\/div>\n\n\t<div class=\"modula-item-content\">\n\n\t\t<a data-image-id=\"5483\" role=\"button\" tabindex=\"0\" rel=\"jtg-5798\" data-caption=\"&lt;span class=&quot;modula-caption-title&quot;&gt;Johannes Gr\u00fctzke, Die linke Hand vor offenem Mund,17.6.2014,\u00d6l auf Leinwand, 30 x 40cm&lt;\/span&gt;&lt;br&gt;&lt;span class=&quot;modula-caption-description&quot;&gt;&lt;\/span&gt;\" aria-label=\"Open image in lightbox\" data-thumb=\"https:\/\/wp-modula.b-cdn.net\/spai\/q_glossy&amp;ret_img&amp;w_500&amp;h_371\/https:\/\/www.galerie-schwind.de\/wp-content\/uploads\/2021\/12\/Gru\u00a6etzke_17_6_2014-Kopie-500x371.jpg\" class=\"tile-inner modula-item-link\"><\/a><img loading=\"lazy\" decoding=\"async\" class=\"pic wp-image-5483\"  data-valign=\"middle\" data-halign=\"center\" alt=\"\" data-full=\"https:\/\/wp-modula.b-cdn.net\/spai\/q_lossless&amp;ret_img\/https:\/\/www.galerie-schwind.de\/wp-content\/uploads\/2021\/12\/Gru\u00a6etzke_17_6_2014-Kopie.jpg\" title=\"Johannes Gr\u00fctzke, Die linke Hand vor offenem Mund,17.6.2014,\u00d6l auf Leinwand, 30 x 40cm\" data-caption=\"\" src=\"https:\/\/wp-modula.b-cdn.net\/spai\/q_glossy&amp;ret_img&amp;w_800&amp;h_593\/https:\/\/www.galerie-schwind.de\/wp-content\/uploads\/2021\/12\/Gru\u00a6etzke_17_6_2014-Kopie-800x593.jpg\" data-src=\"https:\/\/wp-modula.b-cdn.net\/spai\/q_glossy&amp;ret_img&amp;w_800&amp;h_593\/https:\/\/www.galerie-schwind.de\/wp-content\/uploads\/2021\/12\/Gru\u00a6etzke_17_6_2014-Kopie-800x593.jpg\" width=\"800\" height=\"593\" srcset=\"https:\/\/wp-modula.b-cdn.net\/spai\/q_glossy&amp;ret_img&amp;w_1000&amp;h_741\/https:\/\/www.galerie-schwind.de\/wp-content\/uploads\/2021\/12\/Gru\u00a6etzke_17_6_2014-Kopie.jpg 1000w, https:\/\/wp-modula.b-cdn.net\/spai\/q_glossy&amp;ret_img&amp;w_800&amp;h_593\/https:\/\/www.galerie-schwind.de\/wp-content\/uploads\/2021\/12\/Gru\u00a6etzke_17_6_2014-Kopie-800x593.jpg 800w, https:\/\/wp-modula.b-cdn.net\/spai\/q_glossy&amp;ret_img&amp;w_500&amp;h_371\/https:\/\/www.galerie-schwind.de\/wp-content\/uploads\/2021\/12\/Gru\u00a6etzke_17_6_2014-Kopie-500x371.jpg 500w, https:\/\/wp-modula.b-cdn.net\/spai\/q_glossy&amp;ret_img&amp;w_768&amp;h_569\/https:\/\/www.galerie-schwind.de\/wp-content\/uploads\/2021\/12\/Gru\u00a6etzke_17_6_2014-Kopie-768x569.jpg 768w\" sizes=\"auto, (max-width: 800px) 100vw, 800px\" \/>\n\t\t<div class=\"figc no-description\">\n\t\t\t<div class=\"figc-inner\">\n\t\t\t\t\t\t\t\t\t<div class='jtg-title'>Johannes Gr\u00fctzke, Die linke Hand vor offenem Mund,17.6.2014,\u00d6l auf Leinwand, 30 x 40cm<\/div>\n\t\t\t\t\t\t\t\t\t\t\t\t\t\t\t<\/div>\n\t\t<\/div>\n\n\t<\/div>\n\n<\/div><div class=\"modula-item effect-crafty jtg-filter-all jtg-filter-\" data-width=\"6\" data-height=\"5\" >\n\t<div class=\"modula-item-overlay\"><\/div>\n\n\t<div class=\"modula-item-content\">\n\n\t\t<a data-image-id=\"5489\" role=\"button\" tabindex=\"0\" rel=\"jtg-5798\" data-caption=\"&lt;span class=&quot;modula-caption-title&quot;&gt;Johannes Gr\u00fctzke, Auf dem Acker, 28.1.2014, \u00d6l auf Leinwand, 100 x 120 cm&lt;\/span&gt;&lt;br&gt;&lt;span class=&quot;modula-caption-description&quot;&gt;&lt;\/span&gt;\" aria-label=\"Open image in lightbox\" data-thumb=\"https:\/\/wp-modula.b-cdn.net\/spai\/q_glossy&amp;ret_img&amp;w_500&amp;h_416\/https:\/\/www.galerie-schwind.de\/wp-content\/uploads\/2021\/12\/Gru\u00a6etzke_28_01_2014-Kopie-500x416.jpg\" class=\"tile-inner modula-item-link\"><\/a><img loading=\"lazy\" decoding=\"async\" class=\"pic wp-image-5489\"  data-valign=\"middle\" data-halign=\"center\" alt=\"\" data-full=\"https:\/\/wp-modula.b-cdn.net\/spai\/q_lossless&amp;ret_img\/https:\/\/www.galerie-schwind.de\/wp-content\/uploads\/2021\/12\/Gru\u00a6etzke_28_01_2014-Kopie.jpg\" title=\"Johannes Gr\u00fctzke, Auf dem Acker, 28.1.2014, \u00d6l auf Leinwand, 100 x 120 cm\" data-caption=\"\" src=\"https:\/\/wp-modula.b-cdn.net\/spai\/q_glossy&amp;ret_img&amp;w_800&amp;h_665\/https:\/\/www.galerie-schwind.de\/wp-content\/uploads\/2021\/12\/Gru\u00a6etzke_28_01_2014-Kopie-800x665.jpg\" data-src=\"https:\/\/wp-modula.b-cdn.net\/spai\/q_glossy&amp;ret_img&amp;w_800&amp;h_665\/https:\/\/www.galerie-schwind.de\/wp-content\/uploads\/2021\/12\/Gru\u00a6etzke_28_01_2014-Kopie-800x665.jpg\" width=\"800\" height=\"665\" srcset=\"https:\/\/wp-modula.b-cdn.net\/spai\/q_glossy&amp;ret_img&amp;w_1000&amp;h_831\/https:\/\/www.galerie-schwind.de\/wp-content\/uploads\/2021\/12\/Gru\u00a6etzke_28_01_2014-Kopie.jpg 1000w, https:\/\/wp-modula.b-cdn.net\/spai\/q_glossy&amp;ret_img&amp;w_800&amp;h_665\/https:\/\/www.galerie-schwind.de\/wp-content\/uploads\/2021\/12\/Gru\u00a6etzke_28_01_2014-Kopie-800x665.jpg 800w, https:\/\/wp-modula.b-cdn.net\/spai\/q_glossy&amp;ret_img&amp;w_500&amp;h_416\/https:\/\/www.galerie-schwind.de\/wp-content\/uploads\/2021\/12\/Gru\u00a6etzke_28_01_2014-Kopie-500x416.jpg 500w, https:\/\/wp-modula.b-cdn.net\/spai\/q_glossy&amp;ret_img&amp;w_768&amp;h_638\/https:\/\/www.galerie-schwind.de\/wp-content\/uploads\/2021\/12\/Gru\u00a6etzke_28_01_2014-Kopie-768x638.jpg 768w\" sizes=\"auto, (max-width: 800px) 100vw, 800px\" \/>\n\t\t<div class=\"figc no-description\">\n\t\t\t<div class=\"figc-inner\">\n\t\t\t\t\t\t\t\t\t<div class='jtg-title'>Johannes Gr\u00fctzke, Auf dem Acker, 28.1.2014, \u00d6l auf Leinwand, 100 x 120 cm<\/div>\n\t\t\t\t\t\t\t\t\t\t\t\t\t\t\t<\/div>\n\t\t<\/div>\n\n\t<\/div>\n\n<\/div><div class=\"modula-item effect-crafty jtg-filter-all jtg-filter-\" data-width=\"6\" data-height=\"5\" >\n\t<div class=\"modula-item-overlay\"><\/div>\n\n\t<div class=\"modula-item-content\">\n\n\t\t<a data-image-id=\"5481\" role=\"button\" tabindex=\"0\" rel=\"jtg-5798\" data-caption=\"&lt;span class=&quot;modula-caption-title&quot;&gt;Johannes Gr\u00fctzke, Linke Hand \u00fcber dem Sch\u00e4delknochen, 8.3.2014, \u00d6l auf Leinwand, 60 x 80 cm&lt;\/span&gt;&lt;br&gt;&lt;span class=&quot;modula-caption-description&quot;&gt;&lt;\/span&gt;\" aria-label=\"Open image in lightbox\" data-thumb=\"https:\/\/wp-modula.b-cdn.net\/spai\/q_glossy&amp;ret_img&amp;w_500&amp;h_376\/https:\/\/www.galerie-schwind.de\/wp-content\/uploads\/2021\/12\/Gru\u00a6etzke_08_03_2014-Kopie-500x376.jpg\" class=\"tile-inner modula-item-link\"><\/a><img loading=\"lazy\" decoding=\"async\" class=\"pic wp-image-5481\"  data-valign=\"middle\" data-halign=\"center\" alt=\"\" data-full=\"https:\/\/wp-modula.b-cdn.net\/spai\/q_lossless&amp;ret_img\/https:\/\/www.galerie-schwind.de\/wp-content\/uploads\/2021\/12\/Gru\u00a6etzke_08_03_2014-Kopie.jpg\" title=\"Johannes Gr\u00fctzke, Linke Hand \u00fcber dem Sch\u00e4delknochen, 8.3.2014, \u00d6l auf Leinwand, 60 x 80 cm\" data-caption=\"\" src=\"https:\/\/wp-modula.b-cdn.net\/spai\/q_glossy&amp;ret_img&amp;w_800&amp;h_602\/https:\/\/www.galerie-schwind.de\/wp-content\/uploads\/2021\/12\/Gru\u00a6etzke_08_03_2014-Kopie-800x602.jpg\" data-src=\"https:\/\/wp-modula.b-cdn.net\/spai\/q_glossy&amp;ret_img&amp;w_800&amp;h_602\/https:\/\/www.galerie-schwind.de\/wp-content\/uploads\/2021\/12\/Gru\u00a6etzke_08_03_2014-Kopie-800x602.jpg\" width=\"800\" height=\"602\" srcset=\"https:\/\/wp-modula.b-cdn.net\/spai\/q_glossy&amp;ret_img&amp;w_1000&amp;h_752\/https:\/\/www.galerie-schwind.de\/wp-content\/uploads\/2021\/12\/Gru\u00a6etzke_08_03_2014-Kopie.jpg 1000w, https:\/\/wp-modula.b-cdn.net\/spai\/q_glossy&amp;ret_img&amp;w_800&amp;h_602\/https:\/\/www.galerie-schwind.de\/wp-content\/uploads\/2021\/12\/Gru\u00a6etzke_08_03_2014-Kopie-800x602.jpg 800w, https:\/\/wp-modula.b-cdn.net\/spai\/q_glossy&amp;ret_img&amp;w_500&amp;h_376\/https:\/\/www.galerie-schwind.de\/wp-content\/uploads\/2021\/12\/Gru\u00a6etzke_08_03_2014-Kopie-500x376.jpg 500w, https:\/\/wp-modula.b-cdn.net\/spai\/q_glossy&amp;ret_img&amp;w_768&amp;h_578\/https:\/\/www.galerie-schwind.de\/wp-content\/uploads\/2021\/12\/Gru\u00a6etzke_08_03_2014-Kopie-768x578.jpg 768w\" sizes=\"auto, (max-width: 800px) 100vw, 800px\" \/>\n\t\t<div class=\"figc no-description\">\n\t\t\t<div class=\"figc-inner\">\n\t\t\t\t\t\t\t\t\t<div class='jtg-title'>Johannes Gr\u00fctzke, Linke Hand \u00fcber dem Sch\u00e4delknochen, 8.3.2014, \u00d6l auf Leinwand, 60 x 80 cm<\/div>\n\t\t\t\t\t\t\t\t\t\t\t\t\t\t\t<\/div>\n\t\t<\/div>\n\n\t<\/div>\n\n<\/div><div class=\"modula-item effect-crafty jtg-filter-all jtg-filter-\" data-width=\"4\" data-height=\"3\" >\n\t<div class=\"modula-item-overlay\"><\/div>\n\n\t<div class=\"modula-item-content\">\n\n\t\t<a data-image-id=\"5478\" role=\"button\" tabindex=\"0\" rel=\"jtg-5798\" data-caption=\"&lt;span class=&quot;modula-caption-title&quot;&gt;Johannes Gr\u00fctzke, Brot zwischen zwei Sch\u00e4deln I, 14.3.2013, \u00d6l auf Leinwand, 40 x 60 cm&lt;\/span&gt;&lt;br&gt;&lt;span class=&quot;modula-caption-description&quot;&gt;&lt;\/span&gt;\" aria-label=\"Open image in lightbox\" data-thumb=\"https:\/\/wp-modula.b-cdn.net\/spai\/q_glossy&amp;ret_img&amp;w_500&amp;h_330\/https:\/\/www.galerie-schwind.de\/wp-content\/uploads\/2021\/12\/Brot-zwischen-zwei-Schaedeln-I-14_03_2013-500x330.jpg\" class=\"tile-inner modula-item-link\"><\/a><img loading=\"lazy\" decoding=\"async\" class=\"pic wp-image-5478\"  data-valign=\"middle\" data-halign=\"center\" alt=\"\" data-full=\"https:\/\/wp-modula.b-cdn.net\/spai\/q_lossless&amp;ret_img\/https:\/\/www.galerie-schwind.de\/wp-content\/uploads\/2021\/12\/Brot-zwischen-zwei-Schaedeln-I-14_03_2013.jpg\" title=\"Johannes Gr\u00fctzke, Brot zwischen zwei Sch\u00e4deln I, 14.3.2013, \u00d6l auf Leinwand, 40 x 60 cm\" data-caption=\"\" src=\"https:\/\/wp-modula.b-cdn.net\/spai\/q_glossy&amp;ret_img&amp;w_800&amp;h_528\/https:\/\/www.galerie-schwind.de\/wp-content\/uploads\/2021\/12\/Brot-zwischen-zwei-Schaedeln-I-14_03_2013-800x528.jpg\" data-src=\"https:\/\/wp-modula.b-cdn.net\/spai\/q_glossy&amp;ret_img&amp;w_800&amp;h_528\/https:\/\/www.galerie-schwind.de\/wp-content\/uploads\/2021\/12\/Brot-zwischen-zwei-Schaedeln-I-14_03_2013-800x528.jpg\" width=\"800\" height=\"528\" srcset=\"https:\/\/wp-modula.b-cdn.net\/spai\/q_glossy&amp;ret_img&amp;w_916&amp;h_604\/https:\/\/www.galerie-schwind.de\/wp-content\/uploads\/2021\/12\/Brot-zwischen-zwei-Schaedeln-I-14_03_2013.jpg 916w, https:\/\/wp-modula.b-cdn.net\/spai\/q_glossy&amp;ret_img&amp;w_800&amp;h_528\/https:\/\/www.galerie-schwind.de\/wp-content\/uploads\/2021\/12\/Brot-zwischen-zwei-Schaedeln-I-14_03_2013-800x528.jpg 800w, https:\/\/wp-modula.b-cdn.net\/spai\/q_glossy&amp;ret_img&amp;w_500&amp;h_330\/https:\/\/www.galerie-schwind.de\/wp-content\/uploads\/2021\/12\/Brot-zwischen-zwei-Schaedeln-I-14_03_2013-500x330.jpg 500w, https:\/\/wp-modula.b-cdn.net\/spai\/q_glossy&amp;ret_img&amp;w_768&amp;h_506\/https:\/\/www.galerie-schwind.de\/wp-content\/uploads\/2021\/12\/Brot-zwischen-zwei-Schaedeln-I-14_03_2013-768x506.jpg 768w\" sizes=\"auto, (max-width: 800px) 100vw, 800px\" \/>\n\t\t<div class=\"figc no-description\">\n\t\t\t<div class=\"figc-inner\">\n\t\t\t\t\t\t\t\t\t<div class='jtg-title'>Johannes Gr\u00fctzke, Brot zwischen zwei Sch\u00e4deln I, 14.3.2013, \u00d6l auf Leinwand, 40 x 60 cm<\/div>\n\t\t\t\t\t\t\t\t\t\t\t\t\t\t\t<\/div>\n\t\t<\/div>\n\n\t<\/div>\n\n<\/div><div class=\"modula-item effect-crafty jtg-filter-all jtg-filter-\" data-width=\"4\" data-height=\"3\" >\n\t<div class=\"modula-item-overlay\"><\/div>\n\n\t<div class=\"modula-item-content\">\n\n\t\t<a data-image-id=\"5488\" role=\"button\" tabindex=\"0\" rel=\"jtg-5798\" data-caption=\"&lt;span class=&quot;modula-caption-title&quot;&gt;Johannes Gr\u00fctzke, Kloto mit Atropos, 26.11.2014, \u00d6l auf Leinwand, 40 x 50 cm&lt;\/span&gt;&lt;br&gt;&lt;span class=&quot;modula-caption-description&quot;&gt;&lt;\/span&gt;\" aria-label=\"Open image in lightbox\" data-thumb=\"https:\/\/wp-modula.b-cdn.net\/spai\/q_glossy&amp;ret_img&amp;w_500&amp;h_400\/https:\/\/www.galerie-schwind.de\/wp-content\/uploads\/2021\/12\/Gru\u00a6etzke_26_11_2014-Kopie-500x400.jpg\" class=\"tile-inner modula-item-link\"><\/a><img loading=\"lazy\" decoding=\"async\" class=\"pic wp-image-5488\"  data-valign=\"middle\" data-halign=\"center\" alt=\"\" data-full=\"https:\/\/wp-modula.b-cdn.net\/spai\/q_lossless&amp;ret_img\/https:\/\/www.galerie-schwind.de\/wp-content\/uploads\/2021\/12\/Gru\u00a6etzke_26_11_2014-Kopie.jpg\" title=\"Johannes Gr\u00fctzke, Kloto mit Atropos, 26.11.2014, \u00d6l auf Leinwand, 40 x 50 cm\" data-caption=\"\" src=\"https:\/\/wp-modula.b-cdn.net\/spai\/q_glossy&amp;ret_img&amp;w_800&amp;h_639\/https:\/\/www.galerie-schwind.de\/wp-content\/uploads\/2021\/12\/Gru\u00a6etzke_26_11_2014-Kopie-800x639.jpg\" data-src=\"https:\/\/wp-modula.b-cdn.net\/spai\/q_glossy&amp;ret_img&amp;w_800&amp;h_639\/https:\/\/www.galerie-schwind.de\/wp-content\/uploads\/2021\/12\/Gru\u00a6etzke_26_11_2014-Kopie-800x639.jpg\" width=\"800\" height=\"639\" srcset=\"https:\/\/wp-modula.b-cdn.net\/spai\/q_glossy&amp;ret_img&amp;w_1000&amp;h_799\/https:\/\/www.galerie-schwind.de\/wp-content\/uploads\/2021\/12\/Gru\u00a6etzke_26_11_2014-Kopie.jpg 1000w, https:\/\/wp-modula.b-cdn.net\/spai\/q_glossy&amp;ret_img&amp;w_800&amp;h_639\/https:\/\/www.galerie-schwind.de\/wp-content\/uploads\/2021\/12\/Gru\u00a6etzke_26_11_2014-Kopie-800x639.jpg 800w, https:\/\/wp-modula.b-cdn.net\/spai\/q_glossy&amp;ret_img&amp;w_500&amp;h_400\/https:\/\/www.galerie-schwind.de\/wp-content\/uploads\/2021\/12\/Gru\u00a6etzke_26_11_2014-Kopie-500x400.jpg 500w, https:\/\/wp-modula.b-cdn.net\/spai\/q_glossy&amp;ret_img&amp;w_768&amp;h_614\/https:\/\/www.galerie-schwind.de\/wp-content\/uploads\/2021\/12\/Gru\u00a6etzke_26_11_2014-Kopie-768x614.jpg 768w\" sizes=\"auto, (max-width: 800px) 100vw, 800px\" \/>\n\t\t<div class=\"figc no-description\">\n\t\t\t<div class=\"figc-inner\">\n\t\t\t\t\t\t\t\t\t<div class='jtg-title'>Johannes Gr\u00fctzke, Kloto mit Atropos, 26.11.2014, \u00d6l auf Leinwand, 40 x 50 cm<\/div>\n\t\t\t\t\t\t\t\t\t\t\t\t\t\t\t<\/div>\n\t\t<\/div>\n\n\t<\/div>\n\n<\/div><div class=\"modula-item effect-crafty jtg-filter-all jtg-filter-\" data-width=\"4\" data-height=\"3\" >\n\t<div class=\"modula-item-overlay\"><\/div>\n\n\t<div class=\"modula-item-content\">\n\n\t\t<a data-image-id=\"5482\" role=\"button\" tabindex=\"0\" rel=\"jtg-5798\" data-caption=\"&lt;span class=&quot;modula-caption-title&quot;&gt;Johannes Gr\u00fctzke, Aufsteigende nackte Figur \u00fcber baumloser Landschaft, 8.9.2014, \u00d6l auf Leinwand, 30 x 40 cm&lt;\/span&gt;&lt;br&gt;&lt;span class=&quot;modula-caption-description&quot;&gt;&lt;\/span&gt;\" aria-label=\"Open image in lightbox\" data-thumb=\"https:\/\/wp-modula.b-cdn.net\/spai\/q_glossy&amp;ret_img&amp;w_500&amp;h_375\/https:\/\/www.galerie-schwind.de\/wp-content\/uploads\/2021\/12\/Gru\u00a6etzke_08_09_2014-Kopie-500x375.jpg\" class=\"tile-inner modula-item-link\"><\/a><img loading=\"lazy\" decoding=\"async\" class=\"pic wp-image-5482\"  data-valign=\"middle\" data-halign=\"center\" alt=\"\" data-full=\"https:\/\/wp-modula.b-cdn.net\/spai\/q_lossless&amp;ret_img\/https:\/\/www.galerie-schwind.de\/wp-content\/uploads\/2021\/12\/Gru\u00a6etzke_08_09_2014-Kopie.jpg\" title=\"Johannes Gr\u00fctzke, Aufsteigende nackte Figur \u00fcber baumloser Landschaft, 8.9.2014, \u00d6l auf Leinwand, 30 x 40 cm\" data-caption=\"\" src=\"https:\/\/wp-modula.b-cdn.net\/spai\/q_glossy&amp;ret_img&amp;w_800&amp;h_600\/https:\/\/www.galerie-schwind.de\/wp-content\/uploads\/2021\/12\/Gru\u00a6etzke_08_09_2014-Kopie-800x600.jpg\" data-src=\"https:\/\/wp-modula.b-cdn.net\/spai\/q_glossy&amp;ret_img&amp;w_800&amp;h_600\/https:\/\/www.galerie-schwind.de\/wp-content\/uploads\/2021\/12\/Gru\u00a6etzke_08_09_2014-Kopie-800x600.jpg\" width=\"800\" height=\"600\" srcset=\"https:\/\/wp-modula.b-cdn.net\/spai\/q_glossy&amp;ret_img&amp;w_1000&amp;h_750\/https:\/\/www.galerie-schwind.de\/wp-content\/uploads\/2021\/12\/Gru\u00a6etzke_08_09_2014-Kopie.jpg 1000w, https:\/\/wp-modula.b-cdn.net\/spai\/q_glossy&amp;ret_img&amp;w_800&amp;h_600\/https:\/\/www.galerie-schwind.de\/wp-content\/uploads\/2021\/12\/Gru\u00a6etzke_08_09_2014-Kopie-800x600.jpg 800w, https:\/\/wp-modula.b-cdn.net\/spai\/q_glossy&amp;ret_img&amp;w_500&amp;h_375\/https:\/\/www.galerie-schwind.de\/wp-content\/uploads\/2021\/12\/Gru\u00a6etzke_08_09_2014-Kopie-500x375.jpg 500w, https:\/\/wp-modula.b-cdn.net\/spai\/q_glossy&amp;ret_img&amp;w_768&amp;h_576\/https:\/\/www.galerie-schwind.de\/wp-content\/uploads\/2021\/12\/Gru\u00a6etzke_08_09_2014-Kopie-768x576.jpg 768w\" sizes=\"auto, (max-width: 800px) 100vw, 800px\" \/>\n\t\t<div class=\"figc no-description\">\n\t\t\t<div class=\"figc-inner\">\n\t\t\t\t\t\t\t\t\t<div class='jtg-title'>Johannes Gr\u00fctzke, Aufsteigende nackte Figur \u00fcber baumloser Landschaft, 8.9.2014, \u00d6l auf Leinwand, 30 x 40 cm<\/div>\n\t\t\t\t\t\t\t\t\t\t\t\t\t\t\t<\/div>\n\t\t<\/div>\n\n\t<\/div>\n\n<\/div><div class=\"modula-item effect-crafty jtg-filter-all jtg-filter-\" data-width=\"4\" data-height=\"5\" >\n\t<div class=\"modula-item-overlay\"><\/div>\n\n\t<div class=\"modula-item-content\">\n\n\t\t<a data-image-id=\"5485\" role=\"button\" tabindex=\"0\" rel=\"jtg-5798\" data-caption=\"&lt;span class=&quot;modula-caption-title&quot;&gt;Johannes Gr\u00fctzke, Stillleben mit h\u00e4ngendem Fuchsbalg und Totenkopf, 22.8.2014, \u00d6l auf Leinwand, 30 x 24 cm&lt;\/span&gt;&lt;br&gt;&lt;span class=&quot;modula-caption-description&quot;&gt;&lt;\/span&gt;\" aria-label=\"Open image in lightbox\" data-thumb=\"https:\/\/wp-modula.b-cdn.net\/spai\/q_glossy&amp;ret_img&amp;w_396&amp;h_500\/https:\/\/www.galerie-schwind.de\/wp-content\/uploads\/2021\/12\/Gru\u00a6etzke_22_08_2014-Kopie-396x500.jpg\" class=\"tile-inner modula-item-link\"><\/a><img loading=\"lazy\" decoding=\"async\" class=\"pic wp-image-5485\"  data-valign=\"middle\" data-halign=\"center\" alt=\"\" data-full=\"https:\/\/wp-modula.b-cdn.net\/spai\/q_lossless&amp;ret_img\/https:\/\/www.galerie-schwind.de\/wp-content\/uploads\/2021\/12\/Gru\u00a6etzke_22_08_2014-Kopie.jpg\" title=\"Johannes Gr\u00fctzke, Stillleben mit h\u00e4ngendem Fuchsbalg und Totenkopf, 22.8.2014, \u00d6l auf Leinwand, 30 x 24 cm\" data-caption=\"\" src=\"https:\/\/wp-modula.b-cdn.net\/spai\/q_glossy&amp;ret_img&amp;w_633&amp;h_800\/https:\/\/www.galerie-schwind.de\/wp-content\/uploads\/2021\/12\/Gru\u00a6etzke_22_08_2014-Kopie-633x800.jpg\" data-src=\"https:\/\/wp-modula.b-cdn.net\/spai\/q_glossy&amp;ret_img&amp;w_633&amp;h_800\/https:\/\/www.galerie-schwind.de\/wp-content\/uploads\/2021\/12\/Gru\u00a6etzke_22_08_2014-Kopie-633x800.jpg\" width=\"633\" height=\"800\" srcset=\"https:\/\/wp-modula.b-cdn.net\/spai\/q_glossy&amp;ret_img&amp;w_791&amp;h_1000\/https:\/\/www.galerie-schwind.de\/wp-content\/uploads\/2021\/12\/Gru\u00a6etzke_22_08_2014-Kopie.jpg 791w, https:\/\/wp-modula.b-cdn.net\/spai\/q_glossy&amp;ret_img&amp;w_633&amp;h_800\/https:\/\/www.galerie-schwind.de\/wp-content\/uploads\/2021\/12\/Gru\u00a6etzke_22_08_2014-Kopie-633x800.jpg 633w, https:\/\/wp-modula.b-cdn.net\/spai\/q_glossy&amp;ret_img&amp;w_396&amp;h_500\/https:\/\/www.galerie-schwind.de\/wp-content\/uploads\/2021\/12\/Gru\u00a6etzke_22_08_2014-Kopie-396x500.jpg 396w, https:\/\/wp-modula.b-cdn.net\/spai\/q_glossy&amp;ret_img&amp;w_768&amp;h_971\/https:\/\/www.galerie-schwind.de\/wp-content\/uploads\/2021\/12\/Gru\u00a6etzke_22_08_2014-Kopie-768x971.jpg 768w\" sizes=\"auto, (max-width: 633px) 100vw, 633px\" \/>\n\t\t<div class=\"figc no-description\">\n\t\t\t<div class=\"figc-inner\">\n\t\t\t\t\t\t\t\t\t<div class='jtg-title'>Johannes Gr\u00fctzke, Stillleben mit h\u00e4ngendem Fuchsbalg und Totenkopf, 22.8.2014, \u00d6l auf Leinwand, 30 x 24 cm<\/div>\n\t\t\t\t\t\t\t\t\t\t\t\t\t\t\t<\/div>\n\t\t<\/div>\n\n\t<\/div>\n\n<\/div><div class=\"modula-item effect-crafty jtg-filter-all jtg-filter-\" data-width=\"4\" data-height=\"5\" >\n\t<div class=\"modula-item-overlay\"><\/div>\n\n\t<div class=\"modula-item-content\">\n\n\t\t<a data-image-id=\"5484\" role=\"button\" tabindex=\"0\" rel=\"jtg-5798\" data-caption=\"&lt;span class=&quot;modula-caption-title&quot;&gt;Johannes Gr\u00fctzke, Brandenburgische Landschaft, 18.9.2012, \u00d6l auf Leinwand, 50 x 40 cm&lt;\/span&gt;&lt;br&gt;&lt;span class=&quot;modula-caption-description&quot;&gt;&lt;\/span&gt;\" aria-label=\"Open image in lightbox\" data-thumb=\"https:\/\/wp-modula.b-cdn.net\/spai\/q_glossy&amp;ret_img&amp;w_398&amp;h_500\/https:\/\/www.galerie-schwind.de\/wp-content\/uploads\/2021\/12\/Gru\u00a6etzke_18_09_2012-Kopie-398x500.jpg\" class=\"tile-inner modula-item-link\"><\/a><img loading=\"lazy\" decoding=\"async\" class=\"pic wp-image-5484\"  data-valign=\"middle\" data-halign=\"center\" alt=\"\" data-full=\"https:\/\/wp-modula.b-cdn.net\/spai\/q_lossless&amp;ret_img\/https:\/\/www.galerie-schwind.de\/wp-content\/uploads\/2021\/12\/Gru\u00a6etzke_18_09_2012-Kopie.jpg\" title=\"Johannes Gr\u00fctzke, Brandenburgische Landschaft, 18.9.2012, \u00d6l auf Leinwand, 50 x 40 cm\" data-caption=\"\" src=\"https:\/\/wp-modula.b-cdn.net\/spai\/q_glossy&amp;ret_img&amp;w_637&amp;h_800\/https:\/\/www.galerie-schwind.de\/wp-content\/uploads\/2021\/12\/Gru\u00a6etzke_18_09_2012-Kopie-637x800.jpg\" data-src=\"https:\/\/wp-modula.b-cdn.net\/spai\/q_glossy&amp;ret_img&amp;w_637&amp;h_800\/https:\/\/www.galerie-schwind.de\/wp-content\/uploads\/2021\/12\/Gru\u00a6etzke_18_09_2012-Kopie-637x800.jpg\" width=\"637\" height=\"800\" srcset=\"https:\/\/wp-modula.b-cdn.net\/spai\/q_glossy&amp;ret_img&amp;w_796&amp;h_1000\/https:\/\/www.galerie-schwind.de\/wp-content\/uploads\/2021\/12\/Gru\u00a6etzke_18_09_2012-Kopie.jpg 796w, https:\/\/wp-modula.b-cdn.net\/spai\/q_glossy&amp;ret_img&amp;w_637&amp;h_800\/https:\/\/www.galerie-schwind.de\/wp-content\/uploads\/2021\/12\/Gru\u00a6etzke_18_09_2012-Kopie-637x800.jpg 637w, https:\/\/wp-modula.b-cdn.net\/spai\/q_glossy&amp;ret_img&amp;w_398&amp;h_500\/https:\/\/www.galerie-schwind.de\/wp-content\/uploads\/2021\/12\/Gru\u00a6etzke_18_09_2012-Kopie-398x500.jpg 398w, https:\/\/wp-modula.b-cdn.net\/spai\/q_glossy&amp;ret_img&amp;w_768&amp;h_965\/https:\/\/www.galerie-schwind.de\/wp-content\/uploads\/2021\/12\/Gru\u00a6etzke_18_09_2012-Kopie-768x965.jpg 768w\" sizes=\"auto, (max-width: 637px) 100vw, 637px\" \/>\n\t\t<div class=\"figc no-description\">\n\t\t\t<div class=\"figc-inner\">\n\t\t\t\t\t\t\t\t\t<div class='jtg-title'>Johannes Gr\u00fctzke, Brandenburgische Landschaft, 18.9.2012, \u00d6l auf Leinwand, 50 x 40 cm<\/div>\n\t\t\t\t\t\t\t\t\t\t\t\t\t\t\t<\/div>\n\t\t<\/div>\n\n\t<\/div>\n\n<\/div><div class=\"modula-item effect-crafty jtg-filter-all jtg-filter-\" data-width=\"4\" data-height=\"5\" >\n\t<div class=\"modula-item-overlay\"><\/div>\n\n\t<div class=\"modula-item-content\">\n\n\t\t<a data-image-id=\"5480\" role=\"button\" tabindex=\"0\" rel=\"jtg-5798\" data-caption=\"&lt;span class=&quot;modula-caption-title&quot;&gt;Johannes Gr\u00fctzke, Der nackte Mann am W\u00e4schest\u00fcck \u00fcber der Stuhllehne, 6.2.2014, \u00d6l auf Leinwand, 120 x 100 cm&lt;\/span&gt;&lt;br&gt;&lt;span class=&quot;modula-caption-description&quot;&gt;&lt;\/span&gt;\" aria-label=\"Open image in lightbox\" data-thumb=\"https:\/\/wp-modula.b-cdn.net\/spai\/q_glossy&amp;ret_img&amp;w_414&amp;h_500\/https:\/\/www.galerie-schwind.de\/wp-content\/uploads\/2021\/12\/Gru\u00a6etzke-06_02_2014-Kopie-414x500.jpg\" class=\"tile-inner modula-item-link\"><\/a><img loading=\"lazy\" decoding=\"async\" class=\"pic wp-image-5480\"  data-valign=\"middle\" data-halign=\"center\" alt=\"\" data-full=\"https:\/\/wp-modula.b-cdn.net\/spai\/q_lossless&amp;ret_img\/https:\/\/www.galerie-schwind.de\/wp-content\/uploads\/2021\/12\/Gru\u00a6etzke-06_02_2014-Kopie.jpg\" title=\"Johannes Gr\u00fctzke, Der nackte Mann am W\u00e4schest\u00fcck \u00fcber der Stuhllehne, 6.2.2014, \u00d6l auf Leinwand, 120 x 100 cm\" data-caption=\"\" src=\"https:\/\/wp-modula.b-cdn.net\/spai\/q_glossy&amp;ret_img&amp;w_662&amp;h_800\/https:\/\/www.galerie-schwind.de\/wp-content\/uploads\/2021\/12\/Gru\u00a6etzke-06_02_2014-Kopie-662x800.jpg\" data-src=\"https:\/\/wp-modula.b-cdn.net\/spai\/q_glossy&amp;ret_img&amp;w_662&amp;h_800\/https:\/\/www.galerie-schwind.de\/wp-content\/uploads\/2021\/12\/Gru\u00a6etzke-06_02_2014-Kopie-662x800.jpg\" width=\"662\" height=\"800\" srcset=\"https:\/\/wp-modula.b-cdn.net\/spai\/q_glossy&amp;ret_img&amp;w_828&amp;h_1000\/https:\/\/www.galerie-schwind.de\/wp-content\/uploads\/2021\/12\/Gru\u00a6etzke-06_02_2014-Kopie.jpg 828w, https:\/\/wp-modula.b-cdn.net\/spai\/q_glossy&amp;ret_img&amp;w_662&amp;h_800\/https:\/\/www.galerie-schwind.de\/wp-content\/uploads\/2021\/12\/Gru\u00a6etzke-06_02_2014-Kopie-662x800.jpg 662w, https:\/\/wp-modula.b-cdn.net\/spai\/q_glossy&amp;ret_img&amp;w_414&amp;h_500\/https:\/\/www.galerie-schwind.de\/wp-content\/uploads\/2021\/12\/Gru\u00a6etzke-06_02_2014-Kopie-414x500.jpg 414w, https:\/\/wp-modula.b-cdn.net\/spai\/q_glossy&amp;ret_img&amp;w_768&amp;h_928\/https:\/\/www.galerie-schwind.de\/wp-content\/uploads\/2021\/12\/Gru\u00a6etzke-06_02_2014-Kopie-768x928.jpg 768w\" sizes=\"auto, (max-width: 662px) 100vw, 662px\" \/>\n\t\t<div class=\"figc no-description\">\n\t\t\t<div class=\"figc-inner\">\n\t\t\t\t\t\t\t\t\t<div class='jtg-title'>Johannes Gr\u00fctzke, Der nackte Mann am W\u00e4schest\u00fcck \u00fcber der Stuhllehne, 6.2.2014, \u00d6l auf Leinwand, 120 x 100 cm<\/div>\n\t\t\t\t\t\t\t\t\t\t\t\t\t\t\t<\/div>\n\t\t<\/div>\n\n\t<\/div>\n\n<\/div>\t\t\n\t<\/div>\n\n\t\n\t\n\t<script type=\"application\/ld+json\">\n\t{\n\t\t\"@context\": \"http:\/\/schema.org\",\n\t\t\"@type\"   : \"ImageGallery\",\n\t\t\"id\"      : \"https:\/\/www.galerie-schwind.de\/en\/kuenstler\/johannes-gruetzke\/\",\n\t\t\"url\"     : \"https:\/\/www.galerie-schwind.de\/en\/kuenstler\/johannes-gruetzke\/\"\n\t}\n\n\t<\/script>\n\n\t\n<\/div>\n\n\n\n\n<p><\/p>\n<\/div><\/section>\n\n<section id=\"zeichnungen\" class=\"wp-block-group\"><div class=\"wp-block-group__inner-container is-layout-flow wp-block-group-is-layout-flow\">\n<h3 class=\"wp-block-heading\" id=\"papierarbeiten\">Works on paper<\/h3>\n\n\n<div  id=\"jtg-5799\" class=\"modula modula-gallery modula-custom-grid\" data-config=\"{&quot;height&quot;:800,&quot;tabletHeight&quot;:800,&quot;mobileHeight&quot;:800,&quot;desktopHeight&quot;:800,&quot;enableTwitter&quot;:false,&quot;enableWhatsapp&quot;:false,&quot;enableFacebook&quot;:false,&quot;enablePinterest&quot;:false,&quot;enableLinkedin&quot;:false,&quot;enableEmail&quot;:false,&quot;randomFactor&quot;:0.5,&quot;type&quot;:&quot;custom-grid&quot;,&quot;columns&quot;:12,&quot;gutter&quot;:30,&quot;mobileGutter&quot;:10,&quot;tabletGutter&quot;:15,&quot;desktopGutter&quot;:30,&quot;enableResponsive&quot;:&quot;0&quot;,&quot;tabletColumns&quot;:2,&quot;mobileColumns&quot;:1,&quot;lazyLoad&quot;:0,&quot;lightboxOpts&quot;:{&quot;animated&quot;:true,&quot;Thumbs&quot;:{&quot;type&quot;:&quot;modern&quot;,&quot;showOnStart&quot;:false},&quot;Toolbar&quot;:{&quot;display&quot;:{&quot;right&quot;:[&quot;close&quot;],&quot;left&quot;:[&quot;infobar&quot;]},&quot;enabled&quot;:true},&quot;Carousel&quot;:{&quot;Panzoom&quot;:{&quot;touch&quot;:false},&quot;infinite&quot;:false,&quot;transition&quot;:&quot;fade&quot;},&quot;keyboard&quot;:{&quot;Escape&quot;:&quot;close&quot;,&quot;Delete&quot;:&quot;close&quot;,&quot;Backspace&quot;:&quot;close&quot;,&quot;PageUp&quot;:&quot;next&quot;,&quot;PageDown&quot;:&quot;prev&quot;,&quot;ArrowUp&quot;:&quot;prev&quot;,&quot;ArrowDown&quot;:&quot;next&quot;,&quot;ArrowRight&quot;:&quot;next&quot;,&quot;ArrowLeft&quot;:&quot;prev&quot;},&quot;touch&quot;:false,&quot;backdropClick&quot;:false,&quot;l10n&quot;:{&quot;CLOSE&quot;:&quot;Close&quot;,&quot;NEXT&quot;:&quot;Next&quot;,&quot;PREV&quot;:&quot;Previous&quot;,&quot;Error&quot;:&quot;The requested content cannot be loaded. Please try again later.&quot;,&quot;PLAY_START&quot;:&quot;Start slideshow&quot;,&quot;PLAY_STOP&quot;:&quot;Pause slideshow&quot;,&quot;FULL_SCREEN&quot;:&quot;Full screen&quot;,&quot;THUMBS&quot;:&quot;Thumbnails&quot;,&quot;DOWNLOAD&quot;:&quot;Download&quot;,&quot;SHARE&quot;:&quot;Share&quot;,&quot;ZOOM&quot;:&quot;Zoom&quot;,&quot;EMAIL&quot;:&quot;Here is the link to the image : %%image_link%% and this is the link to the gallery : %%gallery_link%%&quot;,&quot;MODAL&quot;:&quot;You can close this modal content with the ESC key&quot;,&quot;ERROR&quot;:&quot;Something Went Wrong, Please Try Again Later&quot;,&quot;IMAGE_ERROR&quot;:&quot;Image Not Found&quot;,&quot;ELEMENT_NOT_FOUND&quot;:&quot;HTML Element Not Found&quot;,&quot;AJAX_NOT_FOUND&quot;:&quot;Error Loading AJAX : Not Found&quot;,&quot;AJAX_FORBIDDEN&quot;:&quot;Error Loading AJAX : Forbidden&quot;,&quot;IFRAME_ERROR&quot;:&quot;Error Loading Page&quot;,&quot;TOGGLE_ZOOM&quot;:&quot;Toggle zoom level&quot;,&quot;TOGGLE_THUMBS&quot;:&quot;Toggle thumbnails&quot;,&quot;TOGGLE_SLIDESHOW&quot;:&quot;Toggle slideshow&quot;,&quot;TOGGLE_FULLSCREEN&quot;:&quot;Toggle full-screen mode&quot;},&quot;Images&quot;:{&quot;Panzoom&quot;:{&quot;maxScale&quot;:2}},&quot;toolbar&quot;:true,&quot;wheel&quot;:false,&quot;animationEffect&quot;:&quot;false&quot;,&quot;animationDuration&quot;:366,&quot;transitionEffect&quot;:&quot;false&quot;,&quot;mainClass&quot;:&quot;modula-fancybox-container modula-lightbox-jtg-5799&quot;,&quot;Html&quot;:{&quot;videoAutoplay&quot;:0,&quot;videoTpl&quot;:&quot;&lt;video class=\\&quot;fancybox__html5video\\&quot; controls muted playsinline controlsList controlsList=\\&quot;nodownload\\&quot; poster=\\&quot;{{poster}}\\&quot; src=\\&quot;{{src}}\\&quot; type=\\&quot;{{format}}\\&quot; &gt;  Sorry, your browser doesn&#039;t support embedded videos, &lt;a href=\\&quot;{{src}}\\&quot;&gt; download &lt;\\\/a&gt; and watch with your favorite video player! &lt;\\\/video&gt;&quot;}},&quot;inView&quot;:false,&quot;email_subject&quot;:&quot;Check out this awesome image !!&quot;,&quot;email_message&quot;:&quot;Here is the link to the image : %%image_link%% and this is the link to the gallery : %%gallery_link%%&quot;,&quot;lightbox&quot;:&quot;fancybox&quot;,&quot;filterClick&quot;:&quot;0&quot;,&quot;dropdownFilters&quot;:&quot;0&quot;,&quot;defaultActiveFilter&quot;:&quot;all&quot;,&quot;initLightbox&quot;:&quot;modula_pro_init_lightbox&quot;,&quot;haveFilters&quot;:0,&quot;lightbox_devices&quot;:&quot;both&quot;,&quot;options&quot;:{&quot;lightbox&quot;:&quot;fancybox&quot;},&quot;enableSlideshow&quot;:&quot;0&quot;,&quot;enableAutoplay&quot;:&quot;0&quot;,&quot;slideshowSpeed&quot;:5000,&quot;pauseOnHover&quot;:&quot;0&quot;}\">\n\n\t\n\t<div  class=\"modula-items\">\n\t\t<div class=\"modula-item effect-crafty jtg-filter-all jtg-filter-\" data-width=\"3\" data-height=\"5\" >\n\t<div class=\"modula-item-overlay\"><\/div>\n\n\t<div class=\"modula-item-content\">\n\n\t\t<a data-image-id=\"5534\" role=\"button\" tabindex=\"0\" rel=\"jtg-5799\" data-caption=\"&lt;span class=&quot;modula-caption-title&quot;&gt;Johannes Gr\u00fctzke, Liegende mit aufgestellten Knien und Hand an der Stirn, 26.10.2010, 2010, Pastell auf Papier, 99,7 x 61 cm&lt;\/span&gt;&lt;br&gt;&lt;span class=&quot;modula-caption-description&quot;&gt;&lt;\/span&gt;\" aria-label=\"Open image in lightbox\" data-thumb=\"https:\/\/wp-modula.b-cdn.net\/spai\/q_glossy&amp;ret_img&amp;w_311&amp;h_500\/https:\/\/www.galerie-schwind.de\/wp-content\/uploads\/2021\/12\/Liegende-mit-aufgestellten-Knien-und-Hand-an-der-Stirn-26.10.2010-Pastell-auf-Papier-997-x-61-cm-311x500.jpg\" class=\"tile-inner modula-item-link\"><\/a><img loading=\"lazy\" decoding=\"async\" class=\"pic wp-image-5534\"  data-valign=\"middle\" data-halign=\"center\" alt=\"\" data-full=\"https:\/\/wp-modula.b-cdn.net\/spai\/q_lossless&amp;ret_img\/https:\/\/www.galerie-schwind.de\/wp-content\/uploads\/2021\/12\/Liegende-mit-aufgestellten-Knien-und-Hand-an-der-Stirn-26.10.2010-Pastell-auf-Papier-997-x-61-cm.jpg\" title=\"Johannes Gr\u00fctzke, Liegende mit aufgestellten Knien und Hand an der Stirn, 26.10.2010, 2010, Pastell auf Papier, 99,7 x 61 cm\" width=\"497\" height=\"800\" src=\"https:\/\/wp-modula.b-cdn.net\/spai\/q_glossy&amp;ret_img&amp;w_497&amp;h_800\/https:\/\/www.galerie-schwind.de\/wp-content\/uploads\/2021\/12\/Liegende-mit-aufgestellten-Knien-und-Hand-an-der-Stirn-26.10.2010-Pastell-auf-Papier-997-x-61-cm-497x800.jpg\" data-src=\"https:\/\/wp-modula.b-cdn.net\/spai\/q_glossy&amp;ret_img&amp;w_497&amp;h_800\/https:\/\/www.galerie-schwind.de\/wp-content\/uploads\/2021\/12\/Liegende-mit-aufgestellten-Knien-und-Hand-an-der-Stirn-26.10.2010-Pastell-auf-Papier-997-x-61-cm-497x800.jpg\" data-caption=\"\" srcset=\"https:\/\/wp-modula.b-cdn.net\/spai\/q_glossy&amp;ret_img&amp;w_808&amp;h_1300\/https:\/\/www.galerie-schwind.de\/wp-content\/uploads\/2021\/12\/Liegende-mit-aufgestellten-Knien-und-Hand-an-der-Stirn-26.10.2010-Pastell-auf-Papier-997-x-61-cm.jpg 808w, https:\/\/wp-modula.b-cdn.net\/spai\/q_glossy&amp;ret_img&amp;w_497&amp;h_800\/https:\/\/www.galerie-schwind.de\/wp-content\/uploads\/2021\/12\/Liegende-mit-aufgestellten-Knien-und-Hand-an-der-Stirn-26.10.2010-Pastell-auf-Papier-997-x-61-cm-497x800.jpg 497w, https:\/\/wp-modula.b-cdn.net\/spai\/q_glossy&amp;ret_img&amp;w_796&amp;h_1280\/https:\/\/www.galerie-schwind.de\/wp-content\/uploads\/2021\/12\/Liegende-mit-aufgestellten-Knien-und-Hand-an-der-Stirn-26.10.2010-Pastell-auf-Papier-997-x-61-cm-796x1280.jpg 796w, https:\/\/wp-modula.b-cdn.net\/spai\/q_glossy&amp;ret_img&amp;w_311&amp;h_500\/https:\/\/www.galerie-schwind.de\/wp-content\/uploads\/2021\/12\/Liegende-mit-aufgestellten-Knien-und-Hand-an-der-Stirn-26.10.2010-Pastell-auf-Papier-997-x-61-cm-311x500.jpg 311w, https:\/\/wp-modula.b-cdn.net\/spai\/q_glossy&amp;ret_img&amp;w_768&amp;h_1236\/https:\/\/www.galerie-schwind.de\/wp-content\/uploads\/2021\/12\/Liegende-mit-aufgestellten-Knien-und-Hand-an-der-Stirn-26.10.2010-Pastell-auf-Papier-997-x-61-cm-768x1236.jpg 768w\" sizes=\"auto, (max-width: 497px) 100vw, 497px\" \/>\n\t\t<div class=\"figc no-description\">\n\t\t\t<div class=\"figc-inner\">\n\t\t\t\t\t\t\t\t\t<div class='jtg-title'>Johannes Gr\u00fctzke, Liegende mit aufgestellten Knien und Hand an der Stirn, 26.10.2010, 2010, Pastell auf Papier, 99,7 x 61 cm<\/div>\n\t\t\t\t\t\t\t\t\t\t\t\t\t\t\t<\/div>\n\t\t<\/div>\n\n\t<\/div>\n\n<\/div><div class=\"modula-item effect-crafty jtg-filter-all jtg-filter-\" data-width=\"4\" data-height=\"5\" >\n\t<div class=\"modula-item-overlay\"><\/div>\n\n\t<div class=\"modula-item-content\">\n\n\t\t<a data-image-id=\"5535\" role=\"button\" tabindex=\"0\" rel=\"jtg-5799\" data-caption=\"&lt;span class=&quot;modula-caption-title&quot;&gt;Johannes Gr\u00fctzke, o.T. (Akt, seitlich), 31.3.2011, Pastell auf Papier, 100 x 81,5 cm&lt;\/span&gt;&lt;br&gt;&lt;span class=&quot;modula-caption-description&quot;&gt;&lt;\/span&gt;\" aria-label=\"Open image in lightbox\" data-thumb=\"https:\/\/wp-modula.b-cdn.net\/spai\/q_glossy&amp;ret_img&amp;w_407&amp;h_500\/https:\/\/www.galerie-schwind.de\/wp-content\/uploads\/2021\/12\/o.T.-Akt-seitlich-31.3.2011-Pastell-auf-Papier-100-x-815-cm-407x500.jpg\" class=\"tile-inner modula-item-link\"><\/a><img loading=\"lazy\" decoding=\"async\" class=\"pic wp-image-5535\"  data-valign=\"middle\" data-halign=\"center\" alt=\"\" data-full=\"https:\/\/wp-modula.b-cdn.net\/spai\/q_lossless&amp;ret_img\/https:\/\/www.galerie-schwind.de\/wp-content\/uploads\/2021\/12\/o.T.-Akt-seitlich-31.3.2011-Pastell-auf-Papier-100-x-815-cm.jpg\" title=\"Johannes Gr\u00fctzke, o.T. (Akt, seitlich), 31.3.2011, Pastell auf Papier, 100 x 81,5 cm\" width=\"651\" height=\"800\" src=\"https:\/\/wp-modula.b-cdn.net\/spai\/q_glossy&amp;ret_img&amp;w_651&amp;h_800\/https:\/\/www.galerie-schwind.de\/wp-content\/uploads\/2021\/12\/o.T.-Akt-seitlich-31.3.2011-Pastell-auf-Papier-100-x-815-cm-651x800.jpg\" data-src=\"https:\/\/wp-modula.b-cdn.net\/spai\/q_glossy&amp;ret_img&amp;w_651&amp;h_800\/https:\/\/www.galerie-schwind.de\/wp-content\/uploads\/2021\/12\/o.T.-Akt-seitlich-31.3.2011-Pastell-auf-Papier-100-x-815-cm-651x800.jpg\" data-caption=\"\" srcset=\"https:\/\/wp-modula.b-cdn.net\/spai\/q_glossy&amp;ret_img&amp;w_1136&amp;h_1396\/https:\/\/www.galerie-schwind.de\/wp-content\/uploads\/2021\/12\/o.T.-Akt-seitlich-31.3.2011-Pastell-auf-Papier-100-x-815-cm.jpg 1136w, https:\/\/wp-modula.b-cdn.net\/spai\/q_glossy&amp;ret_img&amp;w_651&amp;h_800\/https:\/\/www.galerie-schwind.de\/wp-content\/uploads\/2021\/12\/o.T.-Akt-seitlich-31.3.2011-Pastell-auf-Papier-100-x-815-cm-651x800.jpg 651w, https:\/\/wp-modula.b-cdn.net\/spai\/q_glossy&amp;ret_img&amp;w_1042&amp;h_1280\/https:\/\/www.galerie-schwind.de\/wp-content\/uploads\/2021\/12\/o.T.-Akt-seitlich-31.3.2011-Pastell-auf-Papier-100-x-815-cm-1042x1280.jpg 1042w, https:\/\/wp-modula.b-cdn.net\/spai\/q_glossy&amp;ret_img&amp;w_407&amp;h_500\/https:\/\/www.galerie-schwind.de\/wp-content\/uploads\/2021\/12\/o.T.-Akt-seitlich-31.3.2011-Pastell-auf-Papier-100-x-815-cm-407x500.jpg 407w, https:\/\/wp-modula.b-cdn.net\/spai\/q_glossy&amp;ret_img&amp;w_768&amp;h_944\/https:\/\/www.galerie-schwind.de\/wp-content\/uploads\/2021\/12\/o.T.-Akt-seitlich-31.3.2011-Pastell-auf-Papier-100-x-815-cm-768x944.jpg 768w\" sizes=\"auto, (max-width: 651px) 100vw, 651px\" \/>\n\t\t<div class=\"figc no-description\">\n\t\t\t<div class=\"figc-inner\">\n\t\t\t\t\t\t\t\t\t<div class='jtg-title'>Johannes Gr\u00fctzke, o.T. (Akt, seitlich), 31.3.2011, Pastell auf Papier, 100 x 81,5 cm<\/div>\n\t\t\t\t\t\t\t\t\t\t\t\t\t\t\t<\/div>\n\t\t<\/div>\n\n\t<\/div>\n\n<\/div><div class=\"modula-item effect-crafty jtg-filter-all jtg-filter-\" data-width=\"3\" data-height=\"5\" >\n\t<div class=\"modula-item-overlay\"><\/div>\n\n\t<div class=\"modula-item-content\">\n\n\t\t<a data-image-id=\"5533\" role=\"button\" tabindex=\"0\" rel=\"jtg-5799\" data-caption=\"&lt;span class=&quot;modula-caption-title&quot;&gt;Johannes Gr\u00fctzke, Gem\u00e4chte bei aufgestelltem linken Bein, 02.08.1997, 1997, Pastell auf Papier, 100 x 52,5 cm&lt;\/span&gt;&lt;br&gt;&lt;span class=&quot;modula-caption-description&quot;&gt;&lt;\/span&gt;\" aria-label=\"Open image in lightbox\" data-thumb=\"https:\/\/wp-modula.b-cdn.net\/spai\/q_glossy&amp;ret_img&amp;w_261&amp;h_500\/https:\/\/www.galerie-schwind.de\/wp-content\/uploads\/2021\/12\/Gemaechte-bei-aufgestelltem-linken-Bein-2.8.1997-Pastell-auf-Papier-100-x-525-cm-261x500.jpg\" class=\"tile-inner modula-item-link\"><\/a><img loading=\"lazy\" decoding=\"async\" class=\"pic wp-image-5533\"  data-valign=\"middle\" data-halign=\"center\" alt=\"\" data-full=\"https:\/\/wp-modula.b-cdn.net\/spai\/q_lossless&amp;ret_img\/https:\/\/www.galerie-schwind.de\/wp-content\/uploads\/2021\/12\/Gemaechte-bei-aufgestelltem-linken-Bein-2.8.1997-Pastell-auf-Papier-100-x-525-cm.jpg\" title=\"Johannes Gr\u00fctzke, Gem\u00e4chte bei aufgestelltem linken Bein, 02.08.1997, 1997, Pastell auf Papier, 100 x 52,5 cm\" width=\"417\" height=\"800\" src=\"https:\/\/wp-modula.b-cdn.net\/spai\/q_glossy&amp;ret_img&amp;w_417&amp;h_800\/https:\/\/www.galerie-schwind.de\/wp-content\/uploads\/2021\/12\/Gemaechte-bei-aufgestelltem-linken-Bein-2.8.1997-Pastell-auf-Papier-100-x-525-cm-417x800.jpg\" data-src=\"https:\/\/wp-modula.b-cdn.net\/spai\/q_glossy&amp;ret_img&amp;w_417&amp;h_800\/https:\/\/www.galerie-schwind.de\/wp-content\/uploads\/2021\/12\/Gemaechte-bei-aufgestelltem-linken-Bein-2.8.1997-Pastell-auf-Papier-100-x-525-cm-417x800.jpg\" data-caption=\"\" srcset=\"https:\/\/wp-modula.b-cdn.net\/spai\/q_glossy&amp;ret_img&amp;w_626&amp;h_1200\/https:\/\/www.galerie-schwind.de\/wp-content\/uploads\/2021\/12\/Gemaechte-bei-aufgestelltem-linken-Bein-2.8.1997-Pastell-auf-Papier-100-x-525-cm.jpg 626w, https:\/\/wp-modula.b-cdn.net\/spai\/q_glossy&amp;ret_img&amp;w_417&amp;h_800\/https:\/\/www.galerie-schwind.de\/wp-content\/uploads\/2021\/12\/Gemaechte-bei-aufgestelltem-linken-Bein-2.8.1997-Pastell-auf-Papier-100-x-525-cm-417x800.jpg 417w, https:\/\/wp-modula.b-cdn.net\/spai\/q_glossy&amp;ret_img&amp;w_261&amp;h_500\/https:\/\/www.galerie-schwind.de\/wp-content\/uploads\/2021\/12\/Gemaechte-bei-aufgestelltem-linken-Bein-2.8.1997-Pastell-auf-Papier-100-x-525-cm-261x500.jpg 261w\" sizes=\"auto, (max-width: 417px) 100vw, 417px\" \/>\n\t\t<div class=\"figc no-description\">\n\t\t\t<div class=\"figc-inner\">\n\t\t\t\t\t\t\t\t\t<div class='jtg-title'>Johannes Gr\u00fctzke, Gem\u00e4chte bei aufgestelltem linken Bein, 02.08.1997, 1997, Pastell auf Papier, 100 x 52,5 cm<\/div>\n\t\t\t\t\t\t\t\t\t\t\t\t\t\t\t<\/div>\n\t\t<\/div>\n\n\t<\/div>\n\n<\/div>\t\t\n\t<\/div>\n\n\t\n\t\n\t<script type=\"application\/ld+json\">\n\t{\n\t\t\"@context\": \"http:\/\/schema.org\",\n\t\t\"@type\"   : \"ImageGallery\",\n\t\t\"id\"      : \"https:\/\/www.galerie-schwind.de\/en\/kuenstler\/johannes-gruetzke\/\",\n\t\t\"url\"     : \"https:\/\/www.galerie-schwind.de\/en\/kuenstler\/johannes-gruetzke\/\"\n\t}\n\n\t<\/script>\n\n\t\n<\/div>\n\n\n\n\n<p><\/p>\n<\/div><\/section>\n\n<article id=\"biografie\" class=\"wp-block-group\"><div class=\"wp-block-group__inner-container is-layout-flow wp-block-group-is-layout-flow\">\n<h3 class=\"wp-block-heading\" id=\"biographie\">Biography<\/h3>\n\n\n\n<div class=\"wp-block-group\"><div class=\"wp-block-group__inner-container is-layout-flow wp-block-group-is-layout-flow\">\n<figure class=\"wp-block-image size-full is-resized\"><img loading=\"lazy\" decoding=\"async\" src=\"http:\/\/galerieschwind.superhappydesign.de\/wp-content\/uploads\/2021\/12\/Gruetzke_portrait.jpg\" alt=\"\" class=\"wp-image-5473\" width=\"473\" height=\"342\" srcset=\"https:\/\/www.galerie-schwind.de\/wp-content\/uploads\/2021\/12\/Gruetzke_portrait.jpg 735w, https:\/\/www.galerie-schwind.de\/wp-content\/uploads\/2021\/12\/Gruetzke_portrait-500x361.jpg 500w\" sizes=\"auto, (max-width: 473px) 100vw, 473px\" \/><\/figure>\n\n\n\n<div class=\"wp-block-columns biographie-zeile is-layout-flex wp-container-core-columns-is-layout-9d6595d7 wp-block-columns-is-layout-flex\">\n<div class=\"wp-block-column is-layout-flow wp-block-column-is-layout-flow\" style=\"flex-basis:33.33%\">\n<h5 class=\"wp-block-heading\" id=\"1937\">1937<\/h5>\n<\/div>\n\n\n\n<div class=\"wp-block-column is-layout-flow wp-block-column-is-layout-flow\" style=\"flex-basis:66.66%\">\n<p>born in Berlin<\/p>\n<\/div>\n<\/div>\n\n\n\n<div class=\"wp-block-columns biographie-zeile is-layout-flex wp-container-core-columns-is-layout-9d6595d7 wp-block-columns-is-layout-flex\">\n<div class=\"wp-block-column is-layout-flow wp-block-column-is-layout-flow\" style=\"flex-basis:33.33%\">\n<h5 class=\"wp-block-heading\" id=\"1957-64\">1957-64<\/h5>\n<\/div>\n\n\n\n<div class=\"wp-block-column is-layout-flow wp-block-column-is-layout-flow\" style=\"flex-basis:66.66%\">\n<p>Studied at the Hochschule f\u00fcr Bildende K\u00fcnste Berlin under Hans Orlowski, master student of Peter Janssen<\/p>\n<\/div>\n<\/div>\n\n\n\n<div class=\"wp-block-columns biographie-zeile is-layout-flex wp-container-core-columns-is-layout-9d6595d7 wp-block-columns-is-layout-flex\">\n<div class=\"wp-block-column is-layout-flow wp-block-column-is-layout-flow\" style=\"flex-basis:33.33%\">\n<h5 class=\"wp-block-heading\" id=\"1973\">1973<\/h5>\n<\/div>\n\n\n\n<div class=\"wp-block-column is-layout-flow wp-block-column-is-layout-flow\" style=\"flex-basis:66.66%\">\n<p>January 24: Foundation of the &#8220;School of New Magnificence&#8221; &#8211; an ideological artist community with a priestess &#8211; in Berlin with the painters Manfred Bluth, Matthias Koeppel and Karl-Heinz Ziegler<\/p>\n<\/div>\n<\/div>\n\n\n\n<div class=\"wp-block-columns biographie-zeile is-layout-flex wp-container-core-columns-is-layout-9d6595d7 wp-block-columns-is-layout-flex\">\n<div class=\"wp-block-column is-layout-flow wp-block-column-is-layout-flow\" style=\"flex-basis:33.33%\">\n<h5 class=\"wp-block-heading\" id=\"1976-77\">1976-77<\/h5>\n<\/div>\n\n\n\n<div class=\"wp-block-column is-layout-flow wp-block-column-is-layout-flow\" style=\"flex-basis:66.66%\">\n<p>Guest lecturer for fine arts at the University of Fine Arts in Hamburg<\/p>\n<\/div>\n<\/div>\n\n\n\n<div class=\"wp-block-columns biographie-zeile is-layout-flex wp-container-core-columns-is-layout-9d6595d7 wp-block-columns-is-layout-flex\">\n<div class=\"wp-block-column is-layout-flow wp-block-column-is-layout-flow\" style=\"flex-basis:33.33%\">\n<h5 class=\"wp-block-heading\" id=\"1989\">1989<\/h5>\n<\/div>\n\n\n\n<div class=\"wp-block-column is-layout-flow wp-block-column-is-layout-flow\" style=\"flex-basis:66.66%\">\n<p>Execution of the frieze &#8220;Der Zug der Volksvertreter&#8221; for the Paulskirche in the K\u00fcnstlerhaus Bethanien, Berlin-Kreuzberg 1991 on April 16 Handover of the frieze in the Paulskirche in Frankfurt<\/p>\n<\/div>\n<\/div>\n\n\n\n<div class=\"wp-block-columns biographie-zeile is-layout-flex wp-container-core-columns-is-layout-9d6595d7 wp-block-columns-is-layout-flex\">\n<div class=\"wp-block-column is-layout-flow wp-block-column-is-layout-flow\" style=\"flex-basis:33.33%\">\n<h5 class=\"wp-block-heading\" id=\"1992-2002\">1992 &#8211; 2002<\/h5>\n<\/div>\n\n\n\n<div class=\"wp-block-column is-layout-flow wp-block-column-is-layout-flow\" style=\"flex-basis:66.66%\">\n<p>Professor of Painting at the Academy of Fine Arts in Nuremberg. Art Prize of the City of Wolfsburg <\/p>\n<\/div>\n<\/div>\n\n\n\n<div class=\"wp-block-columns biographie-zeile is-layout-flex wp-container-core-columns-is-layout-9d6595d7 wp-block-columns-is-layout-flex\">\n<div class=\"wp-block-column is-layout-flow wp-block-column-is-layout-flow\" style=\"flex-basis:33.33%\">\n<h5 class=\"wp-block-heading\" id=\"1995\">1995<\/h5>\n<\/div>\n\n\n\n<div class=\"wp-block-column is-layout-flow wp-block-column-is-layout-flow\" style=\"flex-basis:66.66%\">\n<p>Foundation of Goethe Verlag Berlin with Tilmann Lehnert<\/p>\n<\/div>\n<\/div>\n\n\n\n<div class=\"wp-block-columns biographie-zeile is-layout-flex wp-container-core-columns-is-layout-9d6595d7 wp-block-columns-is-layout-flex\">\n<div class=\"wp-block-column is-layout-flow wp-block-column-is-layout-flow\" style=\"flex-basis:33.33%\">\n<h5 class=\"wp-block-heading\" id=\"2003\">2003<\/h5>\n<\/div>\n\n\n\n<div class=\"wp-block-column is-layout-flow wp-block-column-is-layout-flow\" style=\"flex-basis:66.66%\">\n<p>Member of the Free Academy of Arts in Hamburg. Art Prize of the City of Darmstadt <\/p>\n<\/div>\n<\/div>\n\n\n\n<div class=\"wp-block-columns biographie-zeile is-layout-flex wp-container-core-columns-is-layout-9d6595d7 wp-block-columns-is-layout-flex\">\n<div class=\"wp-block-column is-layout-flow wp-block-column-is-layout-flow\" style=\"flex-basis:33.33%\">\n<h5 class=\"wp-block-heading\" id=\"2011\">2011<\/h5>\n<\/div>\n\n\n\n<div class=\"wp-block-column is-layout-flow wp-block-column-is-layout-flow\" style=\"flex-basis:66.66%\">\n<p>Retrospective at the Germanisches Nationalmuseum Nuremberg Handover of the written legacy<\/p>\n<\/div>\n<\/div>\n\n\n\n<div class=\"wp-block-columns biographie-zeile is-layout-flex wp-container-core-columns-is-layout-9d6595d7 wp-block-columns-is-layout-flex\">\n<div class=\"wp-block-column is-layout-flow wp-block-column-is-layout-flow\" style=\"flex-basis:33.33%\">\n<h5 class=\"wp-block-heading\" id=\"2012\">2012<\/h5>\n<\/div>\n\n\n\n<div class=\"wp-block-column is-layout-flow wp-block-column-is-layout-flow\" style=\"flex-basis:66.66%\">\n<p>Awarded the Hannah H\u00f6ch Prize for his life&#8217;s work<\/p>\n<\/div>\n<\/div>\n\n\n\n<div class=\"wp-block-columns biographie-zeile is-layout-flex wp-container-core-columns-is-layout-9d6595d7 wp-block-columns-is-layout-flex\">\n<div class=\"wp-block-column is-layout-flow wp-block-column-is-layout-flow\" style=\"flex-basis:33.33%\">\n<h5 class=\"wp-block-heading\" id=\"2017\">2017<\/h5>\n<\/div>\n\n\n\n<div class=\"wp-block-column is-layout-flow wp-block-column-is-layout-flow\" style=\"flex-basis:66.66%\">\n<p>Johannes Gr\u00fctzke dies after a serious illness<\/p>\n<\/div>\n<\/div>\n\n\n\n<p><\/p>\n<\/div><\/div>\n<\/div><\/article>\n","protected":false},"author":4,"featured_media":13016,"menu_order":0,"template":"","format":"standard","meta":{"_acf_changed":false,"_coblocks_attr":"","_coblocks_dimensions":"","_coblocks_responsive_height":"","_coblocks_accordion_ie_support":"","footnotes":""},"class_list":["post-13664","kuenstler","type-kuenstler","status-publish","format-standard","has-post-thumbnail","hentry","entry"],"acf":[],"yoast_head":"<!-- This site is optimized with the Yoast SEO plugin v27.2 - https:\/\/yoast.com\/product\/yoast-seo-wordpress\/ -->\n<title>Johannes Gr\u00fctzke - Galerie Schwind<\/title>\n<meta name=\"description\" content=\"Paintings by the Berlin painter Johannes Gr\u00fctzke exclusively at Galerie Schwind. You can find a selection of his works here.\" \/>\n<meta name=\"robots\" content=\"index, follow, max-snippet:-1, max-image-preview:large, max-video-preview:-1\" \/>\n<link rel=\"canonical\" href=\"https:\/\/www.galerie-schwind.de\/en\/kuenstler\/johannes-gruetzke\/\" \/>\n<meta property=\"og:locale\" content=\"en_US\" \/>\n<meta property=\"og:type\" content=\"article\" \/>\n<meta property=\"og:title\" content=\"Johannes Gr\u00fctzke - Galerie Schwind\" \/>\n<meta property=\"og:description\" content=\"Paintings by the Berlin painter Johannes Gr\u00fctzke exclusively at Galerie Schwind. You can find a selection of his works here.\" \/>\n<meta property=\"og:url\" content=\"https:\/\/www.galerie-schwind.de\/en\/kuenstler\/johannes-gruetzke\/\" \/>\n<meta property=\"og:site_name\" content=\"Galerie Schwind\" \/>\n<meta property=\"article:modified_time\" content=\"2025-05-13T10:29:09+00:00\" \/>\n<meta property=\"og:image\" content=\"https:\/\/www.galerie-schwind.de\/wp-content\/uploads\/2021\/12\/Gru\u00a6etzke_16_08_2014-Kopie.jpg\" \/>\n\t<meta property=\"og:image:width\" content=\"962\" \/>\n\t<meta property=\"og:image:height\" content=\"946\" \/>\n\t<meta property=\"og:image:type\" content=\"image\/jpeg\" \/>\n<meta name=\"twitter:card\" content=\"summary_large_image\" \/>\n<meta name=\"twitter:label1\" content=\"Est. reading time\" \/>\n\t<meta name=\"twitter:data1\" content=\"1 minute\" \/>\n<script type=\"application\/ld+json\" class=\"yoast-schema-graph\">{\"@context\":\"https:\/\/schema.org\",\"@graph\":[{\"@type\":\"WebPage\",\"@id\":\"https:\/\/www.galerie-schwind.de\/en\/kuenstler\/johannes-gruetzke\/\",\"url\":\"https:\/\/www.galerie-schwind.de\/en\/kuenstler\/johannes-gruetzke\/\",\"name\":\"Johannes Gr\u00fctzke - Galerie Schwind\",\"isPartOf\":{\"@id\":\"https:\/\/www.galerie-schwind.de\/en\/#website\"},\"primaryImageOfPage\":{\"@id\":\"https:\/\/www.galerie-schwind.de\/en\/kuenstler\/johannes-gruetzke\/#primaryimage\"},\"image\":{\"@id\":\"https:\/\/www.galerie-schwind.de\/en\/kuenstler\/johannes-gruetzke\/#primaryimage\"},\"thumbnailUrl\":\"https:\/\/www.galerie-schwind.de\/wp-content\/uploads\/2021\/12\/Gru\u00a6etzke_16_08_2014-Kopie.jpg\",\"datePublished\":\"2021-12-20T20:48:54+00:00\",\"dateModified\":\"2025-05-13T10:29:09+00:00\",\"description\":\"Paintings by the Berlin painter Johannes Gr\u00fctzke exclusively at Galerie Schwind. You can find a selection of his works here.\",\"breadcrumb\":{\"@id\":\"https:\/\/www.galerie-schwind.de\/en\/kuenstler\/johannes-gruetzke\/#breadcrumb\"},\"inLanguage\":\"en-US\",\"potentialAction\":[{\"@type\":\"ReadAction\",\"target\":[\"https:\/\/www.galerie-schwind.de\/en\/kuenstler\/johannes-gruetzke\/\"]}]},{\"@type\":\"ImageObject\",\"inLanguage\":\"en-US\",\"@id\":\"https:\/\/www.galerie-schwind.de\/en\/kuenstler\/johannes-gruetzke\/#primaryimage\",\"url\":\"https:\/\/www.galerie-schwind.de\/wp-content\/uploads\/2021\/12\/Gru\u00a6etzke_16_08_2014-Kopie.jpg\",\"contentUrl\":\"https:\/\/www.galerie-schwind.de\/wp-content\/uploads\/2021\/12\/Gru\u00a6etzke_16_08_2014-Kopie.jpg\",\"width\":962,\"height\":946},{\"@type\":\"BreadcrumbList\",\"@id\":\"https:\/\/www.galerie-schwind.de\/en\/kuenstler\/johannes-gruetzke\/#breadcrumb\",\"itemListElement\":[{\"@type\":\"ListItem\",\"position\":1,\"name\":\"Startseite\",\"item\":\"https:\/\/www.galerie-schwind.de\/en\/\"},{\"@type\":\"ListItem\",\"position\":2,\"name\":\"Johannes Gr\u00fctzke\"}]},{\"@type\":\"WebSite\",\"@id\":\"https:\/\/www.galerie-schwind.de\/en\/#website\",\"url\":\"https:\/\/www.galerie-schwind.de\/en\/\",\"name\":\"Galerie Schwind\",\"description\":\"\",\"potentialAction\":[{\"@type\":\"SearchAction\",\"target\":{\"@type\":\"EntryPoint\",\"urlTemplate\":\"https:\/\/www.galerie-schwind.de\/en\/?s={search_term_string}\"},\"query-input\":{\"@type\":\"PropertyValueSpecification\",\"valueRequired\":true,\"valueName\":\"search_term_string\"}}],\"inLanguage\":\"en-US\"}]}<\/script>\n<!-- \/ Yoast SEO plugin. -->","yoast_head_json":{"title":"Johannes Gr\u00fctzke - Galerie Schwind","description":"Paintings by the Berlin painter Johannes Gr\u00fctzke exclusively at Galerie Schwind. You can find a selection of his works here.","robots":{"index":"index","follow":"follow","max-snippet":"max-snippet:-1","max-image-preview":"max-image-preview:large","max-video-preview":"max-video-preview:-1"},"canonical":"https:\/\/www.galerie-schwind.de\/en\/kuenstler\/johannes-gruetzke\/","og_locale":"en_US","og_type":"article","og_title":"Johannes Gr\u00fctzke - Galerie Schwind","og_description":"Paintings by the Berlin painter Johannes Gr\u00fctzke exclusively at Galerie Schwind. You can find a selection of his works here.","og_url":"https:\/\/www.galerie-schwind.de\/en\/kuenstler\/johannes-gruetzke\/","og_site_name":"Galerie Schwind","article_modified_time":"2025-05-13T10:29:09+00:00","og_image":[{"width":962,"height":946,"url":"https:\/\/www.galerie-schwind.de\/wp-content\/uploads\/2021\/12\/Gru\u00a6etzke_16_08_2014-Kopie.jpg","type":"image\/jpeg"}],"twitter_card":"summary_large_image","twitter_misc":{"Est. reading time":"1 minute"},"schema":{"@context":"https:\/\/schema.org","@graph":[{"@type":"WebPage","@id":"https:\/\/www.galerie-schwind.de\/en\/kuenstler\/johannes-gruetzke\/","url":"https:\/\/www.galerie-schwind.de\/en\/kuenstler\/johannes-gruetzke\/","name":"Johannes Gr\u00fctzke - Galerie Schwind","isPartOf":{"@id":"https:\/\/www.galerie-schwind.de\/en\/#website"},"primaryImageOfPage":{"@id":"https:\/\/www.galerie-schwind.de\/en\/kuenstler\/johannes-gruetzke\/#primaryimage"},"image":{"@id":"https:\/\/www.galerie-schwind.de\/en\/kuenstler\/johannes-gruetzke\/#primaryimage"},"thumbnailUrl":"https:\/\/www.galerie-schwind.de\/wp-content\/uploads\/2021\/12\/Gru\u00a6etzke_16_08_2014-Kopie.jpg","datePublished":"2021-12-20T20:48:54+00:00","dateModified":"2025-05-13T10:29:09+00:00","description":"Paintings by the Berlin painter Johannes Gr\u00fctzke exclusively at Galerie Schwind. You can find a selection of his works here.","breadcrumb":{"@id":"https:\/\/www.galerie-schwind.de\/en\/kuenstler\/johannes-gruetzke\/#breadcrumb"},"inLanguage":"en-US","potentialAction":[{"@type":"ReadAction","target":["https:\/\/www.galerie-schwind.de\/en\/kuenstler\/johannes-gruetzke\/"]}]},{"@type":"ImageObject","inLanguage":"en-US","@id":"https:\/\/www.galerie-schwind.de\/en\/kuenstler\/johannes-gruetzke\/#primaryimage","url":"https:\/\/www.galerie-schwind.de\/wp-content\/uploads\/2021\/12\/Gru\u00a6etzke_16_08_2014-Kopie.jpg","contentUrl":"https:\/\/www.galerie-schwind.de\/wp-content\/uploads\/2021\/12\/Gru\u00a6etzke_16_08_2014-Kopie.jpg","width":962,"height":946},{"@type":"BreadcrumbList","@id":"https:\/\/www.galerie-schwind.de\/en\/kuenstler\/johannes-gruetzke\/#breadcrumb","itemListElement":[{"@type":"ListItem","position":1,"name":"Startseite","item":"https:\/\/www.galerie-schwind.de\/en\/"},{"@type":"ListItem","position":2,"name":"Johannes Gr\u00fctzke"}]},{"@type":"WebSite","@id":"https:\/\/www.galerie-schwind.de\/en\/#website","url":"https:\/\/www.galerie-schwind.de\/en\/","name":"Galerie Schwind","description":"","potentialAction":[{"@type":"SearchAction","target":{"@type":"EntryPoint","urlTemplate":"https:\/\/www.galerie-schwind.de\/en\/?s={search_term_string}"},"query-input":{"@type":"PropertyValueSpecification","valueRequired":true,"valueName":"search_term_string"}}],"inLanguage":"en-US"}]}},"_links":{"self":[{"href":"https:\/\/www.galerie-schwind.de\/en\/wp-json\/wp\/v2\/kuenstler\/13664","targetHints":{"allow":["GET"]}}],"collection":[{"href":"https:\/\/www.galerie-schwind.de\/en\/wp-json\/wp\/v2\/kuenstler"}],"about":[{"href":"https:\/\/www.galerie-schwind.de\/en\/wp-json\/wp\/v2\/types\/kuenstler"}],"author":[{"embeddable":true,"href":"https:\/\/www.galerie-schwind.de\/en\/wp-json\/wp\/v2\/users\/4"}],"version-history":[{"count":0,"href":"https:\/\/www.galerie-schwind.de\/en\/wp-json\/wp\/v2\/kuenstler\/13664\/revisions"}],"wp:featuredmedia":[{"embeddable":true,"href":"https:\/\/www.galerie-schwind.de\/en\/wp-json\/wp\/v2\/media\/13016"}],"wp:attachment":[{"href":"https:\/\/www.galerie-schwind.de\/en\/wp-json\/wp\/v2\/media?parent=13664"}],"curies":[{"name":"wp","href":"https:\/\/api.w.org\/{rel}","templated":true}]}}