{"id":13720,"date":"2022-01-11T17:24:03","date_gmt":"2022-01-11T16:24:03","guid":{"rendered":"https:\/\/galerieschwind.superhappydesign.de\/kuenstler\/markus-matthias-krueger\/"},"modified":"2026-03-26T13:04:45","modified_gmt":"2026-03-26T12:04:45","slug":"markus-matthias-krueger","status":"publish","type":"kuenstler","link":"https:\/\/www.galerie-schwind.de\/en\/kuenstler\/markus-matthias-krueger\/","title":{"rendered":"Markus Matthias Kr\u00fcger"},"content":{"rendered":"\n<section id=\"gemaelde\" class=\"wp-block-group\"><div class=\"wp-block-group__inner-container is-layout-flow wp-block-group-is-layout-flow\">\n<h3 class=\"wp-block-heading\" id=\"gemalde\">Painting<\/h3>\n\n\n<div  id=\"jtg-6564\" class=\"modula modula-gallery modula-custom-grid\" data-config=\"{&quot;height&quot;:800,&quot;tabletHeight&quot;:800,&quot;mobileHeight&quot;:800,&quot;desktopHeight&quot;:800,&quot;enableTwitter&quot;:false,&quot;enableWhatsapp&quot;:false,&quot;enableFacebook&quot;:false,&quot;enablePinterest&quot;:false,&quot;enableLinkedin&quot;:false,&quot;enableEmail&quot;:false,&quot;randomFactor&quot;:0.5,&quot;type&quot;:&quot;custom-grid&quot;,&quot;columns&quot;:12,&quot;gutter&quot;:30,&quot;mobileGutter&quot;:10,&quot;tabletGutter&quot;:15,&quot;desktopGutter&quot;:30,&quot;enableResponsive&quot;:&quot;0&quot;,&quot;tabletColumns&quot;:2,&quot;mobileColumns&quot;:1,&quot;lazyLoad&quot;:0,&quot;lightboxOpts&quot;:{&quot;animated&quot;:true,&quot;Thumbs&quot;:{&quot;type&quot;:&quot;modern&quot;,&quot;showOnStart&quot;:false},&quot;Toolbar&quot;:{&quot;display&quot;:{&quot;right&quot;:[&quot;close&quot;],&quot;left&quot;:[&quot;infobar&quot;]},&quot;enabled&quot;:true},&quot;Carousel&quot;:{&quot;Panzoom&quot;:{&quot;touch&quot;:false},&quot;infinite&quot;:false,&quot;transition&quot;:&quot;fade&quot;},&quot;keyboard&quot;:{&quot;Escape&quot;:&quot;close&quot;,&quot;Delete&quot;:&quot;close&quot;,&quot;Backspace&quot;:&quot;close&quot;,&quot;PageUp&quot;:&quot;next&quot;,&quot;PageDown&quot;:&quot;prev&quot;,&quot;ArrowUp&quot;:&quot;prev&quot;,&quot;ArrowDown&quot;:&quot;next&quot;,&quot;ArrowRight&quot;:&quot;next&quot;,&quot;ArrowLeft&quot;:&quot;prev&quot;},&quot;touch&quot;:false,&quot;backdropClick&quot;:false,&quot;l10n&quot;:{&quot;CLOSE&quot;:&quot;Close&quot;,&quot;NEXT&quot;:&quot;Next&quot;,&quot;PREV&quot;:&quot;Previous&quot;,&quot;Error&quot;:&quot;The requested content cannot be loaded. Please try again later.&quot;,&quot;PLAY_START&quot;:&quot;Start slideshow&quot;,&quot;PLAY_STOP&quot;:&quot;Pause slideshow&quot;,&quot;FULL_SCREEN&quot;:&quot;Full screen&quot;,&quot;THUMBS&quot;:&quot;Thumbnails&quot;,&quot;DOWNLOAD&quot;:&quot;Download&quot;,&quot;SHARE&quot;:&quot;Share&quot;,&quot;ZOOM&quot;:&quot;Zoom&quot;,&quot;EMAIL&quot;:&quot;Here is the link to the image : %%image_link%% and this is the link to the gallery : %%gallery_link%%&quot;,&quot;MODAL&quot;:&quot;You can close this modal content with the ESC key&quot;,&quot;ERROR&quot;:&quot;Something Went Wrong, Please Try Again Later&quot;,&quot;IMAGE_ERROR&quot;:&quot;Image Not Found&quot;,&quot;ELEMENT_NOT_FOUND&quot;:&quot;HTML Element Not Found&quot;,&quot;AJAX_NOT_FOUND&quot;:&quot;Error Loading AJAX : Not Found&quot;,&quot;AJAX_FORBIDDEN&quot;:&quot;Error Loading AJAX : Forbidden&quot;,&quot;IFRAME_ERROR&quot;:&quot;Error Loading Page&quot;,&quot;TOGGLE_ZOOM&quot;:&quot;Toggle zoom level&quot;,&quot;TOGGLE_THUMBS&quot;:&quot;Toggle thumbnails&quot;,&quot;TOGGLE_SLIDESHOW&quot;:&quot;Toggle slideshow&quot;,&quot;TOGGLE_FULLSCREEN&quot;:&quot;Toggle full-screen mode&quot;},&quot;Images&quot;:{&quot;Panzoom&quot;:{&quot;maxScale&quot;:2}},&quot;toolbar&quot;:true,&quot;wheel&quot;:false,&quot;animationEffect&quot;:&quot;false&quot;,&quot;animationDuration&quot;:366,&quot;transitionEffect&quot;:&quot;false&quot;,&quot;mainClass&quot;:&quot;modula-fancybox-container modula-lightbox-jtg-6564&quot;,&quot;Html&quot;:{&quot;videoAutoplay&quot;:0,&quot;videoTpl&quot;:&quot;&lt;video class=\\&quot;fancybox__html5video\\&quot; controls muted playsinline controlsList controlsList=\\&quot;nodownload\\&quot; poster=\\&quot;{{poster}}\\&quot; src=\\&quot;{{src}}\\&quot; type=\\&quot;{{format}}\\&quot; &gt;  Sorry, your browser doesn&#039;t support embedded videos, &lt;a href=\\&quot;{{src}}\\&quot;&gt; download &lt;\\\/a&gt; and watch with your favorite video player! &lt;\\\/video&gt;&quot;}},&quot;inView&quot;:false,&quot;email_subject&quot;:&quot;Check out this awesome image !!&quot;,&quot;email_message&quot;:&quot;Here is the link to the image : %%image_link%% and this is the link to the gallery : %%gallery_link%%&quot;,&quot;lightbox&quot;:&quot;fancybox&quot;,&quot;filterClick&quot;:&quot;0&quot;,&quot;dropdownFilters&quot;:&quot;0&quot;,&quot;defaultActiveFilter&quot;:&quot;all&quot;,&quot;initLightbox&quot;:&quot;modula_pro_init_lightbox&quot;,&quot;haveFilters&quot;:0,&quot;lightbox_devices&quot;:&quot;both&quot;,&quot;options&quot;:{&quot;lightbox&quot;:&quot;fancybox&quot;},&quot;enableSlideshow&quot;:&quot;0&quot;,&quot;enableAutoplay&quot;:&quot;0&quot;,&quot;slideshowSpeed&quot;:5000,&quot;pauseOnHover&quot;:&quot;0&quot;}\">\n\n\t\n\t<div  class=\"modula-items\">\n\t\t<div class=\"modula-item effect-crafty jtg-filter-all jtg-filter-\" data-width=\"7\" data-height=\"6\" >\n\t<div class=\"modula-item-overlay\"><\/div>\n\n\t<div class=\"modula-item-content\">\n\n\t\t<a data-image-id=\"7024\" role=\"button\" tabindex=\"0\" rel=\"jtg-6564\" data-caption=\"&lt;span class=&quot;modula-caption-title&quot;&gt;Markus Matthias Kr\u00fcger, Bucht, 2020, Acryl und \u00d6l auf Leinwand, 120 x 150 cm&lt;\/span&gt;&lt;br&gt;&lt;span class=&quot;modula-caption-description&quot;&gt;&lt;\/span&gt;\" aria-label=\"Open image in lightbox\" data-thumb=\"https:\/\/wp-modula.b-cdn.net\/spai\/q_glossy&amp;ret_img&amp;w_500&amp;h_397\/https:\/\/www.galerie-schwind.de\/wp-content\/uploads\/2022\/01\/Krue-Bucht_web-500x397.jpg\" class=\"tile-inner modula-item-link\"><\/a><img loading=\"lazy\" decoding=\"async\" class=\"pic wp-image-7024\"  data-valign=\"middle\" data-halign=\"center\" alt=\"\" data-full=\"https:\/\/wp-modula.b-cdn.net\/spai\/q_lossless&amp;ret_img\/https:\/\/www.galerie-schwind.de\/wp-content\/uploads\/2022\/01\/Krue-Bucht_web.jpg\" title=\"Markus Matthias Kr\u00fcger, Bucht, 2020, Acryl und \u00d6l auf Leinwand, 120 x 150 cm\" width=\"800\" height=\"635\" src=\"https:\/\/wp-modula.b-cdn.net\/spai\/q_glossy&amp;ret_img&amp;w_800&amp;h_635\/https:\/\/www.galerie-schwind.de\/wp-content\/uploads\/2022\/01\/Krue-Bucht_web-800x635.jpg\" data-src=\"https:\/\/wp-modula.b-cdn.net\/spai\/q_glossy&amp;ret_img&amp;w_800&amp;h_635\/https:\/\/www.galerie-schwind.de\/wp-content\/uploads\/2022\/01\/Krue-Bucht_web-800x635.jpg\" data-caption=\"\" srcset=\"https:\/\/wp-modula.b-cdn.net\/spai\/q_glossy&amp;ret_img&amp;w_1000&amp;h_794\/https:\/\/www.galerie-schwind.de\/wp-content\/uploads\/2022\/01\/Krue-Bucht_web.jpg 1000w, https:\/\/wp-modula.b-cdn.net\/spai\/q_glossy&amp;ret_img&amp;w_800&amp;h_635\/https:\/\/www.galerie-schwind.de\/wp-content\/uploads\/2022\/01\/Krue-Bucht_web-800x635.jpg 800w, https:\/\/wp-modula.b-cdn.net\/spai\/q_glossy&amp;ret_img&amp;w_500&amp;h_397\/https:\/\/www.galerie-schwind.de\/wp-content\/uploads\/2022\/01\/Krue-Bucht_web-500x397.jpg 500w, https:\/\/wp-modula.b-cdn.net\/spai\/q_glossy&amp;ret_img&amp;w_768&amp;h_610\/https:\/\/www.galerie-schwind.de\/wp-content\/uploads\/2022\/01\/Krue-Bucht_web-768x610.jpg 768w\" sizes=\"auto, (max-width: 800px) 100vw, 800px\" \/>\n\t\t<div class=\"figc no-description\">\n\t\t\t<div class=\"figc-inner\">\n\t\t\t\t\t\t\t\t\t<div class='jtg-title'>Markus Matthias Kr\u00fcger, Bucht, 2020, Acryl und \u00d6l auf Leinwand, 120 x 150 cm<\/div>\n\t\t\t\t\t\t\t\t\t\t\t\t\t\t\t<\/div>\n\t\t<\/div>\n\n\t<\/div>\n\n<\/div><div class=\"modula-item effect-crafty jtg-filter-all jtg-filter-\" data-width=\"5\" data-height=\"3\" >\n\t<div class=\"modula-item-overlay\"><\/div>\n\n\t<div class=\"modula-item-content\">\n\n\t\t<a data-image-id=\"9297\" role=\"button\" tabindex=\"0\" rel=\"jtg-6564\" data-caption=\"&lt;span class=&quot;modula-caption-title&quot;&gt;Markus Matthias Kr\u00fcger, Dunkle Fabrik, 2023, Acryl und \u00d6l auf Leinwand, 60 x 80 cm&lt;\/span&gt;&lt;br&gt;&lt;span class=&quot;modula-caption-description&quot;&gt;&lt;\/span&gt;\" aria-label=\"Open image in lightbox\" data-thumb=\"https:\/\/wp-modula.b-cdn.net\/spai\/q_glossy&amp;ret_img&amp;w_500&amp;h_374\/https:\/\/www.galerie-schwind.de\/wp-content\/uploads\/2022\/01\/23_04-Dunkle-Fabrik-2023-Acryl-und-Oel-auf-Leinwand-60-x-80-cm-500x374.jpg\" class=\"tile-inner modula-item-link\"><\/a><img loading=\"lazy\" decoding=\"async\" class=\"pic wp-image-9297\"  data-valign=\"middle\" data-halign=\"center\" alt=\"\" data-full=\"https:\/\/wp-modula.b-cdn.net\/spai\/q_lossless&amp;ret_img\/https:\/\/www.galerie-schwind.de\/wp-content\/uploads\/2022\/01\/23_04-Dunkle-Fabrik-2023-Acryl-und-Oel-auf-Leinwand-60-x-80-cm.jpg\" title=\"Markus Matthias Kr\u00fcger, Dunkle Fabrik, 2023, Acryl und \u00d6l auf Leinwand, 60 x 80 cm\" data-caption=\"\" src=\"https:\/\/wp-modula.b-cdn.net\/spai\/q_glossy&amp;ret_img&amp;w_800&amp;h_598\/https:\/\/www.galerie-schwind.de\/wp-content\/uploads\/2022\/01\/23_04-Dunkle-Fabrik-2023-Acryl-und-Oel-auf-Leinwand-60-x-80-cm-800x598.jpg\" data-src=\"https:\/\/wp-modula.b-cdn.net\/spai\/q_glossy&amp;ret_img&amp;w_800&amp;h_598\/https:\/\/www.galerie-schwind.de\/wp-content\/uploads\/2022\/01\/23_04-Dunkle-Fabrik-2023-Acryl-und-Oel-auf-Leinwand-60-x-80-cm-800x598.jpg\" width=\"800\" height=\"598\" srcset=\"https:\/\/wp-modula.b-cdn.net\/spai\/q_glossy&amp;ret_img&amp;w_1300&amp;h_972\/https:\/\/www.galerie-schwind.de\/wp-content\/uploads\/2022\/01\/23_04-Dunkle-Fabrik-2023-Acryl-und-Oel-auf-Leinwand-60-x-80-cm.jpg 1300w, https:\/\/wp-modula.b-cdn.net\/spai\/q_glossy&amp;ret_img&amp;w_800&amp;h_598\/https:\/\/www.galerie-schwind.de\/wp-content\/uploads\/2022\/01\/23_04-Dunkle-Fabrik-2023-Acryl-und-Oel-auf-Leinwand-60-x-80-cm-800x598.jpg 800w, https:\/\/wp-modula.b-cdn.net\/spai\/q_glossy&amp;ret_img&amp;w_1280&amp;h_957\/https:\/\/www.galerie-schwind.de\/wp-content\/uploads\/2022\/01\/23_04-Dunkle-Fabrik-2023-Acryl-und-Oel-auf-Leinwand-60-x-80-cm-1280x957.jpg 1280w, https:\/\/wp-modula.b-cdn.net\/spai\/q_glossy&amp;ret_img&amp;w_500&amp;h_374\/https:\/\/www.galerie-schwind.de\/wp-content\/uploads\/2022\/01\/23_04-Dunkle-Fabrik-2023-Acryl-und-Oel-auf-Leinwand-60-x-80-cm-500x374.jpg 500w, https:\/\/wp-modula.b-cdn.net\/spai\/q_glossy&amp;ret_img&amp;w_768&amp;h_574\/https:\/\/www.galerie-schwind.de\/wp-content\/uploads\/2022\/01\/23_04-Dunkle-Fabrik-2023-Acryl-und-Oel-auf-Leinwand-60-x-80-cm-768x574.jpg 768w\" sizes=\"auto, (max-width: 800px) 100vw, 800px\" \/>\n\t\t<div class=\"figc no-description\">\n\t\t\t<div class=\"figc-inner\">\n\t\t\t\t\t\t\t\t\t<div class='jtg-title'>Markus Matthias Kr\u00fcger, Dunkle Fabrik, 2023, Acryl und \u00d6l auf Leinwand, 60 x 80 cm<\/div>\n\t\t\t\t\t\t\t\t\t\t\t\t\t\t\t<\/div>\n\t\t<\/div>\n\n\t<\/div>\n\n<\/div><div class=\"modula-item effect-crafty jtg-filter-all jtg-filter-\" data-width=\"5\" data-height=\"3\" >\n\t<div class=\"modula-item-overlay\"><\/div>\n\n\t<div class=\"modula-item-content\">\n\n\t\t<a data-image-id=\"10211\" role=\"button\" tabindex=\"0\" rel=\"jtg-6564\" data-caption=\"&lt;span class=&quot;modula-caption-title&quot;&gt;Markus Matthias Kr\u00fcger, Wei\u00dfes W\u00e4ldchen, 2024, Acryl und \u00d6l auf Leinwand, 30 x 40 cm&lt;\/span&gt;&lt;br&gt;&lt;span class=&quot;modula-caption-description&quot;&gt;&lt;\/span&gt;\" aria-label=\"Open image in lightbox\" data-thumb=\"https:\/\/wp-modula.b-cdn.net\/spai\/q_glossy&amp;ret_img&amp;w_500&amp;h_372\/https:\/\/www.galerie-schwind.de\/wp-content\/uploads\/2022\/01\/24_02-Weisses-Waeldchen-2024-Acryl-und-Oel-auf-Leinwand-30-x-40-cm-500x372.jpg\" class=\"tile-inner modula-item-link\"><\/a><img loading=\"lazy\" decoding=\"async\" class=\"pic wp-image-10211\"  data-valign=\"middle\" data-halign=\"center\" alt=\"\" data-full=\"https:\/\/wp-modula.b-cdn.net\/spai\/q_lossless&amp;ret_img\/https:\/\/www.galerie-schwind.de\/wp-content\/uploads\/2022\/01\/24_02-Weisses-Waeldchen-2024-Acryl-und-Oel-auf-Leinwand-30-x-40-cm.jpg\" title=\"Markus Matthias Kr\u00fcger, Wei\u00dfes W\u00e4ldchen, 2024, Acryl und \u00d6l auf Leinwand, 30 x 40 cm\" data-caption=\"\" src=\"https:\/\/wp-modula.b-cdn.net\/spai\/q_glossy&amp;ret_img&amp;w_800&amp;h_596\/https:\/\/www.galerie-schwind.de\/wp-content\/uploads\/2022\/01\/24_02-Weisses-Waeldchen-2024-Acryl-und-Oel-auf-Leinwand-30-x-40-cm-800x596.jpg\" data-src=\"https:\/\/wp-modula.b-cdn.net\/spai\/q_glossy&amp;ret_img&amp;w_800&amp;h_596\/https:\/\/www.galerie-schwind.de\/wp-content\/uploads\/2022\/01\/24_02-Weisses-Waeldchen-2024-Acryl-und-Oel-auf-Leinwand-30-x-40-cm-800x596.jpg\" width=\"800\" height=\"596\" srcset=\"https:\/\/wp-modula.b-cdn.net\/spai\/q_glossy&amp;ret_img&amp;w_1300&amp;h_968\/https:\/\/www.galerie-schwind.de\/wp-content\/uploads\/2022\/01\/24_02-Weisses-Waeldchen-2024-Acryl-und-Oel-auf-Leinwand-30-x-40-cm.jpg 1300w, https:\/\/wp-modula.b-cdn.net\/spai\/q_glossy&amp;ret_img&amp;w_800&amp;h_596\/https:\/\/www.galerie-schwind.de\/wp-content\/uploads\/2022\/01\/24_02-Weisses-Waeldchen-2024-Acryl-und-Oel-auf-Leinwand-30-x-40-cm-800x596.jpg 800w, https:\/\/wp-modula.b-cdn.net\/spai\/q_glossy&amp;ret_img&amp;w_1280&amp;h_953\/https:\/\/www.galerie-schwind.de\/wp-content\/uploads\/2022\/01\/24_02-Weisses-Waeldchen-2024-Acryl-und-Oel-auf-Leinwand-30-x-40-cm-1280x953.jpg 1280w, https:\/\/wp-modula.b-cdn.net\/spai\/q_glossy&amp;ret_img&amp;w_500&amp;h_372\/https:\/\/www.galerie-schwind.de\/wp-content\/uploads\/2022\/01\/24_02-Weisses-Waeldchen-2024-Acryl-und-Oel-auf-Leinwand-30-x-40-cm-500x372.jpg 500w, https:\/\/wp-modula.b-cdn.net\/spai\/q_glossy&amp;ret_img&amp;w_768&amp;h_572\/https:\/\/www.galerie-schwind.de\/wp-content\/uploads\/2022\/01\/24_02-Weisses-Waeldchen-2024-Acryl-und-Oel-auf-Leinwand-30-x-40-cm-768x572.jpg 768w\" sizes=\"auto, (max-width: 800px) 100vw, 800px\" \/>\n\t\t<div class=\"figc no-description\">\n\t\t\t<div class=\"figc-inner\">\n\t\t\t\t\t\t\t\t\t<div class='jtg-title'>Markus Matthias Kr\u00fcger, Wei\u00dfes W\u00e4ldchen, 2024, Acryl und \u00d6l auf Leinwand, 30 x 40 cm<\/div>\n\t\t\t\t\t\t\t\t\t\t\t\t\t\t\t<\/div>\n\t\t<\/div>\n\n\t<\/div>\n\n<\/div><div class=\"modula-item effect-crafty jtg-filter-all jtg-filter-\" data-width=\"4\" data-height=\"5\" >\n\t<div class=\"modula-item-overlay\"><\/div>\n\n\t<div class=\"modula-item-content\">\n\n\t\t<a data-image-id=\"9298\" role=\"button\" tabindex=\"0\" rel=\"jtg-6564\" data-caption=\"&lt;span class=&quot;modula-caption-title&quot;&gt;Markus Matthias Kr\u00fcger, Senke, 2022, Acryl und \u00d6l auf Leinwand, 40 x 50 cm&lt;\/span&gt;&lt;br&gt;&lt;span class=&quot;modula-caption-description&quot;&gt;&lt;\/span&gt;\" aria-label=\"Open image in lightbox\" data-thumb=\"https:\/\/wp-modula.b-cdn.net\/spai\/q_glossy&amp;ret_img&amp;w_397&amp;h_500\/https:\/\/www.galerie-schwind.de\/wp-content\/uploads\/2022\/01\/22_07-Senke-2022-Acryl-und-Oel-auf-Leinwand-40-x-50-cm-397x500.jpg\" class=\"tile-inner modula-item-link\"><\/a><img loading=\"lazy\" decoding=\"async\" class=\"pic wp-image-9298\"  data-valign=\"middle\" data-halign=\"center\" alt=\"\" data-full=\"https:\/\/wp-modula.b-cdn.net\/spai\/q_lossless&amp;ret_img\/https:\/\/www.galerie-schwind.de\/wp-content\/uploads\/2022\/01\/22_07-Senke-2022-Acryl-und-Oel-auf-Leinwand-40-x-50-cm.jpg\" title=\"Markus Matthias Kr\u00fcger, Senke, 2022, Acryl und \u00d6l auf Leinwand, 40 x 50 cm\" data-caption=\"\" src=\"https:\/\/wp-modula.b-cdn.net\/spai\/q_glossy&amp;ret_img&amp;w_636&amp;h_800\/https:\/\/www.galerie-schwind.de\/wp-content\/uploads\/2022\/01\/22_07-Senke-2022-Acryl-und-Oel-auf-Leinwand-40-x-50-cm-636x800.jpg\" data-src=\"https:\/\/wp-modula.b-cdn.net\/spai\/q_glossy&amp;ret_img&amp;w_636&amp;h_800\/https:\/\/www.galerie-schwind.de\/wp-content\/uploads\/2022\/01\/22_07-Senke-2022-Acryl-und-Oel-auf-Leinwand-40-x-50-cm-636x800.jpg\" width=\"636\" height=\"800\" srcset=\"https:\/\/wp-modula.b-cdn.net\/spai\/q_glossy&amp;ret_img&amp;w_1033&amp;h_1300\/https:\/\/www.galerie-schwind.de\/wp-content\/uploads\/2022\/01\/22_07-Senke-2022-Acryl-und-Oel-auf-Leinwand-40-x-50-cm.jpg 1033w, https:\/\/wp-modula.b-cdn.net\/spai\/q_glossy&amp;ret_img&amp;w_636&amp;h_800\/https:\/\/www.galerie-schwind.de\/wp-content\/uploads\/2022\/01\/22_07-Senke-2022-Acryl-und-Oel-auf-Leinwand-40-x-50-cm-636x800.jpg 636w, https:\/\/wp-modula.b-cdn.net\/spai\/q_glossy&amp;ret_img&amp;w_1017&amp;h_1280\/https:\/\/www.galerie-schwind.de\/wp-content\/uploads\/2022\/01\/22_07-Senke-2022-Acryl-und-Oel-auf-Leinwand-40-x-50-cm-1017x1280.jpg 1017w, https:\/\/wp-modula.b-cdn.net\/spai\/q_glossy&amp;ret_img&amp;w_397&amp;h_500\/https:\/\/www.galerie-schwind.de\/wp-content\/uploads\/2022\/01\/22_07-Senke-2022-Acryl-und-Oel-auf-Leinwand-40-x-50-cm-397x500.jpg 397w, https:\/\/wp-modula.b-cdn.net\/spai\/q_glossy&amp;ret_img&amp;w_768&amp;h_967\/https:\/\/www.galerie-schwind.de\/wp-content\/uploads\/2022\/01\/22_07-Senke-2022-Acryl-und-Oel-auf-Leinwand-40-x-50-cm-768x967.jpg 768w\" sizes=\"auto, (max-width: 636px) 100vw, 636px\" \/>\n\t\t<div class=\"figc no-description\">\n\t\t\t<div class=\"figc-inner\">\n\t\t\t\t\t\t\t\t\t<div class='jtg-title'>Markus Matthias Kr\u00fcger, Senke, 2022, Acryl und \u00d6l auf Leinwand, 40 x 50 cm<\/div>\n\t\t\t\t\t\t\t\t\t\t\t\t\t\t\t<\/div>\n\t\t<\/div>\n\n\t<\/div>\n\n<\/div><div class=\"modula-item effect-crafty jtg-filter-all jtg-filter-\" data-width=\"4\" data-height=\"5\" >\n\t<div class=\"modula-item-overlay\"><\/div>\n\n\t<div class=\"modula-item-content\">\n\n\t\t<a data-image-id=\"10262\" role=\"button\" tabindex=\"0\" rel=\"jtg-6564\" data-caption=\"&lt;span class=&quot;modula-caption-title&quot;&gt;Markus Matthias Kr\u00fcger, Gewundene B\u00e4ume, 2024, Acryl und \u00d6l auf Leinwand, 40 x 30 cm&lt;\/span&gt;&lt;br&gt;&lt;span class=&quot;modula-caption-description&quot;&gt;&lt;\/span&gt;\" aria-label=\"Open image in lightbox\" data-thumb=\"https:\/\/wp-modula.b-cdn.net\/spai\/q_glossy&amp;ret_img&amp;w_372&amp;h_500\/https:\/\/www.galerie-schwind.de\/wp-content\/uploads\/2024\/10\/24_01-Gewundene-Baeume-2024-Acryl-und-Oel-auf-Leinwand-40-x-30-cm-372x500.jpg\" class=\"tile-inner modula-item-link\"><\/a><img loading=\"lazy\" decoding=\"async\" class=\"pic wp-image-10262\"  data-valign=\"middle\" data-halign=\"center\" alt=\"\" data-full=\"https:\/\/wp-modula.b-cdn.net\/spai\/q_lossless&amp;ret_img\/https:\/\/www.galerie-schwind.de\/wp-content\/uploads\/2024\/10\/24_01-Gewundene-Baeume-2024-Acryl-und-Oel-auf-Leinwand-40-x-30-cm.jpg\" title=\"Markus Matthias Kr\u00fcger, Gewundene B\u00e4ume, 2024, Acryl und \u00d6l auf Leinwand, 40 x 30 cm\" data-caption=\"\" src=\"https:\/\/wp-modula.b-cdn.net\/spai\/q_glossy&amp;ret_img&amp;w_595&amp;h_800\/https:\/\/www.galerie-schwind.de\/wp-content\/uploads\/2024\/10\/24_01-Gewundene-Baeume-2024-Acryl-und-Oel-auf-Leinwand-40-x-30-cm-595x800.jpg\" data-src=\"https:\/\/wp-modula.b-cdn.net\/spai\/q_glossy&amp;ret_img&amp;w_595&amp;h_800\/https:\/\/www.galerie-schwind.de\/wp-content\/uploads\/2024\/10\/24_01-Gewundene-Baeume-2024-Acryl-und-Oel-auf-Leinwand-40-x-30-cm-595x800.jpg\" width=\"595\" height=\"800\" srcset=\"https:\/\/wp-modula.b-cdn.net\/spai\/q_glossy&amp;ret_img&amp;w_967&amp;h_1300\/https:\/\/www.galerie-schwind.de\/wp-content\/uploads\/2024\/10\/24_01-Gewundene-Baeume-2024-Acryl-und-Oel-auf-Leinwand-40-x-30-cm.jpg 967w, https:\/\/wp-modula.b-cdn.net\/spai\/q_glossy&amp;ret_img&amp;w_595&amp;h_800\/https:\/\/www.galerie-schwind.de\/wp-content\/uploads\/2024\/10\/24_01-Gewundene-Baeume-2024-Acryl-und-Oel-auf-Leinwand-40-x-30-cm-595x800.jpg 595w, https:\/\/wp-modula.b-cdn.net\/spai\/q_glossy&amp;ret_img&amp;w_952&amp;h_1280\/https:\/\/www.galerie-schwind.de\/wp-content\/uploads\/2024\/10\/24_01-Gewundene-Baeume-2024-Acryl-und-Oel-auf-Leinwand-40-x-30-cm-952x1280.jpg 952w, https:\/\/wp-modula.b-cdn.net\/spai\/q_glossy&amp;ret_img&amp;w_372&amp;h_500\/https:\/\/www.galerie-schwind.de\/wp-content\/uploads\/2024\/10\/24_01-Gewundene-Baeume-2024-Acryl-und-Oel-auf-Leinwand-40-x-30-cm-372x500.jpg 372w, https:\/\/wp-modula.b-cdn.net\/spai\/q_glossy&amp;ret_img&amp;w_768&amp;h_1032\/https:\/\/www.galerie-schwind.de\/wp-content\/uploads\/2024\/10\/24_01-Gewundene-Baeume-2024-Acryl-und-Oel-auf-Leinwand-40-x-30-cm-768x1032.jpg 768w\" sizes=\"auto, (max-width: 595px) 100vw, 595px\" \/>\n\t\t<div class=\"figc no-description\">\n\t\t\t<div class=\"figc-inner\">\n\t\t\t\t\t\t\t\t\t<div class='jtg-title'>Markus Matthias Kr\u00fcger, Gewundene B\u00e4ume, 2024, Acryl und \u00d6l auf Leinwand, 40 x 30 cm<\/div>\n\t\t\t\t\t\t\t\t\t\t\t\t\t\t\t<\/div>\n\t\t<\/div>\n\n\t<\/div>\n\n<\/div><div class=\"modula-item effect-crafty jtg-filter-all jtg-filter-\" data-width=\"4\" data-height=\"5\" >\n\t<div class=\"modula-item-overlay\"><\/div>\n\n\t<div class=\"modula-item-content\">\n\n\t\t<a data-image-id=\"10196\" role=\"button\" tabindex=\"0\" rel=\"jtg-6564\" data-caption=\"&lt;span class=&quot;modula-caption-title&quot;&gt;Markus Matthias Kr\u00fcger, Kubistischer Vorgarten, 2024, Acryl und \u00d6l auf Leinwand, 25 x 20 cm&lt;\/span&gt;&lt;br&gt;&lt;span class=&quot;modula-caption-description&quot;&gt;&lt;\/span&gt;\" aria-label=\"Open image in lightbox\" data-thumb=\"https:\/\/wp-modula.b-cdn.net\/spai\/q_glossy&amp;ret_img&amp;w_396&amp;h_500\/https:\/\/www.galerie-schwind.de\/wp-content\/uploads\/2022\/01\/24_05-Kubistischer-Vorgarten-2024-Acryl-und-Oel-auf-Leinwand-25-x-20-cm-396x500.jpg\" class=\"tile-inner modula-item-link\"><\/a><img loading=\"lazy\" decoding=\"async\" class=\"pic wp-image-10196\"  data-valign=\"middle\" data-halign=\"center\" alt=\"\" data-full=\"https:\/\/wp-modula.b-cdn.net\/spai\/q_lossless&amp;ret_img\/https:\/\/www.galerie-schwind.de\/wp-content\/uploads\/2022\/01\/24_05-Kubistischer-Vorgarten-2024-Acryl-und-Oel-auf-Leinwand-25-x-20-cm.jpg\" title=\"Markus Matthias Kr\u00fcger, Kubistischer Vorgarten, 2024, Acryl und \u00d6l auf Leinwand, 25 x 20 cm\" data-caption=\"\" src=\"https:\/\/wp-modula.b-cdn.net\/spai\/q_glossy&amp;ret_img&amp;w_634&amp;h_800\/https:\/\/www.galerie-schwind.de\/wp-content\/uploads\/2022\/01\/24_05-Kubistischer-Vorgarten-2024-Acryl-und-Oel-auf-Leinwand-25-x-20-cm-634x800.jpg\" data-src=\"https:\/\/wp-modula.b-cdn.net\/spai\/q_glossy&amp;ret_img&amp;w_634&amp;h_800\/https:\/\/www.galerie-schwind.de\/wp-content\/uploads\/2022\/01\/24_05-Kubistischer-Vorgarten-2024-Acryl-und-Oel-auf-Leinwand-25-x-20-cm-634x800.jpg\" width=\"634\" height=\"800\" srcset=\"https:\/\/wp-modula.b-cdn.net\/spai\/q_glossy&amp;ret_img&amp;w_1030&amp;h_1300\/https:\/\/www.galerie-schwind.de\/wp-content\/uploads\/2022\/01\/24_05-Kubistischer-Vorgarten-2024-Acryl-und-Oel-auf-Leinwand-25-x-20-cm.jpg 1030w, https:\/\/wp-modula.b-cdn.net\/spai\/q_glossy&amp;ret_img&amp;w_634&amp;h_800\/https:\/\/www.galerie-schwind.de\/wp-content\/uploads\/2022\/01\/24_05-Kubistischer-Vorgarten-2024-Acryl-und-Oel-auf-Leinwand-25-x-20-cm-634x800.jpg 634w, https:\/\/wp-modula.b-cdn.net\/spai\/q_glossy&amp;ret_img&amp;w_1014&amp;h_1280\/https:\/\/www.galerie-schwind.de\/wp-content\/uploads\/2022\/01\/24_05-Kubistischer-Vorgarten-2024-Acryl-und-Oel-auf-Leinwand-25-x-20-cm-1014x1280.jpg 1014w, https:\/\/wp-modula.b-cdn.net\/spai\/q_glossy&amp;ret_img&amp;w_396&amp;h_500\/https:\/\/www.galerie-schwind.de\/wp-content\/uploads\/2022\/01\/24_05-Kubistischer-Vorgarten-2024-Acryl-und-Oel-auf-Leinwand-25-x-20-cm-396x500.jpg 396w, https:\/\/wp-modula.b-cdn.net\/spai\/q_glossy&amp;ret_img&amp;w_768&amp;h_969\/https:\/\/www.galerie-schwind.de\/wp-content\/uploads\/2022\/01\/24_05-Kubistischer-Vorgarten-2024-Acryl-und-Oel-auf-Leinwand-25-x-20-cm-768x969.jpg 768w\" sizes=\"auto, (max-width: 634px) 100vw, 634px\" \/>\n\t\t<div class=\"figc no-description\">\n\t\t\t<div class=\"figc-inner\">\n\t\t\t\t\t\t\t\t\t<div class='jtg-title'>Markus Matthias Kr\u00fcger, Kubistischer Vorgarten, 2024, Acryl und \u00d6l auf Leinwand, 25 x 20 cm<\/div>\n\t\t\t\t\t\t\t\t\t\t\t\t\t\t\t<\/div>\n\t\t<\/div>\n\n\t<\/div>\n\n<\/div><div class=\"modula-item effect-crafty jtg-filter-all jtg-filter-\" data-width=\"6\" data-height=\"5\" >\n\t<div class=\"modula-item-overlay\"><\/div>\n\n\t<div class=\"modula-item-content\">\n\n\t\t<a data-image-id=\"10194\" role=\"button\" tabindex=\"0\" rel=\"jtg-6564\" data-caption=\"&lt;span class=&quot;modula-caption-title&quot;&gt;Markus Matthias Kr\u00fcger, Baumreihe, 2023, Acryl und \u00d6l auf Leinwand, 60 x 80 cm&lt;\/span&gt;&lt;br&gt;&lt;span class=&quot;modula-caption-description&quot;&gt;&lt;\/span&gt;\" aria-label=\"Open image in lightbox\" data-thumb=\"https:\/\/wp-modula.b-cdn.net\/spai\/q_glossy&amp;ret_img&amp;w_500&amp;h_374\/https:\/\/www.galerie-schwind.de\/wp-content\/uploads\/2022\/01\/23_01-Baumreihe-2023-Acryl-und-Oel-auf-Leinwand-60-x-80-cm-500x374.jpg\" class=\"tile-inner modula-item-link\"><\/a><img loading=\"lazy\" decoding=\"async\" class=\"pic wp-image-10194\"  data-valign=\"middle\" data-halign=\"center\" alt=\"\" data-full=\"https:\/\/wp-modula.b-cdn.net\/spai\/q_lossless&amp;ret_img\/https:\/\/www.galerie-schwind.de\/wp-content\/uploads\/2022\/01\/23_01-Baumreihe-2023-Acryl-und-Oel-auf-Leinwand-60-x-80-cm.jpg\" title=\"Markus Matthias Kr\u00fcger, Baumreihe, 2023, Acryl und \u00d6l auf Leinwand, 60 x 80 cm\" data-caption=\"\" src=\"https:\/\/wp-modula.b-cdn.net\/spai\/q_glossy&amp;ret_img&amp;w_800&amp;h_598\/https:\/\/www.galerie-schwind.de\/wp-content\/uploads\/2022\/01\/23_01-Baumreihe-2023-Acryl-und-Oel-auf-Leinwand-60-x-80-cm-800x598.jpg\" data-src=\"https:\/\/wp-modula.b-cdn.net\/spai\/q_glossy&amp;ret_img&amp;w_800&amp;h_598\/https:\/\/www.galerie-schwind.de\/wp-content\/uploads\/2022\/01\/23_01-Baumreihe-2023-Acryl-und-Oel-auf-Leinwand-60-x-80-cm-800x598.jpg\" width=\"800\" height=\"598\" srcset=\"https:\/\/wp-modula.b-cdn.net\/spai\/q_glossy&amp;ret_img&amp;w_1300&amp;h_972\/https:\/\/www.galerie-schwind.de\/wp-content\/uploads\/2022\/01\/23_01-Baumreihe-2023-Acryl-und-Oel-auf-Leinwand-60-x-80-cm.jpg 1300w, https:\/\/wp-modula.b-cdn.net\/spai\/q_glossy&amp;ret_img&amp;w_800&amp;h_598\/https:\/\/www.galerie-schwind.de\/wp-content\/uploads\/2022\/01\/23_01-Baumreihe-2023-Acryl-und-Oel-auf-Leinwand-60-x-80-cm-800x598.jpg 800w, https:\/\/wp-modula.b-cdn.net\/spai\/q_glossy&amp;ret_img&amp;w_1280&amp;h_957\/https:\/\/www.galerie-schwind.de\/wp-content\/uploads\/2022\/01\/23_01-Baumreihe-2023-Acryl-und-Oel-auf-Leinwand-60-x-80-cm-1280x957.jpg 1280w, https:\/\/wp-modula.b-cdn.net\/spai\/q_glossy&amp;ret_img&amp;w_500&amp;h_374\/https:\/\/www.galerie-schwind.de\/wp-content\/uploads\/2022\/01\/23_01-Baumreihe-2023-Acryl-und-Oel-auf-Leinwand-60-x-80-cm-500x374.jpg 500w, https:\/\/wp-modula.b-cdn.net\/spai\/q_glossy&amp;ret_img&amp;w_768&amp;h_574\/https:\/\/www.galerie-schwind.de\/wp-content\/uploads\/2022\/01\/23_01-Baumreihe-2023-Acryl-und-Oel-auf-Leinwand-60-x-80-cm-768x574.jpg 768w\" sizes=\"auto, (max-width: 800px) 100vw, 800px\" \/>\n\t\t<div class=\"figc no-description\">\n\t\t\t<div class=\"figc-inner\">\n\t\t\t\t\t\t\t\t\t<div class='jtg-title'>Markus Matthias Kr\u00fcger, Baumreihe, 2023, Acryl und \u00d6l auf Leinwand, 60 x 80 cm<\/div>\n\t\t\t\t\t\t\t\t\t\t\t\t\t\t\t<\/div>\n\t\t<\/div>\n\n\t<\/div>\n\n<\/div><div class=\"modula-item effect-crafty jtg-filter-all jtg-filter-\" data-width=\"6\" data-height=\"5\" >\n\t<div class=\"modula-item-overlay\"><\/div>\n\n\t<div class=\"modula-item-content\">\n\n\t\t<a data-image-id=\"10374\" role=\"button\" tabindex=\"0\" rel=\"jtg-6564\" data-caption=\"&lt;span class=&quot;modula-caption-title&quot;&gt;Markus Matthias Kr\u00fcger, Durchblick II, 2024, Acryl und \u00d6l auf Leinwand, 45 x 60 cm&lt;\/span&gt;&lt;br&gt;&lt;span class=&quot;modula-caption-description&quot;&gt;&lt;\/span&gt;\" aria-label=\"Open image in lightbox\" data-thumb=\"https:\/\/wp-modula.b-cdn.net\/spai\/q_glossy&amp;ret_img&amp;w_500&amp;h_372\/https:\/\/www.galerie-schwind.de\/wp-content\/uploads\/2022\/01\/24_06-Durchblick-II-2024-Acryl-und-Oel-auf-Leinwand-45-x-60-cm-500x372.jpg\" class=\"tile-inner modula-item-link\"><\/a><img loading=\"lazy\" decoding=\"async\" class=\"pic wp-image-10374\"  data-valign=\"middle\" data-halign=\"center\" alt=\"\" data-full=\"https:\/\/wp-modula.b-cdn.net\/spai\/q_lossless&amp;ret_img\/https:\/\/www.galerie-schwind.de\/wp-content\/uploads\/2022\/01\/24_06-Durchblick-II-2024-Acryl-und-Oel-auf-Leinwand-45-x-60-cm.jpg\" title=\"Markus Matthias Kr\u00fcger, Durchblick II, 2024, Acryl und \u00d6l auf Leinwand, 45 x 60 cm\" data-caption=\"\" src=\"https:\/\/wp-modula.b-cdn.net\/spai\/q_glossy&amp;ret_img&amp;w_800&amp;h_595\/https:\/\/www.galerie-schwind.de\/wp-content\/uploads\/2022\/01\/24_06-Durchblick-II-2024-Acryl-und-Oel-auf-Leinwand-45-x-60-cm-800x595.jpg\" data-src=\"https:\/\/wp-modula.b-cdn.net\/spai\/q_glossy&amp;ret_img&amp;w_800&amp;h_595\/https:\/\/www.galerie-schwind.de\/wp-content\/uploads\/2022\/01\/24_06-Durchblick-II-2024-Acryl-und-Oel-auf-Leinwand-45-x-60-cm-800x595.jpg\" width=\"800\" height=\"595\" srcset=\"https:\/\/wp-modula.b-cdn.net\/spai\/q_glossy&amp;ret_img&amp;w_1300&amp;h_967\/https:\/\/www.galerie-schwind.de\/wp-content\/uploads\/2022\/01\/24_06-Durchblick-II-2024-Acryl-und-Oel-auf-Leinwand-45-x-60-cm.jpg 1300w, https:\/\/wp-modula.b-cdn.net\/spai\/q_glossy&amp;ret_img&amp;w_800&amp;h_595\/https:\/\/www.galerie-schwind.de\/wp-content\/uploads\/2022\/01\/24_06-Durchblick-II-2024-Acryl-und-Oel-auf-Leinwand-45-x-60-cm-800x595.jpg 800w, https:\/\/wp-modula.b-cdn.net\/spai\/q_glossy&amp;ret_img&amp;w_1280&amp;h_952\/https:\/\/www.galerie-schwind.de\/wp-content\/uploads\/2022\/01\/24_06-Durchblick-II-2024-Acryl-und-Oel-auf-Leinwand-45-x-60-cm-1280x952.jpg 1280w, https:\/\/wp-modula.b-cdn.net\/spai\/q_glossy&amp;ret_img&amp;w_500&amp;h_372\/https:\/\/www.galerie-schwind.de\/wp-content\/uploads\/2022\/01\/24_06-Durchblick-II-2024-Acryl-und-Oel-auf-Leinwand-45-x-60-cm-500x372.jpg 500w, https:\/\/wp-modula.b-cdn.net\/spai\/q_glossy&amp;ret_img&amp;w_768&amp;h_571\/https:\/\/www.galerie-schwind.de\/wp-content\/uploads\/2022\/01\/24_06-Durchblick-II-2024-Acryl-und-Oel-auf-Leinwand-45-x-60-cm-768x571.jpg 768w\" sizes=\"auto, (max-width: 800px) 100vw, 800px\" \/>\n\t\t<div class=\"figc no-description\">\n\t\t\t<div class=\"figc-inner\">\n\t\t\t\t\t\t\t\t\t<div class='jtg-title'>Markus Matthias Kr\u00fcger, Durchblick II, 2024, Acryl und \u00d6l auf Leinwand, 45 x 60 cm<\/div>\n\t\t\t\t\t\t\t\t\t\t\t\t\t\t\t<\/div>\n\t\t<\/div>\n\n\t<\/div>\n\n<\/div><div class=\"modula-item effect-crafty jtg-filter-all jtg-filter-\" data-width=\"4\" data-height=\"3\" >\n\t<div class=\"modula-item-overlay\"><\/div>\n\n\t<div class=\"modula-item-content\">\n\n\t\t<a data-image-id=\"6550\" role=\"button\" tabindex=\"0\" rel=\"jtg-6564\" data-caption=\"&lt;span class=&quot;modula-caption-title&quot;&gt;Markus Matthias Kr\u00fcger, Arcus, 2019, Acryl und \u00d6l auf Leinwand, 20 x 25 cm&lt;\/span&gt;&lt;br&gt;&lt;span class=&quot;modula-caption-description&quot;&gt;&lt;\/span&gt;\" aria-label=\"Open image in lightbox\" data-thumb=\"https:\/\/wp-modula.b-cdn.net\/spai\/q_glossy&amp;ret_img&amp;w_500&amp;h_399\/https:\/\/www.galerie-schwind.de\/wp-content\/uploads\/2022\/01\/19_04_Arcus_2019-Kopie-500x399.jpg\" class=\"tile-inner modula-item-link\"><\/a><img loading=\"lazy\" decoding=\"async\" class=\"pic wp-image-6550\"  data-valign=\"middle\" data-halign=\"center\" alt=\"\" data-full=\"https:\/\/wp-modula.b-cdn.net\/spai\/q_lossless&amp;ret_img\/https:\/\/www.galerie-schwind.de\/wp-content\/uploads\/2022\/01\/19_04_Arcus_2019-Kopie.jpg\" title=\"Markus Matthias Kr\u00fcger, Arcus, 2019, Acryl und \u00d6l auf Leinwand, 20 x 25 cm\" data-caption=\"\" src=\"https:\/\/wp-modula.b-cdn.net\/spai\/q_glossy&amp;ret_img&amp;w_800&amp;h_638\/https:\/\/www.galerie-schwind.de\/wp-content\/uploads\/2022\/01\/19_04_Arcus_2019-Kopie-800x638.jpg\" data-src=\"https:\/\/wp-modula.b-cdn.net\/spai\/q_glossy&amp;ret_img&amp;w_800&amp;h_638\/https:\/\/www.galerie-schwind.de\/wp-content\/uploads\/2022\/01\/19_04_Arcus_2019-Kopie-800x638.jpg\" width=\"800\" height=\"638\" srcset=\"https:\/\/wp-modula.b-cdn.net\/spai\/q_glossy&amp;ret_img&amp;w_1000&amp;h_798\/https:\/\/www.galerie-schwind.de\/wp-content\/uploads\/2022\/01\/19_04_Arcus_2019-Kopie.jpg 1000w, https:\/\/wp-modula.b-cdn.net\/spai\/q_glossy&amp;ret_img&amp;w_800&amp;h_638\/https:\/\/www.galerie-schwind.de\/wp-content\/uploads\/2022\/01\/19_04_Arcus_2019-Kopie-800x638.jpg 800w, https:\/\/wp-modula.b-cdn.net\/spai\/q_glossy&amp;ret_img&amp;w_500&amp;h_399\/https:\/\/www.galerie-schwind.de\/wp-content\/uploads\/2022\/01\/19_04_Arcus_2019-Kopie-500x399.jpg 500w, https:\/\/wp-modula.b-cdn.net\/spai\/q_glossy&amp;ret_img&amp;w_768&amp;h_613\/https:\/\/www.galerie-schwind.de\/wp-content\/uploads\/2022\/01\/19_04_Arcus_2019-Kopie-768x613.jpg 768w\" sizes=\"auto, (max-width: 800px) 100vw, 800px\" \/>\n\t\t<div class=\"figc no-description\">\n\t\t\t<div class=\"figc-inner\">\n\t\t\t\t\t\t\t\t\t<div class='jtg-title'>Markus Matthias Kr\u00fcger, Arcus, 2019, Acryl und \u00d6l auf Leinwand, 20 x 25 cm<\/div>\n\t\t\t\t\t\t\t\t\t\t\t\t\t\t\t<\/div>\n\t\t<\/div>\n\n\t<\/div>\n\n<\/div><div class=\"modula-item effect-crafty jtg-filter-all jtg-filter-\" data-width=\"8\" data-height=\"5\" >\n\t<div class=\"modula-item-overlay\"><\/div>\n\n\t<div class=\"modula-item-content\">\n\n\t\t<a data-image-id=\"6541\" role=\"button\" tabindex=\"0\" rel=\"jtg-6564\" data-caption=\"&lt;span class=&quot;modula-caption-title&quot;&gt;Markus Matthias Kr\u00fcger, See, 2015, Acryl und \u00d6l auf Leinwand, 190 x 270 cm&lt;\/span&gt;&lt;br&gt;&lt;span class=&quot;modula-caption-description&quot;&gt;&lt;\/span&gt;\" aria-label=\"Open image in lightbox\" data-thumb=\"https:\/\/wp-modula.b-cdn.net\/spai\/q_glossy&amp;ret_img&amp;w_500&amp;h_351\/https:\/\/www.galerie-schwind.de\/wp-content\/uploads\/2022\/01\/15_09-See-2015-Acryl-und-Oel-auf-Leinwand-190-x-270-cm-Kopie-500x351.jpg\" class=\"tile-inner modula-item-link\"><\/a><img loading=\"lazy\" decoding=\"async\" class=\"pic wp-image-6541\"  data-valign=\"middle\" data-halign=\"center\" alt=\"\" data-full=\"https:\/\/wp-modula.b-cdn.net\/spai\/q_lossless&amp;ret_img\/https:\/\/www.galerie-schwind.de\/wp-content\/uploads\/2022\/01\/15_09-See-2015-Acryl-und-Oel-auf-Leinwand-190-x-270-cm-Kopie.jpg\" title=\"Markus Matthias Kr\u00fcger, See, 2015, Acryl und \u00d6l auf Leinwand, 190 x 270 cm\" data-caption=\"\" src=\"https:\/\/wp-modula.b-cdn.net\/spai\/q_glossy&amp;ret_img&amp;w_800&amp;h_562\/https:\/\/www.galerie-schwind.de\/wp-content\/uploads\/2022\/01\/15_09-See-2015-Acryl-und-Oel-auf-Leinwand-190-x-270-cm-Kopie-800x562.jpg\" data-src=\"https:\/\/wp-modula.b-cdn.net\/spai\/q_glossy&amp;ret_img&amp;w_800&amp;h_562\/https:\/\/www.galerie-schwind.de\/wp-content\/uploads\/2022\/01\/15_09-See-2015-Acryl-und-Oel-auf-Leinwand-190-x-270-cm-Kopie-800x562.jpg\" width=\"800\" height=\"562\" srcset=\"https:\/\/wp-modula.b-cdn.net\/spai\/q_glossy&amp;ret_img&amp;w_1000&amp;h_702\/https:\/\/www.galerie-schwind.de\/wp-content\/uploads\/2022\/01\/15_09-See-2015-Acryl-und-Oel-auf-Leinwand-190-x-270-cm-Kopie.jpg 1000w, https:\/\/wp-modula.b-cdn.net\/spai\/q_glossy&amp;ret_img&amp;w_800&amp;h_562\/https:\/\/www.galerie-schwind.de\/wp-content\/uploads\/2022\/01\/15_09-See-2015-Acryl-und-Oel-auf-Leinwand-190-x-270-cm-Kopie-800x562.jpg 800w, https:\/\/wp-modula.b-cdn.net\/spai\/q_glossy&amp;ret_img&amp;w_500&amp;h_351\/https:\/\/www.galerie-schwind.de\/wp-content\/uploads\/2022\/01\/15_09-See-2015-Acryl-und-Oel-auf-Leinwand-190-x-270-cm-Kopie-500x351.jpg 500w, https:\/\/wp-modula.b-cdn.net\/spai\/q_glossy&amp;ret_img&amp;w_768&amp;h_539\/https:\/\/www.galerie-schwind.de\/wp-content\/uploads\/2022\/01\/15_09-See-2015-Acryl-und-Oel-auf-Leinwand-190-x-270-cm-Kopie-768x539.jpg 768w\" sizes=\"auto, (max-width: 800px) 100vw, 800px\" \/>\n\t\t<div class=\"figc no-description\">\n\t\t\t<div class=\"figc-inner\">\n\t\t\t\t\t\t\t\t\t<div class='jtg-title'>Markus Matthias Kr\u00fcger, See, 2015, Acryl und \u00d6l auf Leinwand, 190 x 270 cm<\/div>\n\t\t\t\t\t\t\t\t\t\t\t\t\t\t\t<\/div>\n\t\t<\/div>\n\n\t<\/div>\n\n<\/div><div class=\"modula-item effect-crafty jtg-filter-all jtg-filter-\" data-width=\"4\" data-height=\"4\" >\n\t<div class=\"modula-item-overlay\"><\/div>\n\n\t<div class=\"modula-item-content\">\n\n\t\t<a data-image-id=\"6554\" role=\"button\" tabindex=\"0\" rel=\"jtg-6564\" data-caption=\"&lt;span class=&quot;modula-caption-title&quot;&gt;Markus Matthias Kr\u00fcger, Herbst-Tag, 2020, Acryl und \u00d6l auf Leinwand, 30 x 40 cm&lt;\/span&gt;&lt;br&gt;&lt;span class=&quot;modula-caption-description&quot;&gt;&lt;\/span&gt;\" aria-label=\"Open image in lightbox\" data-thumb=\"https:\/\/wp-modula.b-cdn.net\/spai\/q_glossy&amp;ret_img&amp;w_500&amp;h_373\/https:\/\/www.galerie-schwind.de\/wp-content\/uploads\/2022\/01\/20_01_Herbsttag_2020-Kopie-500x373.jpg\" class=\"tile-inner modula-item-link\"><\/a><img loading=\"lazy\" decoding=\"async\" class=\"pic wp-image-6554\"  data-valign=\"middle\" data-halign=\"center\" alt=\"\" data-full=\"https:\/\/wp-modula.b-cdn.net\/spai\/q_lossless&amp;ret_img\/https:\/\/www.galerie-schwind.de\/wp-content\/uploads\/2022\/01\/20_01_Herbsttag_2020-Kopie.jpg\" title=\"Markus Matthias Kr\u00fcger, Herbst-Tag, 2020, Acryl und \u00d6l auf Leinwand, 30 x 40 cm\" data-caption=\"\" src=\"https:\/\/wp-modula.b-cdn.net\/spai\/q_glossy&amp;ret_img&amp;w_800&amp;h_597\/https:\/\/www.galerie-schwind.de\/wp-content\/uploads\/2022\/01\/20_01_Herbsttag_2020-Kopie-800x597.jpg\" data-src=\"https:\/\/wp-modula.b-cdn.net\/spai\/q_glossy&amp;ret_img&amp;w_800&amp;h_597\/https:\/\/www.galerie-schwind.de\/wp-content\/uploads\/2022\/01\/20_01_Herbsttag_2020-Kopie-800x597.jpg\" width=\"800\" height=\"597\" srcset=\"https:\/\/wp-modula.b-cdn.net\/spai\/q_glossy&amp;ret_img&amp;w_1000&amp;h_746\/https:\/\/www.galerie-schwind.de\/wp-content\/uploads\/2022\/01\/20_01_Herbsttag_2020-Kopie.jpg 1000w, https:\/\/wp-modula.b-cdn.net\/spai\/q_glossy&amp;ret_img&amp;w_800&amp;h_597\/https:\/\/www.galerie-schwind.de\/wp-content\/uploads\/2022\/01\/20_01_Herbsttag_2020-Kopie-800x597.jpg 800w, https:\/\/wp-modula.b-cdn.net\/spai\/q_glossy&amp;ret_img&amp;w_500&amp;h_373\/https:\/\/www.galerie-schwind.de\/wp-content\/uploads\/2022\/01\/20_01_Herbsttag_2020-Kopie-500x373.jpg 500w, https:\/\/wp-modula.b-cdn.net\/spai\/q_glossy&amp;ret_img&amp;w_768&amp;h_573\/https:\/\/www.galerie-schwind.de\/wp-content\/uploads\/2022\/01\/20_01_Herbsttag_2020-Kopie-768x573.jpg 768w\" sizes=\"auto, (max-width: 800px) 100vw, 800px\" \/>\n\t\t<div class=\"figc no-description\">\n\t\t\t<div class=\"figc-inner\">\n\t\t\t\t\t\t\t\t\t<div class='jtg-title'>Markus Matthias Kr\u00fcger, Herbst-Tag, 2020, Acryl und \u00d6l auf Leinwand, 30 x 40 cm<\/div>\n\t\t\t\t\t\t\t\t\t\t\t\t\t\t\t<\/div>\n\t\t<\/div>\n\n\t<\/div>\n\n<\/div><div class=\"modula-item effect-crafty jtg-filter-all jtg-filter-\" data-width=\"8\" data-height=\"5\" >\n\t<div class=\"modula-item-overlay\"><\/div>\n\n\t<div class=\"modula-item-content\">\n\n\t\t<a data-image-id=\"9296\" role=\"button\" tabindex=\"0\" rel=\"jtg-6564\" data-caption=\"&lt;span class=&quot;modula-caption-title&quot;&gt;Markus Matthias Kr\u00fcger, Landstra\u00dfe, 2023, Acryl und \u00d6l auf Leinwand, 80 x 120 cm&lt;\/span&gt;&lt;br&gt;&lt;span class=&quot;modula-caption-description&quot;&gt;&lt;\/span&gt;\" aria-label=\"Open image in lightbox\" data-thumb=\"https:\/\/wp-modula.b-cdn.net\/spai\/q_glossy&amp;ret_img&amp;w_500&amp;h_333\/https:\/\/www.galerie-schwind.de\/wp-content\/uploads\/2022\/01\/23_05-Landstrasse-2023-Acryl-und-Oel-auf-Leinwand-80-x-120-cm-500x333.jpg\" class=\"tile-inner modula-item-link\"><\/a><img loading=\"lazy\" decoding=\"async\" class=\"pic wp-image-9296\"  data-valign=\"middle\" data-halign=\"center\" alt=\"\" data-full=\"https:\/\/wp-modula.b-cdn.net\/spai\/q_lossless&amp;ret_img\/https:\/\/www.galerie-schwind.de\/wp-content\/uploads\/2022\/01\/23_05-Landstrasse-2023-Acryl-und-Oel-auf-Leinwand-80-x-120-cm.jpg\" title=\"Markus Matthias Kr\u00fcger, Landstra\u00dfe, 2023, Acryl und \u00d6l auf Leinwand, 80 x 120 cm\" data-caption=\"\" src=\"https:\/\/wp-modula.b-cdn.net\/spai\/q_glossy&amp;ret_img&amp;w_800&amp;h_532\/https:\/\/www.galerie-schwind.de\/wp-content\/uploads\/2022\/01\/23_05-Landstrasse-2023-Acryl-und-Oel-auf-Leinwand-80-x-120-cm-800x532.jpg\" data-src=\"https:\/\/wp-modula.b-cdn.net\/spai\/q_glossy&amp;ret_img&amp;w_800&amp;h_532\/https:\/\/www.galerie-schwind.de\/wp-content\/uploads\/2022\/01\/23_05-Landstrasse-2023-Acryl-und-Oel-auf-Leinwand-80-x-120-cm-800x532.jpg\" width=\"800\" height=\"532\" srcset=\"https:\/\/wp-modula.b-cdn.net\/spai\/q_glossy&amp;ret_img&amp;w_1300&amp;h_865\/https:\/\/www.galerie-schwind.de\/wp-content\/uploads\/2022\/01\/23_05-Landstrasse-2023-Acryl-und-Oel-auf-Leinwand-80-x-120-cm.jpg 1300w, https:\/\/wp-modula.b-cdn.net\/spai\/q_glossy&amp;ret_img&amp;w_800&amp;h_532\/https:\/\/www.galerie-schwind.de\/wp-content\/uploads\/2022\/01\/23_05-Landstrasse-2023-Acryl-und-Oel-auf-Leinwand-80-x-120-cm-800x532.jpg 800w, https:\/\/wp-modula.b-cdn.net\/spai\/q_glossy&amp;ret_img&amp;w_1280&amp;h_852\/https:\/\/www.galerie-schwind.de\/wp-content\/uploads\/2022\/01\/23_05-Landstrasse-2023-Acryl-und-Oel-auf-Leinwand-80-x-120-cm-1280x852.jpg 1280w, https:\/\/wp-modula.b-cdn.net\/spai\/q_glossy&amp;ret_img&amp;w_500&amp;h_333\/https:\/\/www.galerie-schwind.de\/wp-content\/uploads\/2022\/01\/23_05-Landstrasse-2023-Acryl-und-Oel-auf-Leinwand-80-x-120-cm-500x333.jpg 500w, https:\/\/wp-modula.b-cdn.net\/spai\/q_glossy&amp;ret_img&amp;w_768&amp;h_511\/https:\/\/www.galerie-schwind.de\/wp-content\/uploads\/2022\/01\/23_05-Landstrasse-2023-Acryl-und-Oel-auf-Leinwand-80-x-120-cm-768x511.jpg 768w\" sizes=\"auto, (max-width: 800px) 100vw, 800px\" \/>\n\t\t<div class=\"figc no-description\">\n\t\t\t<div class=\"figc-inner\">\n\t\t\t\t\t\t\t\t\t<div class='jtg-title'>Markus Matthias Kr\u00fcger, Landstra\u00dfe, 2023, Acryl und \u00d6l auf Leinwand, 80 x 120 cm<\/div>\n\t\t\t\t\t\t\t\t\t\t\t\t\t\t\t<\/div>\n\t\t<\/div>\n\n\t<\/div>\n\n<\/div><div class=\"modula-item effect-crafty jtg-filter-all jtg-filter-\" data-width=\"4\" data-height=\"3\" >\n\t<div class=\"modula-item-overlay\"><\/div>\n\n\t<div class=\"modula-item-content\">\n\n\t\t<a data-image-id=\"6545\" role=\"button\" tabindex=\"0\" rel=\"jtg-6564\" data-caption=\"&lt;span class=&quot;modula-caption-title&quot;&gt;Markus Matthias Kr\u00fcger, Hinterhaus, 2018, Acryl und \u00d6l  auf Leinwand, 30 x 40 cm&lt;\/span&gt;&lt;br&gt;&lt;span class=&quot;modula-caption-description&quot;&gt;&lt;\/span&gt;\" aria-label=\"Open image in lightbox\" data-thumb=\"https:\/\/wp-modula.b-cdn.net\/spai\/q_glossy&amp;ret_img&amp;w_500&amp;h_373\/https:\/\/www.galerie-schwind.de\/wp-content\/uploads\/2022\/01\/18_06-Hinterhaus-2018-Kopie-500x373.jpg\" class=\"tile-inner modula-item-link\"><\/a><img loading=\"lazy\" decoding=\"async\" class=\"pic wp-image-6545\"  data-valign=\"middle\" data-halign=\"center\" alt=\"\" data-full=\"https:\/\/wp-modula.b-cdn.net\/spai\/q_lossless&amp;ret_img\/https:\/\/www.galerie-schwind.de\/wp-content\/uploads\/2022\/01\/18_06-Hinterhaus-2018-Kopie.jpg\" title=\"Markus Matthias Kr\u00fcger, Hinterhaus, 2018, Acryl und \u00d6l  auf Leinwand, 30 x 40 cm\" data-caption=\"\" src=\"https:\/\/wp-modula.b-cdn.net\/spai\/q_glossy&amp;ret_img&amp;w_800&amp;h_597\/https:\/\/www.galerie-schwind.de\/wp-content\/uploads\/2022\/01\/18_06-Hinterhaus-2018-Kopie-800x597.jpg\" data-src=\"https:\/\/wp-modula.b-cdn.net\/spai\/q_glossy&amp;ret_img&amp;w_800&amp;h_597\/https:\/\/www.galerie-schwind.de\/wp-content\/uploads\/2022\/01\/18_06-Hinterhaus-2018-Kopie-800x597.jpg\" width=\"800\" height=\"597\" srcset=\"https:\/\/wp-modula.b-cdn.net\/spai\/q_glossy&amp;ret_img&amp;w_1000&amp;h_746\/https:\/\/www.galerie-schwind.de\/wp-content\/uploads\/2022\/01\/18_06-Hinterhaus-2018-Kopie.jpg 1000w, https:\/\/wp-modula.b-cdn.net\/spai\/q_glossy&amp;ret_img&amp;w_800&amp;h_597\/https:\/\/www.galerie-schwind.de\/wp-content\/uploads\/2022\/01\/18_06-Hinterhaus-2018-Kopie-800x597.jpg 800w, https:\/\/wp-modula.b-cdn.net\/spai\/q_glossy&amp;ret_img&amp;w_500&amp;h_373\/https:\/\/www.galerie-schwind.de\/wp-content\/uploads\/2022\/01\/18_06-Hinterhaus-2018-Kopie-500x373.jpg 500w, https:\/\/wp-modula.b-cdn.net\/spai\/q_glossy&amp;ret_img&amp;w_768&amp;h_573\/https:\/\/www.galerie-schwind.de\/wp-content\/uploads\/2022\/01\/18_06-Hinterhaus-2018-Kopie-768x573.jpg 768w\" sizes=\"auto, (max-width: 800px) 100vw, 800px\" \/>\n\t\t<div class=\"figc no-description\">\n\t\t\t<div class=\"figc-inner\">\n\t\t\t\t\t\t\t\t\t<div class='jtg-title'>Markus Matthias Kr\u00fcger, Hinterhaus, 2018, Acryl und \u00d6l  auf Leinwand, 30 x 40 cm<\/div>\n\t\t\t\t\t\t\t\t\t\t\t\t\t\t\t<\/div>\n\t\t<\/div>\n\n\t<\/div>\n\n<\/div><div class=\"modula-item effect-crafty jtg-filter-all jtg-filter-\" data-width=\"6\" data-height=\"5\" >\n\t<div class=\"modula-item-overlay\"><\/div>\n\n\t<div class=\"modula-item-content\">\n\n\t\t<a data-image-id=\"10212\" role=\"button\" tabindex=\"0\" rel=\"jtg-6564\" data-caption=\"&lt;span class=&quot;modula-caption-title&quot;&gt;Markus Matthias Kr\u00fcger, Stufen, 2022, Acryl und \u00d6l auf Leinwand, 30 x 40 cm&lt;\/span&gt;&lt;br&gt;&lt;span class=&quot;modula-caption-description&quot;&gt;&lt;\/span&gt;\" aria-label=\"Open image in lightbox\" data-thumb=\"https:\/\/wp-modula.b-cdn.net\/spai\/q_glossy&amp;ret_img&amp;w_500&amp;h_370\/https:\/\/www.galerie-schwind.de\/wp-content\/uploads\/2022\/01\/22_10-Stufen-2022-Acryl-und-Oel-auf-Leinwand-30-x-40-cm-500x370.jpg\" class=\"tile-inner modula-item-link\"><\/a><img loading=\"lazy\" decoding=\"async\" class=\"pic wp-image-10212\"  data-valign=\"middle\" data-halign=\"center\" alt=\"\" data-full=\"https:\/\/wp-modula.b-cdn.net\/spai\/q_lossless&amp;ret_img\/https:\/\/www.galerie-schwind.de\/wp-content\/uploads\/2022\/01\/22_10-Stufen-2022-Acryl-und-Oel-auf-Leinwand-30-x-40-cm.jpg\" title=\"Markus Matthias Kr\u00fcger, Stufen, 2022, Acryl und \u00d6l auf Leinwand, 30 x 40 cm\" data-caption=\"\" src=\"https:\/\/wp-modula.b-cdn.net\/spai\/q_glossy&amp;ret_img&amp;w_800&amp;h_591\/https:\/\/www.galerie-schwind.de\/wp-content\/uploads\/2022\/01\/22_10-Stufen-2022-Acryl-und-Oel-auf-Leinwand-30-x-40-cm-800x591.jpg\" data-src=\"https:\/\/wp-modula.b-cdn.net\/spai\/q_glossy&amp;ret_img&amp;w_800&amp;h_591\/https:\/\/www.galerie-schwind.de\/wp-content\/uploads\/2022\/01\/22_10-Stufen-2022-Acryl-und-Oel-auf-Leinwand-30-x-40-cm-800x591.jpg\" width=\"800\" height=\"591\" srcset=\"https:\/\/wp-modula.b-cdn.net\/spai\/q_glossy&amp;ret_img&amp;w_1300&amp;h_961\/https:\/\/www.galerie-schwind.de\/wp-content\/uploads\/2022\/01\/22_10-Stufen-2022-Acryl-und-Oel-auf-Leinwand-30-x-40-cm.jpg 1300w, https:\/\/wp-modula.b-cdn.net\/spai\/q_glossy&amp;ret_img&amp;w_800&amp;h_591\/https:\/\/www.galerie-schwind.de\/wp-content\/uploads\/2022\/01\/22_10-Stufen-2022-Acryl-und-Oel-auf-Leinwand-30-x-40-cm-800x591.jpg 800w, https:\/\/wp-modula.b-cdn.net\/spai\/q_glossy&amp;ret_img&amp;w_1280&amp;h_946\/https:\/\/www.galerie-schwind.de\/wp-content\/uploads\/2022\/01\/22_10-Stufen-2022-Acryl-und-Oel-auf-Leinwand-30-x-40-cm-1280x946.jpg 1280w, https:\/\/wp-modula.b-cdn.net\/spai\/q_glossy&amp;ret_img&amp;w_500&amp;h_370\/https:\/\/www.galerie-schwind.de\/wp-content\/uploads\/2022\/01\/22_10-Stufen-2022-Acryl-und-Oel-auf-Leinwand-30-x-40-cm-500x370.jpg 500w, https:\/\/wp-modula.b-cdn.net\/spai\/q_glossy&amp;ret_img&amp;w_768&amp;h_568\/https:\/\/www.galerie-schwind.de\/wp-content\/uploads\/2022\/01\/22_10-Stufen-2022-Acryl-und-Oel-auf-Leinwand-30-x-40-cm-768x568.jpg 768w\" sizes=\"auto, (max-width: 800px) 100vw, 800px\" \/>\n\t\t<div class=\"figc no-description\">\n\t\t\t<div class=\"figc-inner\">\n\t\t\t\t\t\t\t\t\t<div class='jtg-title'>Markus Matthias Kr\u00fcger, Stufen, 2022, Acryl und \u00d6l auf Leinwand, 30 x 40 cm<\/div>\n\t\t\t\t\t\t\t\t\t\t\t\t\t\t\t<\/div>\n\t\t<\/div>\n\n\t<\/div>\n\n<\/div><div class=\"modula-item effect-crafty jtg-filter-all jtg-filter-\" data-width=\"6\" data-height=\"5\" >\n\t<div class=\"modula-item-overlay\"><\/div>\n\n\t<div class=\"modula-item-content\">\n\n\t\t<a data-image-id=\"6571\" role=\"button\" tabindex=\"0\" rel=\"jtg-6564\" data-caption=\"&lt;span class=&quot;modula-caption-title&quot;&gt;Markus Matthias Kr\u00fcger, H\u00fcgel, 2021, Acryl und \u00d6l auf Leinwand, 60 x 75 cm&lt;\/span&gt;&lt;br&gt;&lt;span class=&quot;modula-caption-description&quot;&gt;&lt;\/span&gt;\" aria-label=\"Open image in lightbox\" data-thumb=\"https:\/\/wp-modula.b-cdn.net\/spai\/q_glossy&amp;ret_img&amp;w_500&amp;h_401\/https:\/\/www.galerie-schwind.de\/wp-content\/uploads\/2022\/01\/21_04-Huegel-500x401.jpg\" class=\"tile-inner modula-item-link\"><\/a><img loading=\"lazy\" decoding=\"async\" class=\"pic wp-image-6571\"  data-valign=\"middle\" data-halign=\"center\" alt=\"\" data-full=\"https:\/\/wp-modula.b-cdn.net\/spai\/q_lossless&amp;ret_img\/https:\/\/www.galerie-schwind.de\/wp-content\/uploads\/2022\/01\/21_04-Huegel.jpg\" title=\"Markus Matthias Kr\u00fcger, H\u00fcgel, 2021, Acryl und \u00d6l auf Leinwand, 60 x 75 cm\" data-caption=\"\" src=\"https:\/\/wp-modula.b-cdn.net\/spai\/q_glossy&amp;ret_img&amp;w_800&amp;h_642\/https:\/\/www.galerie-schwind.de\/wp-content\/uploads\/2022\/01\/21_04-Huegel-800x642.jpg\" data-src=\"https:\/\/wp-modula.b-cdn.net\/spai\/q_glossy&amp;ret_img&amp;w_800&amp;h_642\/https:\/\/www.galerie-schwind.de\/wp-content\/uploads\/2022\/01\/21_04-Huegel-800x642.jpg\" width=\"800\" height=\"642\" srcset=\"https:\/\/wp-modula.b-cdn.net\/spai\/q_glossy&amp;ret_img&amp;w_1000&amp;h_802\/https:\/\/www.galerie-schwind.de\/wp-content\/uploads\/2022\/01\/21_04-Huegel.jpg 1000w, https:\/\/wp-modula.b-cdn.net\/spai\/q_glossy&amp;ret_img&amp;w_800&amp;h_642\/https:\/\/www.galerie-schwind.de\/wp-content\/uploads\/2022\/01\/21_04-Huegel-800x642.jpg 800w, https:\/\/wp-modula.b-cdn.net\/spai\/q_glossy&amp;ret_img&amp;w_500&amp;h_401\/https:\/\/www.galerie-schwind.de\/wp-content\/uploads\/2022\/01\/21_04-Huegel-500x401.jpg 500w, https:\/\/wp-modula.b-cdn.net\/spai\/q_glossy&amp;ret_img&amp;w_768&amp;h_616\/https:\/\/www.galerie-schwind.de\/wp-content\/uploads\/2022\/01\/21_04-Huegel-768x616.jpg 768w\" sizes=\"auto, (max-width: 800px) 100vw, 800px\" \/>\n\t\t<div class=\"figc no-description\">\n\t\t\t<div class=\"figc-inner\">\n\t\t\t\t\t\t\t\t\t<div class='jtg-title'>Markus Matthias Kr\u00fcger, H\u00fcgel, 2021, Acryl und \u00d6l auf Leinwand, 60 x 75 cm<\/div>\n\t\t\t\t\t\t\t\t\t\t\t\t\t\t\t<\/div>\n\t\t<\/div>\n\n\t<\/div>\n\n<\/div>\t\t\n\t<\/div>\n\n\t\n\t\n\t<script type=\"application\/ld+json\">\n\t{\n\t\t\"@context\": \"http:\/\/schema.org\",\n\t\t\"@type\"   : \"ImageGallery\",\n\t\t\"id\"      : \"https:\/\/www.galerie-schwind.de\/en\/kuenstler\/markus-matthias-krueger\/\",\n\t\t\"url\"     : \"https:\/\/www.galerie-schwind.de\/en\/kuenstler\/markus-matthias-krueger\/\"\n\t}\n\n\t<\/script>\n\n\t\n<\/div>\n\n\n\n\n<p><\/p>\n<\/div><\/section>\n\n<section id=\"Acrylstudien\" class=\"wp-block-group\"><div class=\"wp-block-group__inner-container is-layout-flow wp-block-group-is-layout-flow\">\n<h3 class=\"wp-block-heading\" id=\"acrylstudien\">Acrylic studies<\/h3>\n\n\n<div  id=\"jtg-14967\" class=\"modula modula-gallery modula-custom-grid\" data-config=\"{&quot;height&quot;:800,&quot;tabletHeight&quot;:800,&quot;mobileHeight&quot;:800,&quot;desktopHeight&quot;:800,&quot;enableTwitter&quot;:false,&quot;enableWhatsapp&quot;:false,&quot;enableFacebook&quot;:false,&quot;enablePinterest&quot;:false,&quot;enableLinkedin&quot;:false,&quot;enableEmail&quot;:false,&quot;randomFactor&quot;:0.5,&quot;type&quot;:&quot;custom-grid&quot;,&quot;columns&quot;:12,&quot;gutter&quot;:30,&quot;mobileGutter&quot;:10,&quot;tabletGutter&quot;:15,&quot;desktopGutter&quot;:30,&quot;enableResponsive&quot;:&quot;0&quot;,&quot;tabletColumns&quot;:2,&quot;mobileColumns&quot;:1,&quot;lazyLoad&quot;:0,&quot;lightboxOpts&quot;:{&quot;animated&quot;:true,&quot;Thumbs&quot;:{&quot;type&quot;:&quot;modern&quot;,&quot;showOnStart&quot;:false},&quot;Toolbar&quot;:{&quot;display&quot;:{&quot;right&quot;:[&quot;close&quot;],&quot;left&quot;:[&quot;infobar&quot;]},&quot;enabled&quot;:true},&quot;Carousel&quot;:{&quot;Panzoom&quot;:{&quot;touch&quot;:false},&quot;infinite&quot;:false,&quot;transition&quot;:&quot;fade&quot;},&quot;keyboard&quot;:{&quot;Escape&quot;:&quot;close&quot;,&quot;Delete&quot;:&quot;close&quot;,&quot;Backspace&quot;:&quot;close&quot;,&quot;PageUp&quot;:&quot;next&quot;,&quot;PageDown&quot;:&quot;prev&quot;,&quot;ArrowUp&quot;:&quot;prev&quot;,&quot;ArrowDown&quot;:&quot;next&quot;,&quot;ArrowRight&quot;:&quot;next&quot;,&quot;ArrowLeft&quot;:&quot;prev&quot;},&quot;touch&quot;:false,&quot;backdropClick&quot;:false,&quot;l10n&quot;:{&quot;CLOSE&quot;:&quot;Close&quot;,&quot;NEXT&quot;:&quot;Next&quot;,&quot;PREV&quot;:&quot;Previous&quot;,&quot;Error&quot;:&quot;The requested content cannot be loaded. Please try again later.&quot;,&quot;PLAY_START&quot;:&quot;Start slideshow&quot;,&quot;PLAY_STOP&quot;:&quot;Pause slideshow&quot;,&quot;FULL_SCREEN&quot;:&quot;Full screen&quot;,&quot;THUMBS&quot;:&quot;Thumbnails&quot;,&quot;DOWNLOAD&quot;:&quot;Download&quot;,&quot;SHARE&quot;:&quot;Share&quot;,&quot;ZOOM&quot;:&quot;Zoom&quot;,&quot;EMAIL&quot;:&quot;Here is the link to the image : %%image_link%% and this is the link to the gallery : %%gallery_link%%&quot;,&quot;MODAL&quot;:&quot;You can close this modal content with the ESC key&quot;,&quot;ERROR&quot;:&quot;Something Went Wrong, Please Try Again Later&quot;,&quot;IMAGE_ERROR&quot;:&quot;Image Not Found&quot;,&quot;ELEMENT_NOT_FOUND&quot;:&quot;HTML Element Not Found&quot;,&quot;AJAX_NOT_FOUND&quot;:&quot;Error Loading AJAX : Not Found&quot;,&quot;AJAX_FORBIDDEN&quot;:&quot;Error Loading AJAX : Forbidden&quot;,&quot;IFRAME_ERROR&quot;:&quot;Error Loading Page&quot;,&quot;TOGGLE_ZOOM&quot;:&quot;Toggle zoom level&quot;,&quot;TOGGLE_THUMBS&quot;:&quot;Toggle thumbnails&quot;,&quot;TOGGLE_SLIDESHOW&quot;:&quot;Toggle slideshow&quot;,&quot;TOGGLE_FULLSCREEN&quot;:&quot;Toggle full-screen mode&quot;},&quot;Images&quot;:{&quot;Panzoom&quot;:{&quot;maxScale&quot;:2}},&quot;toolbar&quot;:true,&quot;wheel&quot;:false,&quot;animationEffect&quot;:&quot;false&quot;,&quot;animationDuration&quot;:366,&quot;transitionEffect&quot;:&quot;false&quot;,&quot;mainClass&quot;:&quot;modula-fancybox-container modula-lightbox-jtg-14967&quot;,&quot;Html&quot;:{&quot;videoAutoplay&quot;:0,&quot;videoTpl&quot;:&quot;&lt;video class=\\&quot;fancybox__html5video\\&quot; controls muted playsinline controlsList controlsList=\\&quot;nodownload\\&quot; poster=\\&quot;{{poster}}\\&quot; src=\\&quot;{{src}}\\&quot; type=\\&quot;{{format}}\\&quot; &gt;  Sorry, your browser doesn&#039;t support embedded videos, &lt;a href=\\&quot;{{src}}\\&quot;&gt; download &lt;\\\/a&gt; and watch with your favorite video player! &lt;\\\/video&gt;&quot;}},&quot;inView&quot;:false,&quot;email_subject&quot;:&quot;Check out this awesome image !!&quot;,&quot;email_message&quot;:&quot;Here is the link to the image : %%image_link%% and this is the link to the gallery : %%gallery_link%%&quot;,&quot;lightbox&quot;:&quot;fancybox&quot;,&quot;filterClick&quot;:&quot;0&quot;,&quot;dropdownFilters&quot;:&quot;0&quot;,&quot;defaultActiveFilter&quot;:&quot;all&quot;,&quot;initLightbox&quot;:&quot;modula_pro_init_lightbox&quot;,&quot;haveFilters&quot;:0,&quot;lightbox_devices&quot;:&quot;both&quot;,&quot;options&quot;:{&quot;lightbox&quot;:&quot;fancybox&quot;},&quot;enableSlideshow&quot;:&quot;0&quot;,&quot;enableAutoplay&quot;:&quot;0&quot;,&quot;slideshowSpeed&quot;:5000,&quot;pauseOnHover&quot;:&quot;0&quot;}\">\n\n\t\n\t<div  class=\"modula-items\">\n\t\t<div class=\"modula-item effect-crafty jtg-filter-all jtg-filter-\" data-width=\"8\" data-height=\"6\" >\n\t<div class=\"modula-item-overlay\"><\/div>\n\n\t<div class=\"modula-item-content\">\n\n\t\t<a data-image-id=\"15202\" role=\"button\" tabindex=\"0\" rel=\"jtg-14967\" data-caption=\"&lt;span class=&quot;modula-caption-title&quot;&gt;24. Markus Matthias Kr\u00fcger, Stern, 2025, Acryl auf Papier, 9,5 x 12,8 cm (verkauft)&lt;\/span&gt;&lt;br&gt;&lt;span class=&quot;modula-caption-description&quot;&gt;&lt;\/span&gt;\" aria-label=\"Open image in lightbox\" data-thumb=\"https:\/\/wp-modula.b-cdn.net\/spai\/q_glossy&amp;ret_img&amp;w_500&amp;h_372\/https:\/\/www.galerie-schwind.de\/wp-content\/uploads\/2025\/12\/25_05-Stern-2025-Acryl-auf-Papier-500x372.jpg\" class=\"tile-inner modula-item-link\"><\/a><img loading=\"lazy\" decoding=\"async\" class=\"pic wp-image-15202\"  data-valign=\"middle\" data-halign=\"center\" alt=\"\" data-full=\"https:\/\/wp-modula.b-cdn.net\/spai\/q_lossless&amp;ret_img\/https:\/\/www.galerie-schwind.de\/wp-content\/uploads\/2025\/12\/25_05-Stern-2025-Acryl-auf-Papier.jpg\" title=\"24. Markus Matthias Kr\u00fcger, Stern, 2025, Acryl auf Papier, 9,5 x 12,8 cm (verkauft)\" width=\"800\" height=\"594\" src=\"https:\/\/wp-modula.b-cdn.net\/spai\/q_glossy&amp;ret_img&amp;w_800&amp;h_594\/https:\/\/www.galerie-schwind.de\/wp-content\/uploads\/2025\/12\/25_05-Stern-2025-Acryl-auf-Papier-800x594.jpg\" data-src=\"https:\/\/wp-modula.b-cdn.net\/spai\/q_glossy&amp;ret_img&amp;w_800&amp;h_594\/https:\/\/www.galerie-schwind.de\/wp-content\/uploads\/2025\/12\/25_05-Stern-2025-Acryl-auf-Papier-800x594.jpg\" data-caption=\"\" srcset=\"https:\/\/wp-modula.b-cdn.net\/spai\/q_glossy&amp;ret_img&amp;w_1300&amp;h_966\/https:\/\/www.galerie-schwind.de\/wp-content\/uploads\/2025\/12\/25_05-Stern-2025-Acryl-auf-Papier.jpg 1300w, https:\/\/wp-modula.b-cdn.net\/spai\/q_glossy&amp;ret_img&amp;w_800&amp;h_594\/https:\/\/www.galerie-schwind.de\/wp-content\/uploads\/2025\/12\/25_05-Stern-2025-Acryl-auf-Papier-800x594.jpg 800w, https:\/\/wp-modula.b-cdn.net\/spai\/q_glossy&amp;ret_img&amp;w_1280&amp;h_951\/https:\/\/www.galerie-schwind.de\/wp-content\/uploads\/2025\/12\/25_05-Stern-2025-Acryl-auf-Papier-1280x951.jpg 1280w, https:\/\/wp-modula.b-cdn.net\/spai\/q_glossy&amp;ret_img&amp;w_500&amp;h_372\/https:\/\/www.galerie-schwind.de\/wp-content\/uploads\/2025\/12\/25_05-Stern-2025-Acryl-auf-Papier-500x372.jpg 500w, https:\/\/wp-modula.b-cdn.net\/spai\/q_glossy&amp;ret_img&amp;w_768&amp;h_571\/https:\/\/www.galerie-schwind.de\/wp-content\/uploads\/2025\/12\/25_05-Stern-2025-Acryl-auf-Papier-768x571.jpg 768w\" sizes=\"auto, (max-width: 800px) 100vw, 800px\" \/>\n\t\t<div class=\"figc no-description\">\n\t\t\t<div class=\"figc-inner\">\n\t\t\t\t\t\t\t\t\t<div class='jtg-title'>24. Markus Matthias Kr\u00fcger, Stern, 2025, Acryl auf Papier, 9,5 x 12,8 cm (verkauft)<\/div>\n\t\t\t\t\t\t\t\t\t\t\t\t\t\t\t<\/div>\n\t\t<\/div>\n\n\t<\/div>\n\n<\/div><div class=\"modula-item effect-crafty jtg-filter-all jtg-filter-\" data-width=\"4\" data-height=\"3\" >\n\t<div class=\"modula-item-overlay\"><\/div>\n\n\t<div class=\"modula-item-content\">\n\n\t\t<a data-image-id=\"15000\" role=\"button\" tabindex=\"0\" rel=\"jtg-14967\" data-caption=\"&lt;span class=&quot;modula-caption-title&quot;&gt;1. Markus Matthias Kr\u00fcger, Regenbogen, 2025, Acryl auf Papier, 9,5 x 12,8 cm (verkauft)&lt;\/span&gt;&lt;br&gt;&lt;span class=&quot;modula-caption-description&quot;&gt;&lt;\/span&gt;\" aria-label=\"Open image in lightbox\" data-thumb=\"https:\/\/wp-modula.b-cdn.net\/spai\/q_glossy&amp;ret_img&amp;w_500&amp;h_374\/https:\/\/www.galerie-schwind.de\/wp-content\/uploads\/2025\/11\/DSC0052-1-500x374.jpg\" class=\"tile-inner modula-item-link\"><\/a><img loading=\"lazy\" decoding=\"async\" class=\"pic wp-image-15000\"  data-valign=\"middle\" data-halign=\"center\" alt=\"\" data-full=\"https:\/\/wp-modula.b-cdn.net\/spai\/q_lossless&amp;ret_img\/https:\/\/www.galerie-schwind.de\/wp-content\/uploads\/2025\/11\/DSC0052-1.jpg\" title=\"1. Markus Matthias Kr\u00fcger, Regenbogen, 2025, Acryl auf Papier, 9,5 x 12,8 cm (verkauft)\" width=\"800\" height=\"598\" src=\"https:\/\/wp-modula.b-cdn.net\/spai\/q_glossy&amp;ret_img&amp;w_800&amp;h_598\/https:\/\/www.galerie-schwind.de\/wp-content\/uploads\/2025\/11\/DSC0052-1-800x598.jpg\" data-src=\"https:\/\/wp-modula.b-cdn.net\/spai\/q_glossy&amp;ret_img&amp;w_800&amp;h_598\/https:\/\/www.galerie-schwind.de\/wp-content\/uploads\/2025\/11\/DSC0052-1-800x598.jpg\" data-caption=\"\" srcset=\"https:\/\/wp-modula.b-cdn.net\/spai\/q_glossy&amp;ret_img&amp;w_1000&amp;h_748\/https:\/\/www.galerie-schwind.de\/wp-content\/uploads\/2025\/11\/DSC0052-1.jpg 1000w, https:\/\/wp-modula.b-cdn.net\/spai\/q_glossy&amp;ret_img&amp;w_800&amp;h_598\/https:\/\/www.galerie-schwind.de\/wp-content\/uploads\/2025\/11\/DSC0052-1-800x598.jpg 800w, https:\/\/wp-modula.b-cdn.net\/spai\/q_glossy&amp;ret_img&amp;w_500&amp;h_374\/https:\/\/www.galerie-schwind.de\/wp-content\/uploads\/2025\/11\/DSC0052-1-500x374.jpg 500w, https:\/\/wp-modula.b-cdn.net\/spai\/q_glossy&amp;ret_img&amp;w_768&amp;h_574\/https:\/\/www.galerie-schwind.de\/wp-content\/uploads\/2025\/11\/DSC0052-1-768x574.jpg 768w\" sizes=\"auto, (max-width: 800px) 100vw, 800px\" \/>\n\t\t<div class=\"figc no-description\">\n\t\t\t<div class=\"figc-inner\">\n\t\t\t\t\t\t\t\t\t<div class='jtg-title'>1. Markus Matthias Kr\u00fcger, Regenbogen, 2025, Acryl auf Papier, 9,5 x 12,8 cm (verkauft)<\/div>\n\t\t\t\t\t\t\t\t\t\t\t\t\t\t\t<\/div>\n\t\t<\/div>\n\n\t<\/div>\n\n<\/div><div class=\"modula-item effect-crafty jtg-filter-all jtg-filter-\" data-width=\"4\" data-height=\"3\" >\n\t<div class=\"modula-item-overlay\"><\/div>\n\n\t<div class=\"modula-item-content\">\n\n\t\t<a data-image-id=\"15004\" role=\"button\" tabindex=\"0\" rel=\"jtg-14967\" data-caption=\"&lt;span class=&quot;modula-caption-title&quot;&gt;2. Markus Matthias Kr\u00fcger, Funkturm, 2025, Acryl auf Papier, 9,5 x 12,8 cm (verkauft)&lt;\/span&gt;&lt;br&gt;&lt;span class=&quot;modula-caption-description&quot;&gt;&lt;\/span&gt;\" aria-label=\"Open image in lightbox\" data-thumb=\"https:\/\/wp-modula.b-cdn.net\/spai\/q_glossy&amp;ret_img&amp;w_500&amp;h_370\/https:\/\/www.galerie-schwind.de\/wp-content\/uploads\/2025\/12\/25_09-Funkturm-2025-Acryl-auf-Papier-500x370.jpg\" class=\"tile-inner modula-item-link\"><\/a><img loading=\"lazy\" decoding=\"async\" class=\"pic wp-image-15004\"  data-valign=\"middle\" data-halign=\"center\" alt=\"\" data-full=\"https:\/\/wp-modula.b-cdn.net\/spai\/q_lossless&amp;ret_img\/https:\/\/www.galerie-schwind.de\/wp-content\/uploads\/2025\/12\/25_09-Funkturm-2025-Acryl-auf-Papier.jpg\" title=\"2. Markus Matthias Kr\u00fcger, Funkturm, 2025, Acryl auf Papier, 9,5 x 12,8 cm (verkauft)\" width=\"800\" height=\"593\" src=\"https:\/\/wp-modula.b-cdn.net\/spai\/q_glossy&amp;ret_img&amp;w_800&amp;h_593\/https:\/\/www.galerie-schwind.de\/wp-content\/uploads\/2025\/12\/25_09-Funkturm-2025-Acryl-auf-Papier-800x593.jpg\" data-src=\"https:\/\/wp-modula.b-cdn.net\/spai\/q_glossy&amp;ret_img&amp;w_800&amp;h_593\/https:\/\/www.galerie-schwind.de\/wp-content\/uploads\/2025\/12\/25_09-Funkturm-2025-Acryl-auf-Papier-800x593.jpg\" data-caption=\"\" srcset=\"https:\/\/wp-modula.b-cdn.net\/spai\/q_glossy&amp;ret_img&amp;w_1300&amp;h_963\/https:\/\/www.galerie-schwind.de\/wp-content\/uploads\/2025\/12\/25_09-Funkturm-2025-Acryl-auf-Papier.jpg 1300w, https:\/\/wp-modula.b-cdn.net\/spai\/q_glossy&amp;ret_img&amp;w_800&amp;h_593\/https:\/\/www.galerie-schwind.de\/wp-content\/uploads\/2025\/12\/25_09-Funkturm-2025-Acryl-auf-Papier-800x593.jpg 800w, https:\/\/wp-modula.b-cdn.net\/spai\/q_glossy&amp;ret_img&amp;w_1280&amp;h_948\/https:\/\/www.galerie-schwind.de\/wp-content\/uploads\/2025\/12\/25_09-Funkturm-2025-Acryl-auf-Papier-1280x948.jpg 1280w, https:\/\/wp-modula.b-cdn.net\/spai\/q_glossy&amp;ret_img&amp;w_500&amp;h_370\/https:\/\/www.galerie-schwind.de\/wp-content\/uploads\/2025\/12\/25_09-Funkturm-2025-Acryl-auf-Papier-500x370.jpg 500w, https:\/\/wp-modula.b-cdn.net\/spai\/q_glossy&amp;ret_img&amp;w_768&amp;h_569\/https:\/\/www.galerie-schwind.de\/wp-content\/uploads\/2025\/12\/25_09-Funkturm-2025-Acryl-auf-Papier-768x569.jpg 768w\" sizes=\"auto, (max-width: 800px) 100vw, 800px\" \/>\n\t\t<div class=\"figc no-description\">\n\t\t\t<div class=\"figc-inner\">\n\t\t\t\t\t\t\t\t\t<div class='jtg-title'>2. Markus Matthias Kr\u00fcger, Funkturm, 2025, Acryl auf Papier, 9,5 x 12,8 cm (verkauft)<\/div>\n\t\t\t\t\t\t\t\t\t\t\t\t\t\t\t<\/div>\n\t\t<\/div>\n\n\t<\/div>\n\n<\/div><div class=\"modula-item effect-crafty jtg-filter-all jtg-filter-\" data-width=\"4\" data-height=\"3\" >\n\t<div class=\"modula-item-overlay\"><\/div>\n\n\t<div class=\"modula-item-content\">\n\n\t\t<a data-image-id=\"15006\" role=\"button\" tabindex=\"0\" rel=\"jtg-14967\" data-caption=\"&lt;span class=&quot;modula-caption-title&quot;&gt;3. Markus Matthias Kr\u00fcger, Pavillon, 2025 Acryl auf Papier, 9,5 x 12,8 cm (verkauft)&lt;\/span&gt;&lt;br&gt;&lt;span class=&quot;modula-caption-description&quot;&gt;&lt;\/span&gt;\" aria-label=\"Open image in lightbox\" data-thumb=\"https:\/\/wp-modula.b-cdn.net\/spai\/q_glossy&amp;ret_img&amp;w_500&amp;h_376\/https:\/\/www.galerie-schwind.de\/wp-content\/uploads\/2025\/12\/251128_Humme_0018-1.jpeg-500x376.jpg\" class=\"tile-inner modula-item-link\"><\/a><img loading=\"lazy\" decoding=\"async\" class=\"pic wp-image-15006\"  data-valign=\"middle\" data-halign=\"center\" alt=\"\" data-full=\"https:\/\/wp-modula.b-cdn.net\/spai\/q_lossless&amp;ret_img\/https:\/\/www.galerie-schwind.de\/wp-content\/uploads\/2025\/12\/251128_Humme_0018-1.jpeg.jpg\" title=\"3. Markus Matthias Kr\u00fcger, Pavillon, 2025 Acryl auf Papier, 9,5 x 12,8 cm (verkauft)\" width=\"800\" height=\"601\" src=\"https:\/\/wp-modula.b-cdn.net\/spai\/q_glossy&amp;ret_img&amp;w_800&amp;h_601\/https:\/\/www.galerie-schwind.de\/wp-content\/uploads\/2025\/12\/251128_Humme_0018-1.jpeg-800x601.jpg\" data-src=\"https:\/\/wp-modula.b-cdn.net\/spai\/q_glossy&amp;ret_img&amp;w_800&amp;h_601\/https:\/\/www.galerie-schwind.de\/wp-content\/uploads\/2025\/12\/251128_Humme_0018-1.jpeg-800x601.jpg\" data-caption=\"\" srcset=\"https:\/\/wp-modula.b-cdn.net\/spai\/q_glossy&amp;ret_img&amp;w_1300&amp;h_977\/https:\/\/www.galerie-schwind.de\/wp-content\/uploads\/2025\/12\/251128_Humme_0018-1.jpeg.jpg 1300w, https:\/\/wp-modula.b-cdn.net\/spai\/q_glossy&amp;ret_img&amp;w_800&amp;h_601\/https:\/\/www.galerie-schwind.de\/wp-content\/uploads\/2025\/12\/251128_Humme_0018-1.jpeg-800x601.jpg 800w, https:\/\/wp-modula.b-cdn.net\/spai\/q_glossy&amp;ret_img&amp;w_1280&amp;h_962\/https:\/\/www.galerie-schwind.de\/wp-content\/uploads\/2025\/12\/251128_Humme_0018-1.jpeg-1280x962.jpg 1280w, https:\/\/wp-modula.b-cdn.net\/spai\/q_glossy&amp;ret_img&amp;w_500&amp;h_376\/https:\/\/www.galerie-schwind.de\/wp-content\/uploads\/2025\/12\/251128_Humme_0018-1.jpeg-500x376.jpg 500w, https:\/\/wp-modula.b-cdn.net\/spai\/q_glossy&amp;ret_img&amp;w_768&amp;h_577\/https:\/\/www.galerie-schwind.de\/wp-content\/uploads\/2025\/12\/251128_Humme_0018-1.jpeg-768x577.jpg 768w\" sizes=\"auto, (max-width: 800px) 100vw, 800px\" \/>\n\t\t<div class=\"figc no-description\">\n\t\t\t<div class=\"figc-inner\">\n\t\t\t\t\t\t\t\t\t<div class='jtg-title'>3. Markus Matthias Kr\u00fcger, Pavillon, 2025 Acryl auf Papier, 9,5 x 12,8 cm (verkauft)<\/div>\n\t\t\t\t\t\t\t\t\t\t\t\t\t\t\t<\/div>\n\t\t<\/div>\n\n\t<\/div>\n\n<\/div><div class=\"modula-item effect-crafty jtg-filter-all jtg-filter-\" data-width=\"4\" data-height=\"3\" >\n\t<div class=\"modula-item-overlay\"><\/div>\n\n\t<div class=\"modula-item-content\">\n\n\t\t<a data-image-id=\"15011\" role=\"button\" tabindex=\"0\" rel=\"jtg-14967\" data-caption=\"&lt;span class=&quot;modula-caption-title&quot;&gt;4. Markus Matthias Kr\u00fcger, Ge\u00e4st, 2025, Acryl auf Papier, 9,5 x 12,8 cm&lt;\/span&gt;&lt;br&gt;&lt;span class=&quot;modula-caption-description&quot;&gt;&lt;\/span&gt;\" aria-label=\"Open image in lightbox\" data-thumb=\"https:\/\/wp-modula.b-cdn.net\/spai\/q_glossy&amp;ret_img&amp;w_500&amp;h_374\/https:\/\/www.galerie-schwind.de\/wp-content\/uploads\/2025\/12\/Geaest-500x374.jpeg\" class=\"tile-inner modula-item-link\"><\/a><img loading=\"lazy\" decoding=\"async\" class=\"pic wp-image-15011\"  data-valign=\"middle\" data-halign=\"center\" alt=\"\" data-full=\"https:\/\/wp-modula.b-cdn.net\/spai\/q_lossless&amp;ret_img\/https:\/\/www.galerie-schwind.de\/wp-content\/uploads\/2025\/12\/Geaest.jpeg\" title=\"4. Markus Matthias Kr\u00fcger, Ge\u00e4st, 2025, Acryl auf Papier, 9,5 x 12,8 cm\" width=\"800\" height=\"598\" src=\"https:\/\/wp-modula.b-cdn.net\/spai\/q_glossy&amp;ret_img&amp;w_800&amp;h_598\/https:\/\/www.galerie-schwind.de\/wp-content\/uploads\/2025\/12\/Geaest-800x598.jpeg\" data-src=\"https:\/\/wp-modula.b-cdn.net\/spai\/q_glossy&amp;ret_img&amp;w_800&amp;h_598\/https:\/\/www.galerie-schwind.de\/wp-content\/uploads\/2025\/12\/Geaest-800x598.jpeg\" data-caption=\"\" srcset=\"https:\/\/wp-modula.b-cdn.net\/spai\/q_glossy&amp;ret_img&amp;w_1000&amp;h_748\/https:\/\/www.galerie-schwind.de\/wp-content\/uploads\/2025\/12\/Geaest.jpeg 1000w, https:\/\/wp-modula.b-cdn.net\/spai\/q_glossy&amp;ret_img&amp;w_800&amp;h_598\/https:\/\/www.galerie-schwind.de\/wp-content\/uploads\/2025\/12\/Geaest-800x598.jpeg 800w, https:\/\/wp-modula.b-cdn.net\/spai\/q_glossy&amp;ret_img&amp;w_500&amp;h_374\/https:\/\/www.galerie-schwind.de\/wp-content\/uploads\/2025\/12\/Geaest-500x374.jpeg 500w, https:\/\/wp-modula.b-cdn.net\/spai\/q_glossy&amp;ret_img&amp;w_768&amp;h_574\/https:\/\/www.galerie-schwind.de\/wp-content\/uploads\/2025\/12\/Geaest-768x574.jpeg 768w\" sizes=\"auto, (max-width: 800px) 100vw, 800px\" \/>\n\t\t<div class=\"figc no-description\">\n\t\t\t<div class=\"figc-inner\">\n\t\t\t\t\t\t\t\t\t<div class='jtg-title'>4. Markus Matthias Kr\u00fcger, Ge\u00e4st, 2025, Acryl auf Papier, 9,5 x 12,8 cm<\/div>\n\t\t\t\t\t\t\t\t\t\t\t\t\t\t\t<\/div>\n\t\t<\/div>\n\n\t<\/div>\n\n<\/div><div class=\"modula-item effect-crafty jtg-filter-all jtg-filter-\" data-width=\"4\" data-height=\"3\" >\n\t<div class=\"modula-item-overlay\"><\/div>\n\n\t<div class=\"modula-item-content\">\n\n\t\t<a data-image-id=\"15065\" role=\"button\" tabindex=\"0\" rel=\"jtg-14967\" data-caption=\"&lt;span class=&quot;modula-caption-title&quot;&gt;5. Markus Matthias Kr\u00fcger, Wolkenpaar, 2025, Acryl auf Papier, 9,5 x 12,8 cm (verkauft)&lt;\/span&gt;&lt;br&gt;&lt;span class=&quot;modula-caption-description&quot;&gt;&lt;\/span&gt;\" aria-label=\"Open image in lightbox\" data-thumb=\"https:\/\/wp-modula.b-cdn.net\/spai\/q_glossy&amp;ret_img&amp;w_500&amp;h_376\/https:\/\/www.galerie-schwind.de\/wp-content\/uploads\/2025\/12\/25_17-Wolkenpaar-2025-500x376.jpg\" class=\"tile-inner modula-item-link\"><\/a><img loading=\"lazy\" decoding=\"async\" class=\"pic wp-image-15065\"  data-valign=\"middle\" data-halign=\"center\" alt=\"\" data-full=\"https:\/\/wp-modula.b-cdn.net\/spai\/q_lossless&amp;ret_img\/https:\/\/www.galerie-schwind.de\/wp-content\/uploads\/2025\/12\/25_17-Wolkenpaar-2025.jpg\" title=\"5. Markus Matthias Kr\u00fcger, Wolkenpaar, 2025, Acryl auf Papier, 9,5 x 12,8 cm (verkauft)\" width=\"800\" height=\"601\" src=\"https:\/\/wp-modula.b-cdn.net\/spai\/q_glossy&amp;ret_img&amp;w_800&amp;h_601\/https:\/\/www.galerie-schwind.de\/wp-content\/uploads\/2025\/12\/25_17-Wolkenpaar-2025-800x601.jpg\" data-src=\"https:\/\/wp-modula.b-cdn.net\/spai\/q_glossy&amp;ret_img&amp;w_800&amp;h_601\/https:\/\/www.galerie-schwind.de\/wp-content\/uploads\/2025\/12\/25_17-Wolkenpaar-2025-800x601.jpg\" data-caption=\"\" srcset=\"https:\/\/wp-modula.b-cdn.net\/spai\/q_glossy&amp;ret_img&amp;w_1200&amp;h_902\/https:\/\/www.galerie-schwind.de\/wp-content\/uploads\/2025\/12\/25_17-Wolkenpaar-2025.jpg 1200w, https:\/\/wp-modula.b-cdn.net\/spai\/q_glossy&amp;ret_img&amp;w_800&amp;h_601\/https:\/\/www.galerie-schwind.de\/wp-content\/uploads\/2025\/12\/25_17-Wolkenpaar-2025-800x601.jpg 800w, https:\/\/wp-modula.b-cdn.net\/spai\/q_glossy&amp;ret_img&amp;w_500&amp;h_376\/https:\/\/www.galerie-schwind.de\/wp-content\/uploads\/2025\/12\/25_17-Wolkenpaar-2025-500x376.jpg 500w, https:\/\/wp-modula.b-cdn.net\/spai\/q_glossy&amp;ret_img&amp;w_768&amp;h_577\/https:\/\/www.galerie-schwind.de\/wp-content\/uploads\/2025\/12\/25_17-Wolkenpaar-2025-768x577.jpg 768w\" sizes=\"auto, (max-width: 800px) 100vw, 800px\" \/>\n\t\t<div class=\"figc no-description\">\n\t\t\t<div class=\"figc-inner\">\n\t\t\t\t\t\t\t\t\t<div class='jtg-title'>5. Markus Matthias Kr\u00fcger, Wolkenpaar, 2025, Acryl auf Papier, 9,5 x 12,8 cm (verkauft)<\/div>\n\t\t\t\t\t\t\t\t\t\t\t\t\t\t\t<\/div>\n\t\t<\/div>\n\n\t<\/div>\n\n<\/div><div class=\"modula-item effect-crafty jtg-filter-all jtg-filter-\" data-width=\"4\" data-height=\"3\" >\n\t<div class=\"modula-item-overlay\"><\/div>\n\n\t<div class=\"modula-item-content\">\n\n\t\t<a data-image-id=\"15092\" role=\"button\" tabindex=\"0\" rel=\"jtg-14967\" data-caption=\"&lt;span class=&quot;modula-caption-title&quot;&gt;6. Markus Matthias Kr\u00fcger, Zwei brennende B\u00fcsche, 2025, Acryl auf Papier, 9,5 x 12,8 cm (verkauft)&lt;\/span&gt;&lt;br&gt;&lt;span class=&quot;modula-caption-description&quot;&gt;&lt;\/span&gt;\" aria-label=\"Open image in lightbox\" data-thumb=\"https:\/\/wp-modula.b-cdn.net\/spai\/q_glossy&amp;ret_img&amp;w_500&amp;h_370\/https:\/\/www.galerie-schwind.de\/wp-content\/uploads\/2025\/12\/DSC0006-500x370.jpeg\" class=\"tile-inner modula-item-link\"><\/a><img loading=\"lazy\" decoding=\"async\" class=\"pic wp-image-15092\"  data-valign=\"middle\" data-halign=\"center\" alt=\"\" data-full=\"https:\/\/wp-modula.b-cdn.net\/spai\/q_lossless&amp;ret_img\/https:\/\/www.galerie-schwind.de\/wp-content\/uploads\/2025\/12\/DSC0006.jpeg\" title=\"6. Markus Matthias Kr\u00fcger, Zwei brennende B\u00fcsche, 2025, Acryl auf Papier, 9,5 x 12,8 cm (verkauft)\" width=\"800\" height=\"591\" src=\"https:\/\/wp-modula.b-cdn.net\/spai\/q_glossy&amp;ret_img&amp;w_800&amp;h_591\/https:\/\/www.galerie-schwind.de\/wp-content\/uploads\/2025\/12\/DSC0006-800x591.jpeg\" data-src=\"https:\/\/wp-modula.b-cdn.net\/spai\/q_glossy&amp;ret_img&amp;w_800&amp;h_591\/https:\/\/www.galerie-schwind.de\/wp-content\/uploads\/2025\/12\/DSC0006-800x591.jpeg\" data-caption=\"\" srcset=\"https:\/\/wp-modula.b-cdn.net\/spai\/q_glossy&amp;ret_img&amp;w_1000&amp;h_739\/https:\/\/www.galerie-schwind.de\/wp-content\/uploads\/2025\/12\/DSC0006.jpeg 1000w, https:\/\/wp-modula.b-cdn.net\/spai\/q_glossy&amp;ret_img&amp;w_800&amp;h_591\/https:\/\/www.galerie-schwind.de\/wp-content\/uploads\/2025\/12\/DSC0006-800x591.jpeg 800w, https:\/\/wp-modula.b-cdn.net\/spai\/q_glossy&amp;ret_img&amp;w_500&amp;h_370\/https:\/\/www.galerie-schwind.de\/wp-content\/uploads\/2025\/12\/DSC0006-500x370.jpeg 500w, https:\/\/wp-modula.b-cdn.net\/spai\/q_glossy&amp;ret_img&amp;w_768&amp;h_568\/https:\/\/www.galerie-schwind.de\/wp-content\/uploads\/2025\/12\/DSC0006-768x568.jpeg 768w\" sizes=\"auto, (max-width: 800px) 100vw, 800px\" \/>\n\t\t<div class=\"figc no-description\">\n\t\t\t<div class=\"figc-inner\">\n\t\t\t\t\t\t\t\t\t<div class='jtg-title'>6. Markus Matthias Kr\u00fcger, Zwei brennende B\u00fcsche, 2025, Acryl auf Papier, 9,5 x 12,8 cm (verkauft)<\/div>\n\t\t\t\t\t\t\t\t\t\t\t\t\t\t\t<\/div>\n\t\t<\/div>\n\n\t<\/div>\n\n<\/div><div class=\"modula-item effect-crafty jtg-filter-all jtg-filter-\" data-width=\"4\" data-height=\"3\" >\n\t<div class=\"modula-item-overlay\"><\/div>\n\n\t<div class=\"modula-item-content\">\n\n\t\t<a data-image-id=\"15115\" role=\"button\" tabindex=\"0\" rel=\"jtg-14967\" data-caption=\"&lt;span class=&quot;modula-caption-title&quot;&gt;7. Markus Matthias Kr\u00fcger, Waldsee, 2025, Acryl auf Papier, 9,7 x 13 cm&lt;\/span&gt;&lt;br&gt;&lt;span class=&quot;modula-caption-description&quot;&gt;&lt;\/span&gt;\" aria-label=\"Open image in lightbox\" data-thumb=\"https:\/\/wp-modula.b-cdn.net\/spai\/q_glossy&amp;ret_img&amp;w_500&amp;h_368\/https:\/\/www.galerie-schwind.de\/wp-content\/uploads\/2025\/12\/25_02-Waldsee-2025-Acryl-auf-Papier-97-x-13-cm-500x368.jpg\" class=\"tile-inner modula-item-link\"><\/a><img loading=\"lazy\" decoding=\"async\" class=\"pic wp-image-15115\"  data-valign=\"middle\" data-halign=\"center\" alt=\"\" data-full=\"https:\/\/wp-modula.b-cdn.net\/spai\/q_lossless&amp;ret_img\/https:\/\/www.galerie-schwind.de\/wp-content\/uploads\/2025\/12\/25_02-Waldsee-2025-Acryl-auf-Papier-97-x-13-cm.jpg\" title=\"7. Markus Matthias Kr\u00fcger, Waldsee, 2025, Acryl auf Papier, 9,7 x 13 cm\" width=\"800\" height=\"589\" src=\"https:\/\/wp-modula.b-cdn.net\/spai\/q_glossy&amp;ret_img&amp;w_800&amp;h_589\/https:\/\/www.galerie-schwind.de\/wp-content\/uploads\/2025\/12\/25_02-Waldsee-2025-Acryl-auf-Papier-97-x-13-cm-800x589.jpg\" data-src=\"https:\/\/wp-modula.b-cdn.net\/spai\/q_glossy&amp;ret_img&amp;w_800&amp;h_589\/https:\/\/www.galerie-schwind.de\/wp-content\/uploads\/2025\/12\/25_02-Waldsee-2025-Acryl-auf-Papier-97-x-13-cm-800x589.jpg\" data-caption=\"\" srcset=\"https:\/\/wp-modula.b-cdn.net\/spai\/q_glossy&amp;ret_img&amp;w_1000&amp;h_736\/https:\/\/www.galerie-schwind.de\/wp-content\/uploads\/2025\/12\/25_02-Waldsee-2025-Acryl-auf-Papier-97-x-13-cm.jpg 1000w, https:\/\/wp-modula.b-cdn.net\/spai\/q_glossy&amp;ret_img&amp;w_800&amp;h_589\/https:\/\/www.galerie-schwind.de\/wp-content\/uploads\/2025\/12\/25_02-Waldsee-2025-Acryl-auf-Papier-97-x-13-cm-800x589.jpg 800w, https:\/\/wp-modula.b-cdn.net\/spai\/q_glossy&amp;ret_img&amp;w_500&amp;h_368\/https:\/\/www.galerie-schwind.de\/wp-content\/uploads\/2025\/12\/25_02-Waldsee-2025-Acryl-auf-Papier-97-x-13-cm-500x368.jpg 500w, https:\/\/wp-modula.b-cdn.net\/spai\/q_glossy&amp;ret_img&amp;w_768&amp;h_565\/https:\/\/www.galerie-schwind.de\/wp-content\/uploads\/2025\/12\/25_02-Waldsee-2025-Acryl-auf-Papier-97-x-13-cm-768x565.jpg 768w\" sizes=\"auto, (max-width: 800px) 100vw, 800px\" \/>\n\t\t<div class=\"figc no-description\">\n\t\t\t<div class=\"figc-inner\">\n\t\t\t\t\t\t\t\t\t<div class='jtg-title'>7. Markus Matthias Kr\u00fcger, Waldsee, 2025, Acryl auf Papier, 9,7 x 13 cm<\/div>\n\t\t\t\t\t\t\t\t\t\t\t\t\t\t\t<\/div>\n\t\t<\/div>\n\n\t<\/div>\n\n<\/div><div class=\"modula-item effect-crafty jtg-filter-all jtg-filter-\" data-width=\"4\" data-height=\"3\" >\n\t<div class=\"modula-item-overlay\"><\/div>\n\n\t<div class=\"modula-item-content\">\n\n\t\t<a data-image-id=\"15117\" role=\"button\" tabindex=\"0\" rel=\"jtg-14967\" data-caption=\"&lt;span class=&quot;modula-caption-title&quot;&gt;8. Markus Matthias Kr\u00fcger, Vanitasplatte, 2025, Acryl auf Papier, 9,5 x 12,8 cm (verkauft)&lt;\/span&gt;&lt;br&gt;&lt;span class=&quot;modula-caption-description&quot;&gt;&lt;\/span&gt;\" aria-label=\"Open image in lightbox\" data-thumb=\"https:\/\/wp-modula.b-cdn.net\/spai\/q_glossy&amp;ret_img&amp;w_500&amp;h_371\/https:\/\/www.galerie-schwind.de\/wp-content\/uploads\/2025\/12\/25_06-Vanitasplatte-2025-Acryl-auf-Papier-500x371.jpg\" class=\"tile-inner modula-item-link\"><\/a><img loading=\"lazy\" decoding=\"async\" class=\"pic wp-image-15117\"  data-valign=\"middle\" data-halign=\"center\" alt=\"\" data-full=\"https:\/\/wp-modula.b-cdn.net\/spai\/q_lossless&amp;ret_img\/https:\/\/www.galerie-schwind.de\/wp-content\/uploads\/2025\/12\/25_06-Vanitasplatte-2025-Acryl-auf-Papier.jpg\" title=\"8. Markus Matthias Kr\u00fcger, Vanitasplatte, 2025, Acryl auf Papier, 9,5 x 12,8 cm (verkauft)\" width=\"800\" height=\"593\" src=\"https:\/\/wp-modula.b-cdn.net\/spai\/q_glossy&amp;ret_img&amp;w_800&amp;h_593\/https:\/\/www.galerie-schwind.de\/wp-content\/uploads\/2025\/12\/25_06-Vanitasplatte-2025-Acryl-auf-Papier-800x593.jpg\" data-src=\"https:\/\/wp-modula.b-cdn.net\/spai\/q_glossy&amp;ret_img&amp;w_800&amp;h_593\/https:\/\/www.galerie-schwind.de\/wp-content\/uploads\/2025\/12\/25_06-Vanitasplatte-2025-Acryl-auf-Papier-800x593.jpg\" data-caption=\"\" srcset=\"https:\/\/wp-modula.b-cdn.net\/spai\/q_glossy&amp;ret_img&amp;w_1300&amp;h_964\/https:\/\/www.galerie-schwind.de\/wp-content\/uploads\/2025\/12\/25_06-Vanitasplatte-2025-Acryl-auf-Papier.jpg 1300w, https:\/\/wp-modula.b-cdn.net\/spai\/q_glossy&amp;ret_img&amp;w_800&amp;h_593\/https:\/\/www.galerie-schwind.de\/wp-content\/uploads\/2025\/12\/25_06-Vanitasplatte-2025-Acryl-auf-Papier-800x593.jpg 800w, https:\/\/wp-modula.b-cdn.net\/spai\/q_glossy&amp;ret_img&amp;w_1280&amp;h_949\/https:\/\/www.galerie-schwind.de\/wp-content\/uploads\/2025\/12\/25_06-Vanitasplatte-2025-Acryl-auf-Papier-1280x949.jpg 1280w, https:\/\/wp-modula.b-cdn.net\/spai\/q_glossy&amp;ret_img&amp;w_500&amp;h_371\/https:\/\/www.galerie-schwind.de\/wp-content\/uploads\/2025\/12\/25_06-Vanitasplatte-2025-Acryl-auf-Papier-500x371.jpg 500w, https:\/\/wp-modula.b-cdn.net\/spai\/q_glossy&amp;ret_img&amp;w_768&amp;h_570\/https:\/\/www.galerie-schwind.de\/wp-content\/uploads\/2025\/12\/25_06-Vanitasplatte-2025-Acryl-auf-Papier-768x570.jpg 768w\" sizes=\"auto, (max-width: 800px) 100vw, 800px\" \/>\n\t\t<div class=\"figc no-description\">\n\t\t\t<div class=\"figc-inner\">\n\t\t\t\t\t\t\t\t\t<div class='jtg-title'>8. Markus Matthias Kr\u00fcger, Vanitasplatte, 2025, Acryl auf Papier, 9,5 x 12,8 cm (verkauft)<\/div>\n\t\t\t\t\t\t\t\t\t\t\t\t\t\t\t<\/div>\n\t\t<\/div>\n\n\t<\/div>\n\n<\/div><div class=\"modula-item effect-crafty jtg-filter-all jtg-filter-\" data-width=\"4\" data-height=\"3\" >\n\t<div class=\"modula-item-overlay\"><\/div>\n\n\t<div class=\"modula-item-content\">\n\n\t\t<a data-image-id=\"15119\" role=\"button\" tabindex=\"0\" rel=\"jtg-14967\" data-caption=\"&lt;span class=&quot;modula-caption-title&quot;&gt;9. Markus Matthias Kr\u00fcger, Neun Neue, 2025, Acryl auf Papier, 9,5 x 12,8 cm (verkauft)&lt;\/span&gt;&lt;br&gt;&lt;span class=&quot;modula-caption-description&quot;&gt;&lt;\/span&gt;\" aria-label=\"Open image in lightbox\" data-thumb=\"https:\/\/wp-modula.b-cdn.net\/spai\/q_glossy&amp;ret_img&amp;w_500&amp;h_373\/https:\/\/www.galerie-schwind.de\/wp-content\/uploads\/2025\/12\/25_11-Neun-Neue-2025-500x373.jpg\" class=\"tile-inner modula-item-link\"><\/a><img loading=\"lazy\" decoding=\"async\" class=\"pic wp-image-15119\"  data-valign=\"middle\" data-halign=\"center\" alt=\"\" data-full=\"https:\/\/wp-modula.b-cdn.net\/spai\/q_lossless&amp;ret_img\/https:\/\/www.galerie-schwind.de\/wp-content\/uploads\/2025\/12\/25_11-Neun-Neue-2025.jpg\" title=\"9. Markus Matthias Kr\u00fcger, Neun Neue, 2025, Acryl auf Papier, 9,5 x 12,8 cm (verkauft)\" width=\"800\" height=\"597\" src=\"https:\/\/wp-modula.b-cdn.net\/spai\/q_glossy&amp;ret_img&amp;w_800&amp;h_597\/https:\/\/www.galerie-schwind.de\/wp-content\/uploads\/2025\/12\/25_11-Neun-Neue-2025-800x597.jpg\" data-src=\"https:\/\/wp-modula.b-cdn.net\/spai\/q_glossy&amp;ret_img&amp;w_800&amp;h_597\/https:\/\/www.galerie-schwind.de\/wp-content\/uploads\/2025\/12\/25_11-Neun-Neue-2025-800x597.jpg\" data-caption=\"\" srcset=\"https:\/\/wp-modula.b-cdn.net\/spai\/q_glossy&amp;ret_img&amp;w_1200&amp;h_895\/https:\/\/www.galerie-schwind.de\/wp-content\/uploads\/2025\/12\/25_11-Neun-Neue-2025.jpg 1200w, https:\/\/wp-modula.b-cdn.net\/spai\/q_glossy&amp;ret_img&amp;w_800&amp;h_597\/https:\/\/www.galerie-schwind.de\/wp-content\/uploads\/2025\/12\/25_11-Neun-Neue-2025-800x597.jpg 800w, https:\/\/wp-modula.b-cdn.net\/spai\/q_glossy&amp;ret_img&amp;w_500&amp;h_373\/https:\/\/www.galerie-schwind.de\/wp-content\/uploads\/2025\/12\/25_11-Neun-Neue-2025-500x373.jpg 500w, https:\/\/wp-modula.b-cdn.net\/spai\/q_glossy&amp;ret_img&amp;w_768&amp;h_573\/https:\/\/www.galerie-schwind.de\/wp-content\/uploads\/2025\/12\/25_11-Neun-Neue-2025-768x573.jpg 768w\" sizes=\"auto, (max-width: 800px) 100vw, 800px\" \/>\n\t\t<div class=\"figc no-description\">\n\t\t\t<div class=\"figc-inner\">\n\t\t\t\t\t\t\t\t\t<div class='jtg-title'>9. Markus Matthias Kr\u00fcger, Neun Neue, 2025, Acryl auf Papier, 9,5 x 12,8 cm (verkauft)<\/div>\n\t\t\t\t\t\t\t\t\t\t\t\t\t\t\t<\/div>\n\t\t<\/div>\n\n\t<\/div>\n\n<\/div><div class=\"modula-item effect-crafty jtg-filter-all jtg-filter-\" data-width=\"4\" data-height=\"3\" >\n\t<div class=\"modula-item-overlay\"><\/div>\n\n\t<div class=\"modula-item-content\">\n\n\t\t<a data-image-id=\"15121\" role=\"button\" tabindex=\"0\" rel=\"jtg-14967\" data-caption=\"&lt;span class=&quot;modula-caption-title&quot;&gt;10. Markus Matthias Kr\u00fcger, Welle, 2025, Acryl auf Papier, 9,5 x 12,8 cm (verkauft)&lt;\/span&gt;&lt;br&gt;&lt;span class=&quot;modula-caption-description&quot;&gt;&lt;\/span&gt;\" aria-label=\"Open image in lightbox\" data-thumb=\"https:\/\/wp-modula.b-cdn.net\/spai\/q_glossy&amp;ret_img&amp;w_500&amp;h_376\/https:\/\/www.galerie-schwind.de\/wp-content\/uploads\/2025\/12\/25_15-Welle-2025-500x376.jpg\" class=\"tile-inner modula-item-link\"><\/a><img loading=\"lazy\" decoding=\"async\" class=\"pic wp-image-15121\"  data-valign=\"middle\" data-halign=\"center\" alt=\"\" data-full=\"https:\/\/wp-modula.b-cdn.net\/spai\/q_lossless&amp;ret_img\/https:\/\/www.galerie-schwind.de\/wp-content\/uploads\/2025\/12\/25_15-Welle-2025.jpg\" title=\"10. Markus Matthias Kr\u00fcger, Welle, 2025, Acryl auf Papier, 9,5 x 12,8 cm (verkauft)\" width=\"800\" height=\"601\" src=\"https:\/\/wp-modula.b-cdn.net\/spai\/q_glossy&amp;ret_img&amp;w_800&amp;h_601\/https:\/\/www.galerie-schwind.de\/wp-content\/uploads\/2025\/12\/25_15-Welle-2025-800x601.jpg\" data-src=\"https:\/\/wp-modula.b-cdn.net\/spai\/q_glossy&amp;ret_img&amp;w_800&amp;h_601\/https:\/\/www.galerie-schwind.de\/wp-content\/uploads\/2025\/12\/25_15-Welle-2025-800x601.jpg\" data-caption=\"\" srcset=\"https:\/\/wp-modula.b-cdn.net\/spai\/q_glossy&amp;ret_img&amp;w_1200&amp;h_902\/https:\/\/www.galerie-schwind.de\/wp-content\/uploads\/2025\/12\/25_15-Welle-2025.jpg 1200w, https:\/\/wp-modula.b-cdn.net\/spai\/q_glossy&amp;ret_img&amp;w_800&amp;h_601\/https:\/\/www.galerie-schwind.de\/wp-content\/uploads\/2025\/12\/25_15-Welle-2025-800x601.jpg 800w, https:\/\/wp-modula.b-cdn.net\/spai\/q_glossy&amp;ret_img&amp;w_500&amp;h_376\/https:\/\/www.galerie-schwind.de\/wp-content\/uploads\/2025\/12\/25_15-Welle-2025-500x376.jpg 500w, https:\/\/wp-modula.b-cdn.net\/spai\/q_glossy&amp;ret_img&amp;w_768&amp;h_577\/https:\/\/www.galerie-schwind.de\/wp-content\/uploads\/2025\/12\/25_15-Welle-2025-768x577.jpg 768w\" sizes=\"auto, (max-width: 800px) 100vw, 800px\" \/>\n\t\t<div class=\"figc no-description\">\n\t\t\t<div class=\"figc-inner\">\n\t\t\t\t\t\t\t\t\t<div class='jtg-title'>10. Markus Matthias Kr\u00fcger, Welle, 2025, Acryl auf Papier, 9,5 x 12,8 cm (verkauft)<\/div>\n\t\t\t\t\t\t\t\t\t\t\t\t\t\t\t<\/div>\n\t\t<\/div>\n\n\t<\/div>\n\n<\/div><div class=\"modula-item effect-crafty jtg-filter-all jtg-filter-\" data-width=\"4\" data-height=\"3\" >\n\t<div class=\"modula-item-overlay\"><\/div>\n\n\t<div class=\"modula-item-content\">\n\n\t\t<a data-image-id=\"15123\" role=\"button\" tabindex=\"0\" rel=\"jtg-14967\" data-caption=\"&lt;span class=&quot;modula-caption-title&quot;&gt;11. Markus Matthias Kr\u00fcger, Coole H\u00e4user, 2025, Acryl auf Papier, 9,5 x 12,8 cm (verkauft)&lt;\/span&gt;&lt;br&gt;&lt;span class=&quot;modula-caption-description&quot;&gt;&lt;\/span&gt;\" aria-label=\"Open image in lightbox\" data-thumb=\"https:\/\/wp-modula.b-cdn.net\/spai\/q_glossy&amp;ret_img&amp;w_500&amp;h_373\/https:\/\/www.galerie-schwind.de\/wp-content\/uploads\/2025\/12\/25_08-Coole-Haeuser-2025-Acryl-auf-Papier-500x373.jpg\" class=\"tile-inner modula-item-link\"><\/a><img loading=\"lazy\" decoding=\"async\" class=\"pic wp-image-15123\"  data-valign=\"middle\" data-halign=\"center\" alt=\"\" data-full=\"https:\/\/wp-modula.b-cdn.net\/spai\/q_lossless&amp;ret_img\/https:\/\/www.galerie-schwind.de\/wp-content\/uploads\/2025\/12\/25_08-Coole-Haeuser-2025-Acryl-auf-Papier.jpg\" title=\"11. Markus Matthias Kr\u00fcger, Coole H\u00e4user, 2025, Acryl auf Papier, 9,5 x 12,8 cm (verkauft)\" width=\"800\" height=\"598\" src=\"https:\/\/wp-modula.b-cdn.net\/spai\/q_glossy&amp;ret_img&amp;w_800&amp;h_598\/https:\/\/www.galerie-schwind.de\/wp-content\/uploads\/2025\/12\/25_08-Coole-Haeuser-2025-Acryl-auf-Papier-800x598.jpg\" data-src=\"https:\/\/wp-modula.b-cdn.net\/spai\/q_glossy&amp;ret_img&amp;w_800&amp;h_598\/https:\/\/www.galerie-schwind.de\/wp-content\/uploads\/2025\/12\/25_08-Coole-Haeuser-2025-Acryl-auf-Papier-800x598.jpg\" data-caption=\"\" srcset=\"https:\/\/wp-modula.b-cdn.net\/spai\/q_glossy&amp;ret_img&amp;w_1300&amp;h_971\/https:\/\/www.galerie-schwind.de\/wp-content\/uploads\/2025\/12\/25_08-Coole-Haeuser-2025-Acryl-auf-Papier.jpg 1300w, https:\/\/wp-modula.b-cdn.net\/spai\/q_glossy&amp;ret_img&amp;w_800&amp;h_598\/https:\/\/www.galerie-schwind.de\/wp-content\/uploads\/2025\/12\/25_08-Coole-Haeuser-2025-Acryl-auf-Papier-800x598.jpg 800w, https:\/\/wp-modula.b-cdn.net\/spai\/q_glossy&amp;ret_img&amp;w_1280&amp;h_956\/https:\/\/www.galerie-schwind.de\/wp-content\/uploads\/2025\/12\/25_08-Coole-Haeuser-2025-Acryl-auf-Papier-1280x956.jpg 1280w, https:\/\/wp-modula.b-cdn.net\/spai\/q_glossy&amp;ret_img&amp;w_500&amp;h_373\/https:\/\/www.galerie-schwind.de\/wp-content\/uploads\/2025\/12\/25_08-Coole-Haeuser-2025-Acryl-auf-Papier-500x373.jpg 500w, https:\/\/wp-modula.b-cdn.net\/spai\/q_glossy&amp;ret_img&amp;w_768&amp;h_574\/https:\/\/www.galerie-schwind.de\/wp-content\/uploads\/2025\/12\/25_08-Coole-Haeuser-2025-Acryl-auf-Papier-768x574.jpg 768w\" sizes=\"auto, (max-width: 800px) 100vw, 800px\" \/>\n\t\t<div class=\"figc no-description\">\n\t\t\t<div class=\"figc-inner\">\n\t\t\t\t\t\t\t\t\t<div class='jtg-title'>11. Markus Matthias Kr\u00fcger, Coole H\u00e4user, 2025, Acryl auf Papier, 9,5 x 12,8 cm (verkauft)<\/div>\n\t\t\t\t\t\t\t\t\t\t\t\t\t\t\t<\/div>\n\t\t<\/div>\n\n\t<\/div>\n\n<\/div><div class=\"modula-item effect-crafty jtg-filter-all jtg-filter-\" data-width=\"4\" data-height=\"3\" >\n\t<div class=\"modula-item-overlay\"><\/div>\n\n\t<div class=\"modula-item-content\">\n\n\t\t<a data-image-id=\"15126\" role=\"button\" tabindex=\"0\" rel=\"jtg-14967\" data-caption=\"&lt;span class=&quot;modula-caption-title&quot;&gt;12. Markus Matthias Kr\u00fcger, Brennendes Geh\u00f6ft, 2025, Acryl auf Papier, 9,5 x 12,8 cm (verkauft)&lt;\/span&gt;&lt;br&gt;&lt;span class=&quot;modula-caption-description&quot;&gt;&lt;\/span&gt;\" aria-label=\"Open image in lightbox\" data-thumb=\"https:\/\/wp-modula.b-cdn.net\/spai\/q_glossy&amp;ret_img&amp;w_500&amp;h_371\/https:\/\/www.galerie-schwind.de\/wp-content\/uploads\/2025\/12\/25_01-Brennendes-Gehoeft-2025-500x371.jpg\" class=\"tile-inner modula-item-link\"><\/a><img loading=\"lazy\" decoding=\"async\" class=\"pic wp-image-15126\"  data-valign=\"middle\" data-halign=\"center\" alt=\"\" data-full=\"https:\/\/wp-modula.b-cdn.net\/spai\/q_lossless&amp;ret_img\/https:\/\/www.galerie-schwind.de\/wp-content\/uploads\/2025\/12\/25_01-Brennendes-Gehoeft-2025.jpg\" title=\"12. Markus Matthias Kr\u00fcger, Brennendes Geh\u00f6ft, 2025, Acryl auf Papier, 9,5 x 12,8 cm (verkauft)\" width=\"800\" height=\"594\" src=\"https:\/\/wp-modula.b-cdn.net\/spai\/q_glossy&amp;ret_img&amp;w_800&amp;h_594\/https:\/\/www.galerie-schwind.de\/wp-content\/uploads\/2025\/12\/25_01-Brennendes-Gehoeft-2025-800x594.jpg\" data-src=\"https:\/\/wp-modula.b-cdn.net\/spai\/q_glossy&amp;ret_img&amp;w_800&amp;h_594\/https:\/\/www.galerie-schwind.de\/wp-content\/uploads\/2025\/12\/25_01-Brennendes-Gehoeft-2025-800x594.jpg\" data-caption=\"\" srcset=\"https:\/\/wp-modula.b-cdn.net\/spai\/q_glossy&amp;ret_img&amp;w_1200&amp;h_891\/https:\/\/www.galerie-schwind.de\/wp-content\/uploads\/2025\/12\/25_01-Brennendes-Gehoeft-2025.jpg 1200w, https:\/\/wp-modula.b-cdn.net\/spai\/q_glossy&amp;ret_img&amp;w_800&amp;h_594\/https:\/\/www.galerie-schwind.de\/wp-content\/uploads\/2025\/12\/25_01-Brennendes-Gehoeft-2025-800x594.jpg 800w, https:\/\/wp-modula.b-cdn.net\/spai\/q_glossy&amp;ret_img&amp;w_500&amp;h_371\/https:\/\/www.galerie-schwind.de\/wp-content\/uploads\/2025\/12\/25_01-Brennendes-Gehoeft-2025-500x371.jpg 500w, https:\/\/wp-modula.b-cdn.net\/spai\/q_glossy&amp;ret_img&amp;w_768&amp;h_570\/https:\/\/www.galerie-schwind.de\/wp-content\/uploads\/2025\/12\/25_01-Brennendes-Gehoeft-2025-768x570.jpg 768w\" sizes=\"auto, (max-width: 800px) 100vw, 800px\" \/>\n\t\t<div class=\"figc no-description\">\n\t\t\t<div class=\"figc-inner\">\n\t\t\t\t\t\t\t\t\t<div class='jtg-title'>12. Markus Matthias Kr\u00fcger, Brennendes Geh\u00f6ft, 2025, Acryl auf Papier, 9,5 x 12,8 cm (verkauft)<\/div>\n\t\t\t\t\t\t\t\t\t\t\t\t\t\t\t<\/div>\n\t\t<\/div>\n\n\t<\/div>\n\n<\/div><div class=\"modula-item effect-crafty jtg-filter-all jtg-filter-\" data-width=\"4\" data-height=\"3\" >\n\t<div class=\"modula-item-overlay\"><\/div>\n\n\t<div class=\"modula-item-content\">\n\n\t\t<a data-image-id=\"15140\" role=\"button\" tabindex=\"0\" rel=\"jtg-14967\" data-caption=\"&lt;span class=&quot;modula-caption-title&quot;&gt;13. Markus Matthias Kr\u00fcger, Waldl\u00fccke, 2025, Acryl auf Papier, 9,5 x 12,8 cm (verkauft)&lt;\/span&gt;&lt;br&gt;&lt;span class=&quot;modula-caption-description&quot;&gt;&lt;\/span&gt;\" aria-label=\"Open image in lightbox\" data-thumb=\"https:\/\/wp-modula.b-cdn.net\/spai\/q_glossy&amp;ret_img&amp;w_500&amp;h_373\/https:\/\/www.galerie-schwind.de\/wp-content\/uploads\/2025\/12\/25_24-Waldluecke-2025-500x373.jpg\" class=\"tile-inner modula-item-link\"><\/a><img loading=\"lazy\" decoding=\"async\" class=\"pic wp-image-15140\"  data-valign=\"middle\" data-halign=\"center\" alt=\"\" data-full=\"https:\/\/wp-modula.b-cdn.net\/spai\/q_lossless&amp;ret_img\/https:\/\/www.galerie-schwind.de\/wp-content\/uploads\/2025\/12\/25_24-Waldluecke-2025.jpg\" title=\"13. Markus Matthias Kr\u00fcger, Waldl\u00fccke, 2025, Acryl auf Papier, 9,5 x 12,8 cm (verkauft)\" width=\"800\" height=\"596\" src=\"https:\/\/wp-modula.b-cdn.net\/spai\/q_glossy&amp;ret_img&amp;w_800&amp;h_596\/https:\/\/www.galerie-schwind.de\/wp-content\/uploads\/2025\/12\/25_24-Waldluecke-2025-800x596.jpg\" data-src=\"https:\/\/wp-modula.b-cdn.net\/spai\/q_glossy&amp;ret_img&amp;w_800&amp;h_596\/https:\/\/www.galerie-schwind.de\/wp-content\/uploads\/2025\/12\/25_24-Waldluecke-2025-800x596.jpg\" data-caption=\"\" srcset=\"https:\/\/wp-modula.b-cdn.net\/spai\/q_glossy&amp;ret_img&amp;w_1000&amp;h_745\/https:\/\/www.galerie-schwind.de\/wp-content\/uploads\/2025\/12\/25_24-Waldluecke-2025.jpg 1000w, https:\/\/wp-modula.b-cdn.net\/spai\/q_glossy&amp;ret_img&amp;w_800&amp;h_596\/https:\/\/www.galerie-schwind.de\/wp-content\/uploads\/2025\/12\/25_24-Waldluecke-2025-800x596.jpg 800w, https:\/\/wp-modula.b-cdn.net\/spai\/q_glossy&amp;ret_img&amp;w_500&amp;h_373\/https:\/\/www.galerie-schwind.de\/wp-content\/uploads\/2025\/12\/25_24-Waldluecke-2025-500x373.jpg 500w, https:\/\/wp-modula.b-cdn.net\/spai\/q_glossy&amp;ret_img&amp;w_768&amp;h_572\/https:\/\/www.galerie-schwind.de\/wp-content\/uploads\/2025\/12\/25_24-Waldluecke-2025-768x572.jpg 768w\" sizes=\"auto, (max-width: 800px) 100vw, 800px\" \/>\n\t\t<div class=\"figc no-description\">\n\t\t\t<div class=\"figc-inner\">\n\t\t\t\t\t\t\t\t\t<div class='jtg-title'>13. Markus Matthias Kr\u00fcger, Waldl\u00fccke, 2025, Acryl auf Papier, 9,5 x 12,8 cm (verkauft)<\/div>\n\t\t\t\t\t\t\t\t\t\t\t\t\t\t\t<\/div>\n\t\t<\/div>\n\n\t<\/div>\n\n<\/div><div class=\"modula-item effect-crafty jtg-filter-all jtg-filter-\" data-width=\"4\" data-height=\"3\" >\n\t<div class=\"modula-item-overlay\"><\/div>\n\n\t<div class=\"modula-item-content\">\n\n\t\t<a data-image-id=\"15143\" role=\"button\" tabindex=\"0\" rel=\"jtg-14967\" data-caption=\"&lt;span class=&quot;modula-caption-title&quot;&gt;14. Markus Matthias Kr\u00fcger, Alter Schornstein, 2025, Acryl auf Papier, 9,7 x 13 cm (verkauft)&lt;\/span&gt;&lt;br&gt;&lt;span class=&quot;modula-caption-description&quot;&gt;&lt;\/span&gt;\" aria-label=\"Open image in lightbox\" data-thumb=\"https:\/\/wp-modula.b-cdn.net\/spai\/q_glossy&amp;ret_img&amp;w_500&amp;h_371\/https:\/\/www.galerie-schwind.de\/wp-content\/uploads\/2025\/12\/25_07-Alter-Schornstein-2025-Acryl-auf-Papier-97-x-13-cm-500x371.jpg\" class=\"tile-inner modula-item-link\"><\/a><img loading=\"lazy\" decoding=\"async\" class=\"pic wp-image-15143\"  data-valign=\"middle\" data-halign=\"center\" alt=\"\" data-full=\"https:\/\/wp-modula.b-cdn.net\/spai\/q_lossless&amp;ret_img\/https:\/\/www.galerie-schwind.de\/wp-content\/uploads\/2025\/12\/25_07-Alter-Schornstein-2025-Acryl-auf-Papier-97-x-13-cm.jpg\" title=\"14. Markus Matthias Kr\u00fcger, Alter Schornstein, 2025, Acryl auf Papier, 9,7 x 13 cm (verkauft)\" width=\"800\" height=\"594\" src=\"https:\/\/wp-modula.b-cdn.net\/spai\/q_glossy&amp;ret_img&amp;w_800&amp;h_594\/https:\/\/www.galerie-schwind.de\/wp-content\/uploads\/2025\/12\/25_07-Alter-Schornstein-2025-Acryl-auf-Papier-97-x-13-cm-800x594.jpg\" data-src=\"https:\/\/wp-modula.b-cdn.net\/spai\/q_glossy&amp;ret_img&amp;w_800&amp;h_594\/https:\/\/www.galerie-schwind.de\/wp-content\/uploads\/2025\/12\/25_07-Alter-Schornstein-2025-Acryl-auf-Papier-97-x-13-cm-800x594.jpg\" data-caption=\"\" srcset=\"https:\/\/wp-modula.b-cdn.net\/spai\/q_glossy&amp;ret_img&amp;w_1000&amp;h_742\/https:\/\/www.galerie-schwind.de\/wp-content\/uploads\/2025\/12\/25_07-Alter-Schornstein-2025-Acryl-auf-Papier-97-x-13-cm.jpg 1000w, https:\/\/wp-modula.b-cdn.net\/spai\/q_glossy&amp;ret_img&amp;w_800&amp;h_594\/https:\/\/www.galerie-schwind.de\/wp-content\/uploads\/2025\/12\/25_07-Alter-Schornstein-2025-Acryl-auf-Papier-97-x-13-cm-800x594.jpg 800w, https:\/\/wp-modula.b-cdn.net\/spai\/q_glossy&amp;ret_img&amp;w_500&amp;h_371\/https:\/\/www.galerie-schwind.de\/wp-content\/uploads\/2025\/12\/25_07-Alter-Schornstein-2025-Acryl-auf-Papier-97-x-13-cm-500x371.jpg 500w, https:\/\/wp-modula.b-cdn.net\/spai\/q_glossy&amp;ret_img&amp;w_768&amp;h_570\/https:\/\/www.galerie-schwind.de\/wp-content\/uploads\/2025\/12\/25_07-Alter-Schornstein-2025-Acryl-auf-Papier-97-x-13-cm-768x570.jpg 768w\" sizes=\"auto, (max-width: 800px) 100vw, 800px\" \/>\n\t\t<div class=\"figc no-description\">\n\t\t\t<div class=\"figc-inner\">\n\t\t\t\t\t\t\t\t\t<div class='jtg-title'>14. Markus Matthias Kr\u00fcger, Alter Schornstein, 2025, Acryl auf Papier, 9,7 x 13 cm (verkauft)<\/div>\n\t\t\t\t\t\t\t\t\t\t\t\t\t\t\t<\/div>\n\t\t<\/div>\n\n\t<\/div>\n\n<\/div><div class=\"modula-item effect-crafty jtg-filter-all jtg-filter-\" data-width=\"4\" data-height=\"3\" >\n\t<div class=\"modula-item-overlay\"><\/div>\n\n\t<div class=\"modula-item-content\">\n\n\t\t<a data-image-id=\"15155\" role=\"button\" tabindex=\"0\" rel=\"jtg-14967\" data-caption=\"&lt;span class=&quot;modula-caption-title&quot;&gt;15. Markus Matthias Kr\u00fcger, Mittag, 2025, Acryl auf Papier, 9,5 x 12,8 cm (verkauft)&lt;\/span&gt;&lt;br&gt;&lt;span class=&quot;modula-caption-description&quot;&gt;&lt;\/span&gt;\" aria-label=\"Open image in lightbox\" data-thumb=\"https:\/\/wp-modula.b-cdn.net\/spai\/q_glossy&amp;ret_img&amp;w_500&amp;h_374\/https:\/\/www.galerie-schwind.de\/wp-content\/uploads\/2025\/12\/25_21-Mittag-2025-500x374.jpg\" class=\"tile-inner modula-item-link\"><\/a><img loading=\"lazy\" decoding=\"async\" class=\"pic wp-image-15155\"  data-valign=\"middle\" data-halign=\"center\" alt=\"\" data-full=\"https:\/\/wp-modula.b-cdn.net\/spai\/q_lossless&amp;ret_img\/https:\/\/www.galerie-schwind.de\/wp-content\/uploads\/2025\/12\/25_21-Mittag-2025.jpg\" title=\"15. Markus Matthias Kr\u00fcger, Mittag, 2025, Acryl auf Papier, 9,5 x 12,8 cm (verkauft)\" width=\"800\" height=\"598\" src=\"https:\/\/wp-modula.b-cdn.net\/spai\/q_glossy&amp;ret_img&amp;w_800&amp;h_598\/https:\/\/www.galerie-schwind.de\/wp-content\/uploads\/2025\/12\/25_21-Mittag-2025-800x598.jpg\" data-src=\"https:\/\/wp-modula.b-cdn.net\/spai\/q_glossy&amp;ret_img&amp;w_800&amp;h_598\/https:\/\/www.galerie-schwind.de\/wp-content\/uploads\/2025\/12\/25_21-Mittag-2025-800x598.jpg\" data-caption=\"\" srcset=\"https:\/\/wp-modula.b-cdn.net\/spai\/q_glossy&amp;ret_img&amp;w_1000&amp;h_747\/https:\/\/www.galerie-schwind.de\/wp-content\/uploads\/2025\/12\/25_21-Mittag-2025.jpg 1000w, https:\/\/wp-modula.b-cdn.net\/spai\/q_glossy&amp;ret_img&amp;w_800&amp;h_598\/https:\/\/www.galerie-schwind.de\/wp-content\/uploads\/2025\/12\/25_21-Mittag-2025-800x598.jpg 800w, https:\/\/wp-modula.b-cdn.net\/spai\/q_glossy&amp;ret_img&amp;w_500&amp;h_374\/https:\/\/www.galerie-schwind.de\/wp-content\/uploads\/2025\/12\/25_21-Mittag-2025-500x374.jpg 500w, https:\/\/wp-modula.b-cdn.net\/spai\/q_glossy&amp;ret_img&amp;w_768&amp;h_574\/https:\/\/www.galerie-schwind.de\/wp-content\/uploads\/2025\/12\/25_21-Mittag-2025-768x574.jpg 768w\" sizes=\"auto, (max-width: 800px) 100vw, 800px\" \/>\n\t\t<div class=\"figc no-description\">\n\t\t\t<div class=\"figc-inner\">\n\t\t\t\t\t\t\t\t\t<div class='jtg-title'>15. Markus Matthias Kr\u00fcger, Mittag, 2025, Acryl auf Papier, 9,5 x 12,8 cm (verkauft)<\/div>\n\t\t\t\t\t\t\t\t\t\t\t\t\t\t\t<\/div>\n\t\t<\/div>\n\n\t<\/div>\n\n<\/div><div class=\"modula-item effect-crafty jtg-filter-all jtg-filter-\" data-width=\"4\" data-height=\"3\" >\n\t<div class=\"modula-item-overlay\"><\/div>\n\n\t<div class=\"modula-item-content\">\n\n\t\t<a data-image-id=\"15157\" role=\"button\" tabindex=\"0\" rel=\"jtg-14967\" data-caption=\"&lt;span class=&quot;modula-caption-title&quot;&gt;16. Markus Matthias Kr\u00fcger, Klamm, 2025, Acryl auf Papier, 9,5 x 12,8 cm&lt;\/span&gt;&lt;br&gt;&lt;span class=&quot;modula-caption-description&quot;&gt;&lt;\/span&gt;\" aria-label=\"Open image in lightbox\" data-thumb=\"https:\/\/wp-modula.b-cdn.net\/spai\/q_glossy&amp;ret_img&amp;w_500&amp;h_373\/https:\/\/www.galerie-schwind.de\/wp-content\/uploads\/2025\/12\/25_12-Klamm-2025-Acryl-auf-Papier-95-x-128-cm-500x373.jpg\" class=\"tile-inner modula-item-link\"><\/a><img loading=\"lazy\" decoding=\"async\" class=\"pic wp-image-15157\"  data-valign=\"middle\" data-halign=\"center\" alt=\"\" data-full=\"https:\/\/wp-modula.b-cdn.net\/spai\/q_lossless&amp;ret_img\/https:\/\/www.galerie-schwind.de\/wp-content\/uploads\/2025\/12\/25_12-Klamm-2025-Acryl-auf-Papier-95-x-128-cm.jpg\" title=\"16. Markus Matthias Kr\u00fcger, Klamm, 2025, Acryl auf Papier, 9,5 x 12,8 cm\" width=\"800\" height=\"597\" src=\"https:\/\/wp-modula.b-cdn.net\/spai\/q_glossy&amp;ret_img&amp;w_800&amp;h_597\/https:\/\/www.galerie-schwind.de\/wp-content\/uploads\/2025\/12\/25_12-Klamm-2025-Acryl-auf-Papier-95-x-128-cm-800x597.jpg\" data-src=\"https:\/\/wp-modula.b-cdn.net\/spai\/q_glossy&amp;ret_img&amp;w_800&amp;h_597\/https:\/\/www.galerie-schwind.de\/wp-content\/uploads\/2025\/12\/25_12-Klamm-2025-Acryl-auf-Papier-95-x-128-cm-800x597.jpg\" data-caption=\"\" srcset=\"https:\/\/wp-modula.b-cdn.net\/spai\/q_glossy&amp;ret_img&amp;w_1000&amp;h_746\/https:\/\/www.galerie-schwind.de\/wp-content\/uploads\/2025\/12\/25_12-Klamm-2025-Acryl-auf-Papier-95-x-128-cm.jpg 1000w, https:\/\/wp-modula.b-cdn.net\/spai\/q_glossy&amp;ret_img&amp;w_800&amp;h_597\/https:\/\/www.galerie-schwind.de\/wp-content\/uploads\/2025\/12\/25_12-Klamm-2025-Acryl-auf-Papier-95-x-128-cm-800x597.jpg 800w, https:\/\/wp-modula.b-cdn.net\/spai\/q_glossy&amp;ret_img&amp;w_500&amp;h_373\/https:\/\/www.galerie-schwind.de\/wp-content\/uploads\/2025\/12\/25_12-Klamm-2025-Acryl-auf-Papier-95-x-128-cm-500x373.jpg 500w, https:\/\/wp-modula.b-cdn.net\/spai\/q_glossy&amp;ret_img&amp;w_768&amp;h_573\/https:\/\/www.galerie-schwind.de\/wp-content\/uploads\/2025\/12\/25_12-Klamm-2025-Acryl-auf-Papier-95-x-128-cm-768x573.jpg 768w\" sizes=\"auto, (max-width: 800px) 100vw, 800px\" \/>\n\t\t<div class=\"figc no-description\">\n\t\t\t<div class=\"figc-inner\">\n\t\t\t\t\t\t\t\t\t<div class='jtg-title'>16. Markus Matthias Kr\u00fcger, Klamm, 2025, Acryl auf Papier, 9,5 x 12,8 cm<\/div>\n\t\t\t\t\t\t\t\t\t\t\t\t\t\t\t<\/div>\n\t\t<\/div>\n\n\t<\/div>\n\n<\/div><div class=\"modula-item effect-crafty jtg-filter-all jtg-filter-\" data-width=\"4\" data-height=\"3\" >\n\t<div class=\"modula-item-overlay\"><\/div>\n\n\t<div class=\"modula-item-content\">\n\n\t\t<a data-image-id=\"15162\" role=\"button\" tabindex=\"0\" rel=\"jtg-14967\" data-caption=\"&lt;span class=&quot;modula-caption-title&quot;&gt;17. Markus Matthias Kr\u00fcger, Doppelsee, 2025, Acryl auf Papier, 9,5 x 12,8 cm&lt;\/span&gt;&lt;br&gt;&lt;span class=&quot;modula-caption-description&quot;&gt;&lt;\/span&gt;\" aria-label=\"Open image in lightbox\" data-thumb=\"https:\/\/wp-modula.b-cdn.net\/spai\/q_glossy&amp;ret_img&amp;w_500&amp;h_372\/https:\/\/www.galerie-schwind.de\/wp-content\/uploads\/2025\/12\/25_04-Doppelsee-2025-Acryl-auf-Papier-500x372.jpg\" class=\"tile-inner modula-item-link\"><\/a><img loading=\"lazy\" decoding=\"async\" class=\"pic wp-image-15162\"  data-valign=\"middle\" data-halign=\"center\" alt=\"\" data-full=\"https:\/\/wp-modula.b-cdn.net\/spai\/q_lossless&amp;ret_img\/https:\/\/www.galerie-schwind.de\/wp-content\/uploads\/2025\/12\/25_04-Doppelsee-2025-Acryl-auf-Papier.jpg\" title=\"17. Markus Matthias Kr\u00fcger, Doppelsee, 2025, Acryl auf Papier, 9,5 x 12,8 cm\" width=\"800\" height=\"595\" src=\"https:\/\/wp-modula.b-cdn.net\/spai\/q_glossy&amp;ret_img&amp;w_800&amp;h_595\/https:\/\/www.galerie-schwind.de\/wp-content\/uploads\/2025\/12\/25_04-Doppelsee-2025-Acryl-auf-Papier-800x595.jpg\" data-src=\"https:\/\/wp-modula.b-cdn.net\/spai\/q_glossy&amp;ret_img&amp;w_800&amp;h_595\/https:\/\/www.galerie-schwind.de\/wp-content\/uploads\/2025\/12\/25_04-Doppelsee-2025-Acryl-auf-Papier-800x595.jpg\" data-caption=\"\" srcset=\"https:\/\/wp-modula.b-cdn.net\/spai\/q_glossy&amp;ret_img&amp;w_1300&amp;h_967\/https:\/\/www.galerie-schwind.de\/wp-content\/uploads\/2025\/12\/25_04-Doppelsee-2025-Acryl-auf-Papier.jpg 1300w, https:\/\/wp-modula.b-cdn.net\/spai\/q_glossy&amp;ret_img&amp;w_800&amp;h_595\/https:\/\/www.galerie-schwind.de\/wp-content\/uploads\/2025\/12\/25_04-Doppelsee-2025-Acryl-auf-Papier-800x595.jpg 800w, https:\/\/wp-modula.b-cdn.net\/spai\/q_glossy&amp;ret_img&amp;w_1280&amp;h_952\/https:\/\/www.galerie-schwind.de\/wp-content\/uploads\/2025\/12\/25_04-Doppelsee-2025-Acryl-auf-Papier-1280x952.jpg 1280w, https:\/\/wp-modula.b-cdn.net\/spai\/q_glossy&amp;ret_img&amp;w_500&amp;h_372\/https:\/\/www.galerie-schwind.de\/wp-content\/uploads\/2025\/12\/25_04-Doppelsee-2025-Acryl-auf-Papier-500x372.jpg 500w, https:\/\/wp-modula.b-cdn.net\/spai\/q_glossy&amp;ret_img&amp;w_768&amp;h_571\/https:\/\/www.galerie-schwind.de\/wp-content\/uploads\/2025\/12\/25_04-Doppelsee-2025-Acryl-auf-Papier-768x571.jpg 768w\" sizes=\"auto, (max-width: 800px) 100vw, 800px\" \/>\n\t\t<div class=\"figc no-description\">\n\t\t\t<div class=\"figc-inner\">\n\t\t\t\t\t\t\t\t\t<div class='jtg-title'>17. Markus Matthias Kr\u00fcger, Doppelsee, 2025, Acryl auf Papier, 9,5 x 12,8 cm<\/div>\n\t\t\t\t\t\t\t\t\t\t\t\t\t\t\t<\/div>\n\t\t<\/div>\n\n\t<\/div>\n\n<\/div><div class=\"modula-item effect-crafty jtg-filter-all jtg-filter-\" data-width=\"4\" data-height=\"3\" >\n\t<div class=\"modula-item-overlay\"><\/div>\n\n\t<div class=\"modula-item-content\">\n\n\t\t<a data-image-id=\"15164\" role=\"button\" tabindex=\"0\" rel=\"jtg-14967\" data-caption=\"&lt;span class=&quot;modula-caption-title&quot;&gt;18. Markus Matthias Kr\u00fcger, Gestaffelte W\u00e4ldchen, 2025, Acryl auf Papier, 9,5 x 12,8 cm&lt;\/span&gt;&lt;br&gt;&lt;span class=&quot;modula-caption-description&quot;&gt;&lt;\/span&gt;\" aria-label=\"Open image in lightbox\" data-thumb=\"https:\/\/wp-modula.b-cdn.net\/spai\/q_glossy&amp;ret_img&amp;w_500&amp;h_370\/https:\/\/www.galerie-schwind.de\/wp-content\/uploads\/2025\/12\/25_14-Gestaffelte-Waeldchen-2025-500x370.jpg\" class=\"tile-inner modula-item-link\"><\/a><img loading=\"lazy\" decoding=\"async\" class=\"pic wp-image-15164\"  data-valign=\"middle\" data-halign=\"center\" alt=\"\" data-full=\"https:\/\/wp-modula.b-cdn.net\/spai\/q_lossless&amp;ret_img\/https:\/\/www.galerie-schwind.de\/wp-content\/uploads\/2025\/12\/25_14-Gestaffelte-Waeldchen-2025.jpg\" title=\"18. Markus Matthias Kr\u00fcger, Gestaffelte W\u00e4ldchen, 2025, Acryl auf Papier, 9,5 x 12,8 cm\" width=\"800\" height=\"593\" src=\"https:\/\/wp-modula.b-cdn.net\/spai\/q_glossy&amp;ret_img&amp;w_800&amp;h_593\/https:\/\/www.galerie-schwind.de\/wp-content\/uploads\/2025\/12\/25_14-Gestaffelte-Waeldchen-2025-800x593.jpg\" data-src=\"https:\/\/wp-modula.b-cdn.net\/spai\/q_glossy&amp;ret_img&amp;w_800&amp;h_593\/https:\/\/www.galerie-schwind.de\/wp-content\/uploads\/2025\/12\/25_14-Gestaffelte-Waeldchen-2025-800x593.jpg\" data-caption=\"\" srcset=\"https:\/\/wp-modula.b-cdn.net\/spai\/q_glossy&amp;ret_img&amp;w_1200&amp;h_889\/https:\/\/www.galerie-schwind.de\/wp-content\/uploads\/2025\/12\/25_14-Gestaffelte-Waeldchen-2025.jpg 1200w, https:\/\/wp-modula.b-cdn.net\/spai\/q_glossy&amp;ret_img&amp;w_800&amp;h_593\/https:\/\/www.galerie-schwind.de\/wp-content\/uploads\/2025\/12\/25_14-Gestaffelte-Waeldchen-2025-800x593.jpg 800w, https:\/\/wp-modula.b-cdn.net\/spai\/q_glossy&amp;ret_img&amp;w_500&amp;h_370\/https:\/\/www.galerie-schwind.de\/wp-content\/uploads\/2025\/12\/25_14-Gestaffelte-Waeldchen-2025-500x370.jpg 500w, https:\/\/wp-modula.b-cdn.net\/spai\/q_glossy&amp;ret_img&amp;w_768&amp;h_569\/https:\/\/www.galerie-schwind.de\/wp-content\/uploads\/2025\/12\/25_14-Gestaffelte-Waeldchen-2025-768x569.jpg 768w\" sizes=\"auto, (max-width: 800px) 100vw, 800px\" \/>\n\t\t<div class=\"figc no-description\">\n\t\t\t<div class=\"figc-inner\">\n\t\t\t\t\t\t\t\t\t<div class='jtg-title'>18. Markus Matthias Kr\u00fcger, Gestaffelte W\u00e4ldchen, 2025, Acryl auf Papier, 9,5 x 12,8 cm<\/div>\n\t\t\t\t\t\t\t\t\t\t\t\t\t\t\t<\/div>\n\t\t<\/div>\n\n\t<\/div>\n\n<\/div><div class=\"modula-item effect-crafty jtg-filter-all jtg-filter-\" data-width=\"4\" data-height=\"3\" >\n\t<div class=\"modula-item-overlay\"><\/div>\n\n\t<div class=\"modula-item-content\">\n\n\t\t<a data-image-id=\"15172\" role=\"button\" tabindex=\"0\" rel=\"jtg-14967\" data-caption=\"&lt;span class=&quot;modula-caption-title&quot;&gt;19. Markus Matthias Kr\u00fcger, Fremde B\u00e4ume, 2025, Acryl auf Papier, 9,5 x 12,8 cm (verkauft)&lt;\/span&gt;&lt;br&gt;&lt;span class=&quot;modula-caption-description&quot;&gt;&lt;\/span&gt;\" aria-label=\"Open image in lightbox\" data-thumb=\"https:\/\/wp-modula.b-cdn.net\/spai\/q_glossy&amp;ret_img&amp;w_500&amp;h_374\/https:\/\/www.galerie-schwind.de\/wp-content\/uploads\/2025\/12\/25_22-Fremde-Baeume-2025-500x374.jpg\" class=\"tile-inner modula-item-link\"><\/a><img loading=\"lazy\" decoding=\"async\" class=\"pic wp-image-15172\"  data-valign=\"middle\" data-halign=\"center\" alt=\"\" data-full=\"https:\/\/wp-modula.b-cdn.net\/spai\/q_lossless&amp;ret_img\/https:\/\/www.galerie-schwind.de\/wp-content\/uploads\/2025\/12\/25_22-Fremde-Baeume-2025.jpg\" title=\"19. Markus Matthias Kr\u00fcger, Fremde B\u00e4ume, 2025, Acryl auf Papier, 9,5 x 12,8 cm (verkauft)\" width=\"800\" height=\"598\" src=\"https:\/\/wp-modula.b-cdn.net\/spai\/q_glossy&amp;ret_img&amp;w_800&amp;h_598\/https:\/\/www.galerie-schwind.de\/wp-content\/uploads\/2025\/12\/25_22-Fremde-Baeume-2025-800x598.jpg\" data-src=\"https:\/\/wp-modula.b-cdn.net\/spai\/q_glossy&amp;ret_img&amp;w_800&amp;h_598\/https:\/\/www.galerie-schwind.de\/wp-content\/uploads\/2025\/12\/25_22-Fremde-Baeume-2025-800x598.jpg\" data-caption=\"\" srcset=\"https:\/\/wp-modula.b-cdn.net\/spai\/q_glossy&amp;ret_img&amp;w_1000&amp;h_748\/https:\/\/www.galerie-schwind.de\/wp-content\/uploads\/2025\/12\/25_22-Fremde-Baeume-2025.jpg 1000w, https:\/\/wp-modula.b-cdn.net\/spai\/q_glossy&amp;ret_img&amp;w_800&amp;h_598\/https:\/\/www.galerie-schwind.de\/wp-content\/uploads\/2025\/12\/25_22-Fremde-Baeume-2025-800x598.jpg 800w, https:\/\/wp-modula.b-cdn.net\/spai\/q_glossy&amp;ret_img&amp;w_500&amp;h_374\/https:\/\/www.galerie-schwind.de\/wp-content\/uploads\/2025\/12\/25_22-Fremde-Baeume-2025-500x374.jpg 500w, https:\/\/wp-modula.b-cdn.net\/spai\/q_glossy&amp;ret_img&amp;w_768&amp;h_574\/https:\/\/www.galerie-schwind.de\/wp-content\/uploads\/2025\/12\/25_22-Fremde-Baeume-2025-768x574.jpg 768w\" sizes=\"auto, (max-width: 800px) 100vw, 800px\" \/>\n\t\t<div class=\"figc no-description\">\n\t\t\t<div class=\"figc-inner\">\n\t\t\t\t\t\t\t\t\t<div class='jtg-title'>19. Markus Matthias Kr\u00fcger, Fremde B\u00e4ume, 2025, Acryl auf Papier, 9,5 x 12,8 cm (verkauft)<\/div>\n\t\t\t\t\t\t\t\t\t\t\t\t\t\t\t<\/div>\n\t\t<\/div>\n\n\t<\/div>\n\n<\/div><div class=\"modula-item effect-crafty jtg-filter-all jtg-filter-\" data-width=\"4\" data-height=\"3\" >\n\t<div class=\"modula-item-overlay\"><\/div>\n\n\t<div class=\"modula-item-content\">\n\n\t\t<a data-image-id=\"15175\" role=\"button\" tabindex=\"0\" rel=\"jtg-14967\" data-caption=\"&lt;span class=&quot;modula-caption-title&quot;&gt;20. Markus Matthias Kr\u00fcger, Pappelhof, 2025, Acryl auf Papier, 9,5 x 12,8 cm (verkauft)&lt;\/span&gt;&lt;br&gt;&lt;span class=&quot;modula-caption-description&quot;&gt;&lt;\/span&gt;\" aria-label=\"Open image in lightbox\" data-thumb=\"https:\/\/wp-modula.b-cdn.net\/spai\/q_glossy&amp;ret_img&amp;w_500&amp;h_373\/https:\/\/www.galerie-schwind.de\/wp-content\/uploads\/2025\/12\/25_10-Pappelhof-2025-500x373.jpg\" class=\"tile-inner modula-item-link\"><\/a><img loading=\"lazy\" decoding=\"async\" class=\"pic wp-image-15175\"  data-valign=\"middle\" data-halign=\"center\" alt=\"\" data-full=\"https:\/\/wp-modula.b-cdn.net\/spai\/q_lossless&amp;ret_img\/https:\/\/www.galerie-schwind.de\/wp-content\/uploads\/2025\/12\/25_10-Pappelhof-2025.jpg\" title=\"20. Markus Matthias Kr\u00fcger, Pappelhof, 2025, Acryl auf Papier, 9,5 x 12,8 cm (verkauft)\" width=\"800\" height=\"597\" src=\"https:\/\/wp-modula.b-cdn.net\/spai\/q_glossy&amp;ret_img&amp;w_800&amp;h_597\/https:\/\/www.galerie-schwind.de\/wp-content\/uploads\/2025\/12\/25_10-Pappelhof-2025-800x597.jpg\" data-src=\"https:\/\/wp-modula.b-cdn.net\/spai\/q_glossy&amp;ret_img&amp;w_800&amp;h_597\/https:\/\/www.galerie-schwind.de\/wp-content\/uploads\/2025\/12\/25_10-Pappelhof-2025-800x597.jpg\" data-caption=\"\" srcset=\"https:\/\/wp-modula.b-cdn.net\/spai\/q_glossy&amp;ret_img&amp;w_1200&amp;h_896\/https:\/\/www.galerie-schwind.de\/wp-content\/uploads\/2025\/12\/25_10-Pappelhof-2025.jpg 1200w, https:\/\/wp-modula.b-cdn.net\/spai\/q_glossy&amp;ret_img&amp;w_800&amp;h_597\/https:\/\/www.galerie-schwind.de\/wp-content\/uploads\/2025\/12\/25_10-Pappelhof-2025-800x597.jpg 800w, https:\/\/wp-modula.b-cdn.net\/spai\/q_glossy&amp;ret_img&amp;w_500&amp;h_373\/https:\/\/www.galerie-schwind.de\/wp-content\/uploads\/2025\/12\/25_10-Pappelhof-2025-500x373.jpg 500w, https:\/\/wp-modula.b-cdn.net\/spai\/q_glossy&amp;ret_img&amp;w_768&amp;h_573\/https:\/\/www.galerie-schwind.de\/wp-content\/uploads\/2025\/12\/25_10-Pappelhof-2025-768x573.jpg 768w\" sizes=\"auto, (max-width: 800px) 100vw, 800px\" \/>\n\t\t<div class=\"figc no-description\">\n\t\t\t<div class=\"figc-inner\">\n\t\t\t\t\t\t\t\t\t<div class='jtg-title'>20. Markus Matthias Kr\u00fcger, Pappelhof, 2025, Acryl auf Papier, 9,5 x 12,8 cm (verkauft)<\/div>\n\t\t\t\t\t\t\t\t\t\t\t\t\t\t\t<\/div>\n\t\t<\/div>\n\n\t<\/div>\n\n<\/div><div class=\"modula-item effect-crafty jtg-filter-all jtg-filter-\" data-width=\"4\" data-height=\"3\" >\n\t<div class=\"modula-item-overlay\"><\/div>\n\n\t<div class=\"modula-item-content\">\n\n\t\t<a data-image-id=\"15196\" role=\"button\" tabindex=\"0\" rel=\"jtg-14967\" data-caption=\"&lt;span class=&quot;modula-caption-title&quot;&gt;21. Markus Matthias Kr\u00fcger, Schwarzer Berg, 2025, Acryl auf Papier, 9,5 x 12,8 cm (verkauft)&lt;\/span&gt;&lt;br&gt;&lt;span class=&quot;modula-caption-description&quot;&gt;&lt;\/span&gt;\" aria-label=\"Open image in lightbox\" data-thumb=\"https:\/\/wp-modula.b-cdn.net\/spai\/q_glossy&amp;ret_img&amp;w_500&amp;h_372\/https:\/\/www.galerie-schwind.de\/wp-content\/uploads\/2025\/12\/25_20-Schwarzer-Berg-2025-500x372.jpg\" class=\"tile-inner modula-item-link\"><\/a><img loading=\"lazy\" decoding=\"async\" class=\"pic wp-image-15196\"  data-valign=\"middle\" data-halign=\"center\" alt=\"\" data-full=\"https:\/\/wp-modula.b-cdn.net\/spai\/q_lossless&amp;ret_img\/https:\/\/www.galerie-schwind.de\/wp-content\/uploads\/2025\/12\/25_20-Schwarzer-Berg-2025.jpg\" title=\"21. Markus Matthias Kr\u00fcger, Schwarzer Berg, 2025, Acryl auf Papier, 9,5 x 12,8 cm (verkauft)\" width=\"800\" height=\"595\" src=\"https:\/\/wp-modula.b-cdn.net\/spai\/q_glossy&amp;ret_img&amp;w_800&amp;h_595\/https:\/\/www.galerie-schwind.de\/wp-content\/uploads\/2025\/12\/25_20-Schwarzer-Berg-2025-800x595.jpg\" data-src=\"https:\/\/wp-modula.b-cdn.net\/spai\/q_glossy&amp;ret_img&amp;w_800&amp;h_595\/https:\/\/www.galerie-schwind.de\/wp-content\/uploads\/2025\/12\/25_20-Schwarzer-Berg-2025-800x595.jpg\" data-caption=\"\" srcset=\"https:\/\/wp-modula.b-cdn.net\/spai\/q_glossy&amp;ret_img&amp;w_1000&amp;h_744\/https:\/\/www.galerie-schwind.de\/wp-content\/uploads\/2025\/12\/25_20-Schwarzer-Berg-2025.jpg 1000w, https:\/\/wp-modula.b-cdn.net\/spai\/q_glossy&amp;ret_img&amp;w_800&amp;h_595\/https:\/\/www.galerie-schwind.de\/wp-content\/uploads\/2025\/12\/25_20-Schwarzer-Berg-2025-800x595.jpg 800w, https:\/\/wp-modula.b-cdn.net\/spai\/q_glossy&amp;ret_img&amp;w_500&amp;h_372\/https:\/\/www.galerie-schwind.de\/wp-content\/uploads\/2025\/12\/25_20-Schwarzer-Berg-2025-500x372.jpg 500w, https:\/\/wp-modula.b-cdn.net\/spai\/q_glossy&amp;ret_img&amp;w_768&amp;h_571\/https:\/\/www.galerie-schwind.de\/wp-content\/uploads\/2025\/12\/25_20-Schwarzer-Berg-2025-768x571.jpg 768w\" sizes=\"auto, (max-width: 800px) 100vw, 800px\" \/>\n\t\t<div class=\"figc no-description\">\n\t\t\t<div class=\"figc-inner\">\n\t\t\t\t\t\t\t\t\t<div class='jtg-title'>21. Markus Matthias Kr\u00fcger, Schwarzer Berg, 2025, Acryl auf Papier, 9,5 x 12,8 cm (verkauft)<\/div>\n\t\t\t\t\t\t\t\t\t\t\t\t\t\t\t<\/div>\n\t\t<\/div>\n\n\t<\/div>\n\n<\/div><div class=\"modula-item effect-crafty jtg-filter-all jtg-filter-\" data-width=\"4\" data-height=\"3\" >\n\t<div class=\"modula-item-overlay\"><\/div>\n\n\t<div class=\"modula-item-content\">\n\n\t\t<a data-image-id=\"15200\" role=\"button\" tabindex=\"0\" rel=\"jtg-14967\" data-caption=\"&lt;span class=&quot;modula-caption-title&quot;&gt;23. Markus Matthias Kr\u00fcger, Panorama, 2025, Acryl auf Papier, 9,5 x 12,8 cm (verkauft)&lt;\/span&gt;&lt;br&gt;&lt;span class=&quot;modula-caption-description&quot;&gt;&lt;\/span&gt;\" aria-label=\"Open image in lightbox\" data-thumb=\"https:\/\/wp-modula.b-cdn.net\/spai\/q_glossy&amp;ret_img&amp;w_500&amp;h_370\/https:\/\/www.galerie-schwind.de\/wp-content\/uploads\/2025\/12\/25_03-Panorama-2025-Acryl-auf-Papier-500x370.jpg\" class=\"tile-inner modula-item-link\"><\/a><img loading=\"lazy\" decoding=\"async\" class=\"pic wp-image-15200\"  data-valign=\"middle\" data-halign=\"center\" alt=\"\" data-full=\"https:\/\/wp-modula.b-cdn.net\/spai\/q_lossless&amp;ret_img\/https:\/\/www.galerie-schwind.de\/wp-content\/uploads\/2025\/12\/25_03-Panorama-2025-Acryl-auf-Papier.jpg\" title=\"23. Markus Matthias Kr\u00fcger, Panorama, 2025, Acryl auf Papier, 9,5 x 12,8 cm (verkauft)\" width=\"800\" height=\"592\" src=\"https:\/\/wp-modula.b-cdn.net\/spai\/q_glossy&amp;ret_img&amp;w_800&amp;h_592\/https:\/\/www.galerie-schwind.de\/wp-content\/uploads\/2025\/12\/25_03-Panorama-2025-Acryl-auf-Papier-800x592.jpg\" data-src=\"https:\/\/wp-modula.b-cdn.net\/spai\/q_glossy&amp;ret_img&amp;w_800&amp;h_592\/https:\/\/www.galerie-schwind.de\/wp-content\/uploads\/2025\/12\/25_03-Panorama-2025-Acryl-auf-Papier-800x592.jpg\" data-caption=\"\" srcset=\"https:\/\/wp-modula.b-cdn.net\/spai\/q_glossy&amp;ret_img&amp;w_1300&amp;h_962\/https:\/\/www.galerie-schwind.de\/wp-content\/uploads\/2025\/12\/25_03-Panorama-2025-Acryl-auf-Papier.jpg 1300w, https:\/\/wp-modula.b-cdn.net\/spai\/q_glossy&amp;ret_img&amp;w_800&amp;h_592\/https:\/\/www.galerie-schwind.de\/wp-content\/uploads\/2025\/12\/25_03-Panorama-2025-Acryl-auf-Papier-800x592.jpg 800w, https:\/\/wp-modula.b-cdn.net\/spai\/q_glossy&amp;ret_img&amp;w_1280&amp;h_947\/https:\/\/www.galerie-schwind.de\/wp-content\/uploads\/2025\/12\/25_03-Panorama-2025-Acryl-auf-Papier-1280x947.jpg 1280w, https:\/\/wp-modula.b-cdn.net\/spai\/q_glossy&amp;ret_img&amp;w_500&amp;h_370\/https:\/\/www.galerie-schwind.de\/wp-content\/uploads\/2025\/12\/25_03-Panorama-2025-Acryl-auf-Papier-500x370.jpg 500w, https:\/\/wp-modula.b-cdn.net\/spai\/q_glossy&amp;ret_img&amp;w_768&amp;h_568\/https:\/\/www.galerie-schwind.de\/wp-content\/uploads\/2025\/12\/25_03-Panorama-2025-Acryl-auf-Papier-768x568.jpg 768w\" sizes=\"auto, (max-width: 800px) 100vw, 800px\" \/>\n\t\t<div class=\"figc no-description\">\n\t\t\t<div class=\"figc-inner\">\n\t\t\t\t\t\t\t\t\t<div class='jtg-title'>23. Markus Matthias Kr\u00fcger, Panorama, 2025, Acryl auf Papier, 9,5 x 12,8 cm (verkauft)<\/div>\n\t\t\t\t\t\t\t\t\t\t\t\t\t\t\t<\/div>\n\t\t<\/div>\n\n\t<\/div>\n\n<\/div><div class=\"modula-item effect-crafty jtg-filter-all jtg-filter-\" data-width=\"4\" data-height=\"3\" >\n\t<div class=\"modula-item-overlay\"><\/div>\n\n\t<div class=\"modula-item-content\">\n\n\t\t<a data-image-id=\"15198\" role=\"button\" tabindex=\"0\" rel=\"jtg-14967\" data-caption=\"&lt;span class=&quot;modula-caption-title&quot;&gt;22. Markus Matthias Kr\u00fcger, Bu\u0308sche im Fru\u0308hling, 2025, Acryl auf Papier, 9,5 x 12,8 cm (verkauft)&lt;\/span&gt;&lt;br&gt;&lt;span class=&quot;modula-caption-description&quot;&gt;&lt;\/span&gt;\" aria-label=\"Open image in lightbox\" data-thumb=\"https:\/\/wp-modula.b-cdn.net\/spai\/q_glossy&amp;ret_img&amp;w_500&amp;h_373\/https:\/\/www.galerie-schwind.de\/wp-content\/uploads\/2025\/12\/25_23-Buesche-im-Fruehling-2025-500x373.jpg\" class=\"tile-inner modula-item-link\"><\/a><img loading=\"lazy\" decoding=\"async\" class=\"pic wp-image-15198\"  data-valign=\"middle\" data-halign=\"center\" alt=\"\" data-full=\"https:\/\/wp-modula.b-cdn.net\/spai\/q_lossless&amp;ret_img\/https:\/\/www.galerie-schwind.de\/wp-content\/uploads\/2025\/12\/25_23-Buesche-im-Fruehling-2025.jpg\" title=\"22. Markus Matthias Kr\u00fcger, Bu\u0308sche im Fru\u0308hling, 2025, Acryl auf Papier, 9,5 x 12,8 cm (verkauft)\" width=\"800\" height=\"596\" src=\"https:\/\/wp-modula.b-cdn.net\/spai\/q_glossy&amp;ret_img&amp;w_800&amp;h_596\/https:\/\/www.galerie-schwind.de\/wp-content\/uploads\/2025\/12\/25_23-Buesche-im-Fruehling-2025-800x596.jpg\" data-src=\"https:\/\/wp-modula.b-cdn.net\/spai\/q_glossy&amp;ret_img&amp;w_800&amp;h_596\/https:\/\/www.galerie-schwind.de\/wp-content\/uploads\/2025\/12\/25_23-Buesche-im-Fruehling-2025-800x596.jpg\" data-caption=\"\" srcset=\"https:\/\/wp-modula.b-cdn.net\/spai\/q_glossy&amp;ret_img&amp;w_1000&amp;h_745\/https:\/\/www.galerie-schwind.de\/wp-content\/uploads\/2025\/12\/25_23-Buesche-im-Fruehling-2025.jpg 1000w, https:\/\/wp-modula.b-cdn.net\/spai\/q_glossy&amp;ret_img&amp;w_800&amp;h_596\/https:\/\/www.galerie-schwind.de\/wp-content\/uploads\/2025\/12\/25_23-Buesche-im-Fruehling-2025-800x596.jpg 800w, https:\/\/wp-modula.b-cdn.net\/spai\/q_glossy&amp;ret_img&amp;w_500&amp;h_373\/https:\/\/www.galerie-schwind.de\/wp-content\/uploads\/2025\/12\/25_23-Buesche-im-Fruehling-2025-500x373.jpg 500w, https:\/\/wp-modula.b-cdn.net\/spai\/q_glossy&amp;ret_img&amp;w_768&amp;h_572\/https:\/\/www.galerie-schwind.de\/wp-content\/uploads\/2025\/12\/25_23-Buesche-im-Fruehling-2025-768x572.jpg 768w\" sizes=\"auto, (max-width: 800px) 100vw, 800px\" \/>\n\t\t<div class=\"figc no-description\">\n\t\t\t<div class=\"figc-inner\">\n\t\t\t\t\t\t\t\t\t<div class='jtg-title'>22. Markus Matthias Kr\u00fcger, Bu\u0308sche im Fru\u0308hling, 2025, Acryl auf Papier, 9,5 x 12,8 cm (verkauft)<\/div>\n\t\t\t\t\t\t\t\t\t\t\t\t\t\t\t<\/div>\n\t\t<\/div>\n\n\t<\/div>\n\n<\/div>\t\t\n\t<\/div>\n\n\t\n\t\n\t<script type=\"application\/ld+json\">\n\t{\n\t\t\"@context\": \"http:\/\/schema.org\",\n\t\t\"@type\"   : \"ImageGallery\",\n\t\t\"id\"      : \"https:\/\/www.galerie-schwind.de\/en\/kuenstler\/markus-matthias-krueger\/\",\n\t\t\"url\"     : \"https:\/\/www.galerie-schwind.de\/en\/kuenstler\/markus-matthias-krueger\/\"\n\t}\n\n\t<\/script>\n\n\t\n<\/div>\n\n\n\n\n<p><\/p>\n<\/div><\/section>\n\n<article id=\"biografie\" class=\"wp-block-group\"><div class=\"wp-block-group__inner-container is-layout-flow wp-block-group-is-layout-flow\">\n<h3 class=\"wp-block-heading\" id=\"biographie\">Biography<\/h3>\n\n\n\n<div class=\"wp-block-group\"><div class=\"wp-block-group__inner-container is-layout-flow wp-block-group-is-layout-flow\">\n<figure class=\"wp-block-image size-full is-resized\"><img loading=\"lazy\" decoding=\"async\" width=\"691\" height=\"461\" src=\"https:\/\/www.galerie-schwind.de\/wp-content\/uploads\/2022\/01\/DSC_1154_klein.jpg\" alt=\"\" class=\"wp-image-6753\" style=\"width:500px;height:334px\" srcset=\"https:\/\/www.galerie-schwind.de\/wp-content\/uploads\/2022\/01\/DSC_1154_klein.jpg 691w, https:\/\/www.galerie-schwind.de\/wp-content\/uploads\/2022\/01\/DSC_1154_klein-500x334.jpg 500w\" sizes=\"auto, (max-width: 691px) 100vw, 691px\" \/><\/figure>\n\n\n\n<div class=\"wp-block-columns biographie-zeile is-layout-flex wp-container-core-columns-is-layout-9d6595d7 wp-block-columns-is-layout-flex\">\n<div class=\"wp-block-column is-layout-flow wp-block-column-is-layout-flow\" style=\"flex-basis:33.33%\">\n<h5 class=\"wp-block-heading\" id=\"1981\">1981<\/h5>\n<\/div>\n\n\n\n<div class=\"wp-block-column is-layout-flow wp-block-column-is-layout-flow\" style=\"flex-basis:66.66%\">\n<p>born in Gardelegen, Saxony-Anhalt<\/p>\n<\/div>\n<\/div>\n\n\n\n<div class=\"wp-block-columns biographie-zeile is-layout-flex wp-container-core-columns-is-layout-9d6595d7 wp-block-columns-is-layout-flex\">\n<div class=\"wp-block-column is-layout-flow wp-block-column-is-layout-flow\" style=\"flex-basis:33.33%\">\n<h5 class=\"wp-block-heading\" id=\"2001-02\">2001-02<\/h5>\n<\/div>\n\n\n\n<div class=\"wp-block-column is-layout-flow wp-block-column-is-layout-flow\" style=\"flex-basis:66.66%\">\n<p>Studied industrial design at the Braunschweig University of Art<\/p>\n<\/div>\n<\/div>\n\n\n\n<div class=\"wp-block-columns biographie-zeile is-layout-flex wp-container-core-columns-is-layout-9d6595d7 wp-block-columns-is-layout-flex\">\n<div class=\"wp-block-column is-layout-flow wp-block-column-is-layout-flow\" style=\"flex-basis:33.33%\">\n<h5 class=\"wp-block-heading\" id=\"2002-05\">2002-05<\/h5>\n<\/div>\n\n\n\n<div class=\"wp-block-column is-layout-flow wp-block-column-is-layout-flow\" style=\"flex-basis:66.66%\">\n<p>Vocational training as a physiotherapist<\/p>\n<\/div>\n<\/div>\n\n\n\n<div class=\"wp-block-columns biographie-zeile is-layout-flex wp-container-core-columns-is-layout-9d6595d7 wp-block-columns-is-layout-flex\">\n<div class=\"wp-block-column is-layout-flow wp-block-column-is-layout-flow\" style=\"flex-basis:33.33%\">\n<h5 class=\"wp-block-heading\" id=\"2005-10\">2005-10<\/h5>\n<\/div>\n\n\n\n<div class=\"wp-block-column is-layout-flow wp-block-column-is-layout-flow\" style=\"flex-basis:66.66%\">\n<p>Studied painting at the Academy of Visual Arts Leipzig, since 2008 with Prof. Annette Schr\u00f6ter, graduated with a diploma<\/p>\n<\/div>\n<\/div>\n\n\n\n<div class=\"wp-block-columns biographie-zeile is-layout-flex wp-container-core-columns-is-layout-9d6595d7 wp-block-columns-is-layout-flex\">\n<div class=\"wp-block-column is-layout-flow wp-block-column-is-layout-flow\" style=\"flex-basis:33.33%\">\n<h5 class=\"wp-block-heading\" id=\"2010-13\">2010-13<\/h5>\n<\/div>\n\n\n\n<div class=\"wp-block-column is-layout-flow wp-block-column-is-layout-flow\" style=\"flex-basis:66.66%\">\n<p>Master student in the class of Prof. Annette Schr\u00f6ter<\/p>\n<\/div>\n<\/div>\n\n\n\n<div class=\"wp-block-columns biographie-zeile is-layout-flex wp-container-core-columns-is-layout-9d6595d7 wp-block-columns-is-layout-flex\">\n<div class=\"wp-block-column is-layout-flow wp-block-column-is-layout-flow\" style=\"flex-basis:33.33%\">\n<h5 class=\"wp-block-heading\"><\/h5>\n<\/div>\n\n\n\n<div class=\"wp-block-column is-layout-flow wp-block-column-is-layout-flow\" style=\"flex-basis:66.66%\">\n<p>lives and works in Leipzig<\/p>\n<\/div>\n<\/div>\n<\/div><\/div>\n<\/div><\/article>\n\n<article id=\"werkstandorte\" class=\"wp-block-group\"><div class=\"wp-block-group__inner-container is-layout-flow wp-block-group-is-layout-flow\">\n<h3 class=\"wp-block-heading\" id=\"ausstellungen\">Exhibitions<\/h3>\n\n\n\n<div class=\"wp-block-group\"><div class=\"wp-block-group__inner-container is-layout-flow wp-block-group-is-layout-flow\">\n<p>2008<br\/>Leipzig, <em>Kunstraum am See<\/em><\/p>\n\n\n\n<p>2009<br\/>Leipzig, Frankfurt am Main, Galerie Schwind<\/p>\n\n\n\n<p>2010<br\/>Paris, Galerie Monica de Champfleury (participation)<br\/>Leipzig, Galerie Schwind (diploma exhibition)<br\/>Frankfurt am Main, Galerie Schwind, <em>Nirgendwo<\/em><br\/>Bad Saulgau, Galerie F\u00e4hre,  <em>Positions. Representational art today <\/em>  (Participation)<\/p>\n\n\n\n<p>2011<br\/>Leipzig, Galerie Kleindienst, <em>Falsche Freunde, master student exhibition of the class of Prof. Annette Schr\u00f6ter<\/em> (participation), further station: K\u00fchlungsborn, Kunsthalle<br\/>Frankfurt am Main, Galerie Schwind, <em>&#8230;und es wird Herbst<\/em><\/p>\n\n\n\n<p>2012<br\/>Berlin, Schwind Gallery<\/p>\n\n\n\n<p>2013<br\/>Osnabr\u00fcck, Kunsthalle,  <em>Beautiful Landscape &#8211; Threatened Nature. Old masters in dialog with contemporary art <\/em>  (Works from the S\u00d8R Rusche Collection)<br\/>Leipzig, Academy of Visual Arts, master student exhibition (participation)<\/p>\n\n\n\n<p>2014<br\/>Leipzig, Westwerk, Leipzig annual exhibition (participation)<br\/>Frankfurt am Main, Galerie Schwind<\/p>\n\n\n\n<p>2015<br\/>Leipzig, Galerie Schwind, <em>In the Spirit of Romanticism<\/em> (together with Wolfgang Mattheuer)<\/p>\n\n\n\n<p>2016<br\/>Leipzig, Kunsthalle der Sparkasse, <em>class reunion &#8211; master students of Annette Schr\u00f6ter <\/em>(participation)<\/p>\n\n\n\n<p>2017<br\/>Bad Frankenhausen, Panorama Museum, <em>Hortus<\/em><br\/>Further stations: Kunsthalle Rostock, Zwolle\/ Netherlands, Museum de Fundatie<\/p>\n\n\n\n<p>2018<br\/>Berlin, Schwind Gallery<\/p>\n\n\n\n<p>2020<br\/>Leipzig, M\u00e4dler Art Forum, <em>Antipodes &#8211; The newest Leipzig School<\/em> (participation)<\/p>\n\n\n\n<p>2022-23<br\/>Aschaffenburg, Kunsthalle Jesuitenkirche, <em>Unter blauen Himmeln &#8211; Markus Matthias Kr\u00fcger und Wolfgang Mattheuer<\/em><br\/>Further venues: Angermuseum Erfurt, Kunsthalle Rostock<\/p>\n\n\n\n<p>2023<br\/>Wiesbaden, artists&#8217; association Walkm\u00fchle, <em>Angst (<\/em>participation)<\/p>\n\n\n\n<p>2024<br\/>Altd\u00f6bern (Brandenburg), castle,  <em>Raw art building. Departure, Where to? <\/em>  (participation)<br\/>Halle\/Saale, Kunsthalle Talstra\u00dfe, <em>Sehnsucht &#8211; Romantik<\/em> (participation)<br\/>Koblenz, Mittelrhein Museum, <em>Traumlandschaft &#8211; Alptraumlandschaft<\/em> (participation)<\/p>\n\n\n\n<p>2025<br\/>Coesfeld, Kunstverein M\u00fcnstlerland, <em>How high the moon<\/em> (participation)<br\/>Berlin, Galerie Schwind, <em>Topos<\/em><br\/><br\/>2026<br\/>Koblenz, Mittelrhein Museum<\/p>\n<\/div><\/div>\n<\/div><\/article>\n\n<p><\/p>\n\n<p><\/p>\n","protected":false},"author":4,"featured_media":14216,"menu_order":0,"template":"","format":"standard","meta":{"_acf_changed":false,"_coblocks_attr":"","_coblocks_dimensions":"","_coblocks_responsive_height":"","_coblocks_accordion_ie_support":"","footnotes":""},"class_list":["post-13720","kuenstler","type-kuenstler","status-publish","format-standard","has-post-thumbnail","hentry","entry"],"acf":[],"yoast_head":"<!-- This site is optimized with the Yoast SEO plugin v27.2 - https:\/\/yoast.com\/product\/yoast-seo-wordpress\/ -->\n<title>Markus Matthias Kr\u00fcger - Galerie Schwind<\/title>\n<meta name=\"description\" content=\"Paintings by the Leipzig artist Markus Matthias Kr\u00fcger exclusively at Galerie Schwind. You can find a selection of his works here.\" \/>\n<meta name=\"robots\" content=\"index, follow, max-snippet:-1, max-image-preview:large, max-video-preview:-1\" \/>\n<link rel=\"canonical\" href=\"https:\/\/www.galerie-schwind.de\/en\/kuenstler\/markus-matthias-krueger\/\" \/>\n<meta property=\"og:locale\" content=\"en_US\" \/>\n<meta property=\"og:type\" content=\"article\" \/>\n<meta property=\"og:title\" content=\"Markus Matthias Kr\u00fcger - Galerie Schwind\" \/>\n<meta property=\"og:description\" content=\"Paintings by the Leipzig artist Markus Matthias Kr\u00fcger exclusively at Galerie Schwind. You can find a selection of his works here.\" \/>\n<meta property=\"og:url\" content=\"https:\/\/www.galerie-schwind.de\/en\/kuenstler\/markus-matthias-krueger\/\" \/>\n<meta property=\"og:site_name\" content=\"Galerie Schwind\" \/>\n<meta property=\"article:modified_time\" content=\"2026-03-26T12:04:45+00:00\" \/>\n<meta property=\"og:image\" content=\"https:\/\/www.galerie-schwind.de\/wp-content\/uploads\/2022\/01\/Krueger-Anzeige-25.jpg\" \/>\n\t<meta property=\"og:image:width\" content=\"851\" \/>\n\t<meta property=\"og:image:height\" content=\"631\" \/>\n\t<meta property=\"og:image:type\" content=\"image\/jpeg\" \/>\n<meta name=\"twitter:card\" content=\"summary_large_image\" \/>\n<meta name=\"twitter:label1\" content=\"Est. reading time\" \/>\n\t<meta name=\"twitter:data1\" content=\"2 minutes\" \/>\n<script type=\"application\/ld+json\" class=\"yoast-schema-graph\">{\"@context\":\"https:\/\/schema.org\",\"@graph\":[{\"@type\":\"WebPage\",\"@id\":\"https:\/\/www.galerie-schwind.de\/en\/kuenstler\/markus-matthias-krueger\/\",\"url\":\"https:\/\/www.galerie-schwind.de\/en\/kuenstler\/markus-matthias-krueger\/\",\"name\":\"Markus Matthias Kr\u00fcger - Galerie Schwind\",\"isPartOf\":{\"@id\":\"https:\/\/www.galerie-schwind.de\/en\/#website\"},\"primaryImageOfPage\":{\"@id\":\"https:\/\/www.galerie-schwind.de\/en\/kuenstler\/markus-matthias-krueger\/#primaryimage\"},\"image\":{\"@id\":\"https:\/\/www.galerie-schwind.de\/en\/kuenstler\/markus-matthias-krueger\/#primaryimage\"},\"thumbnailUrl\":\"https:\/\/www.galerie-schwind.de\/wp-content\/uploads\/2022\/01\/Krueger-Anzeige-25.jpg\",\"datePublished\":\"2022-01-11T16:24:03+00:00\",\"dateModified\":\"2026-03-26T12:04:45+00:00\",\"description\":\"Paintings by the Leipzig artist Markus Matthias Kr\u00fcger exclusively at Galerie Schwind. You can find a selection of his works here.\",\"breadcrumb\":{\"@id\":\"https:\/\/www.galerie-schwind.de\/en\/kuenstler\/markus-matthias-krueger\/#breadcrumb\"},\"inLanguage\":\"en-US\",\"potentialAction\":[{\"@type\":\"ReadAction\",\"target\":[\"https:\/\/www.galerie-schwind.de\/en\/kuenstler\/markus-matthias-krueger\/\"]}]},{\"@type\":\"ImageObject\",\"inLanguage\":\"en-US\",\"@id\":\"https:\/\/www.galerie-schwind.de\/en\/kuenstler\/markus-matthias-krueger\/#primaryimage\",\"url\":\"https:\/\/www.galerie-schwind.de\/wp-content\/uploads\/2022\/01\/Krueger-Anzeige-25.jpg\",\"contentUrl\":\"https:\/\/www.galerie-schwind.de\/wp-content\/uploads\/2022\/01\/Krueger-Anzeige-25.jpg\",\"width\":851,\"height\":631},{\"@type\":\"BreadcrumbList\",\"@id\":\"https:\/\/www.galerie-schwind.de\/en\/kuenstler\/markus-matthias-krueger\/#breadcrumb\",\"itemListElement\":[{\"@type\":\"ListItem\",\"position\":1,\"name\":\"Startseite\",\"item\":\"https:\/\/www.galerie-schwind.de\/en\/\"},{\"@type\":\"ListItem\",\"position\":2,\"name\":\"Markus Matthias Kr\u00fcger\"}]},{\"@type\":\"WebSite\",\"@id\":\"https:\/\/www.galerie-schwind.de\/en\/#website\",\"url\":\"https:\/\/www.galerie-schwind.de\/en\/\",\"name\":\"Galerie Schwind\",\"description\":\"\",\"potentialAction\":[{\"@type\":\"SearchAction\",\"target\":{\"@type\":\"EntryPoint\",\"urlTemplate\":\"https:\/\/www.galerie-schwind.de\/en\/?s={search_term_string}\"},\"query-input\":{\"@type\":\"PropertyValueSpecification\",\"valueRequired\":true,\"valueName\":\"search_term_string\"}}],\"inLanguage\":\"en-US\"}]}<\/script>\n<!-- \/ Yoast SEO plugin. -->","yoast_head_json":{"title":"Markus Matthias Kr\u00fcger - Galerie Schwind","description":"Paintings by the Leipzig artist Markus Matthias Kr\u00fcger exclusively at Galerie Schwind. You can find a selection of his works here.","robots":{"index":"index","follow":"follow","max-snippet":"max-snippet:-1","max-image-preview":"max-image-preview:large","max-video-preview":"max-video-preview:-1"},"canonical":"https:\/\/www.galerie-schwind.de\/en\/kuenstler\/markus-matthias-krueger\/","og_locale":"en_US","og_type":"article","og_title":"Markus Matthias Kr\u00fcger - Galerie Schwind","og_description":"Paintings by the Leipzig artist Markus Matthias Kr\u00fcger exclusively at Galerie Schwind. You can find a selection of his works here.","og_url":"https:\/\/www.galerie-schwind.de\/en\/kuenstler\/markus-matthias-krueger\/","og_site_name":"Galerie Schwind","article_modified_time":"2026-03-26T12:04:45+00:00","og_image":[{"width":851,"height":631,"url":"https:\/\/www.galerie-schwind.de\/wp-content\/uploads\/2022\/01\/Krueger-Anzeige-25.jpg","type":"image\/jpeg"}],"twitter_card":"summary_large_image","twitter_misc":{"Est. reading time":"2 minutes"},"schema":{"@context":"https:\/\/schema.org","@graph":[{"@type":"WebPage","@id":"https:\/\/www.galerie-schwind.de\/en\/kuenstler\/markus-matthias-krueger\/","url":"https:\/\/www.galerie-schwind.de\/en\/kuenstler\/markus-matthias-krueger\/","name":"Markus Matthias Kr\u00fcger - Galerie Schwind","isPartOf":{"@id":"https:\/\/www.galerie-schwind.de\/en\/#website"},"primaryImageOfPage":{"@id":"https:\/\/www.galerie-schwind.de\/en\/kuenstler\/markus-matthias-krueger\/#primaryimage"},"image":{"@id":"https:\/\/www.galerie-schwind.de\/en\/kuenstler\/markus-matthias-krueger\/#primaryimage"},"thumbnailUrl":"https:\/\/www.galerie-schwind.de\/wp-content\/uploads\/2022\/01\/Krueger-Anzeige-25.jpg","datePublished":"2022-01-11T16:24:03+00:00","dateModified":"2026-03-26T12:04:45+00:00","description":"Paintings by the Leipzig artist Markus Matthias Kr\u00fcger exclusively at Galerie Schwind. You can find a selection of his works here.","breadcrumb":{"@id":"https:\/\/www.galerie-schwind.de\/en\/kuenstler\/markus-matthias-krueger\/#breadcrumb"},"inLanguage":"en-US","potentialAction":[{"@type":"ReadAction","target":["https:\/\/www.galerie-schwind.de\/en\/kuenstler\/markus-matthias-krueger\/"]}]},{"@type":"ImageObject","inLanguage":"en-US","@id":"https:\/\/www.galerie-schwind.de\/en\/kuenstler\/markus-matthias-krueger\/#primaryimage","url":"https:\/\/www.galerie-schwind.de\/wp-content\/uploads\/2022\/01\/Krueger-Anzeige-25.jpg","contentUrl":"https:\/\/www.galerie-schwind.de\/wp-content\/uploads\/2022\/01\/Krueger-Anzeige-25.jpg","width":851,"height":631},{"@type":"BreadcrumbList","@id":"https:\/\/www.galerie-schwind.de\/en\/kuenstler\/markus-matthias-krueger\/#breadcrumb","itemListElement":[{"@type":"ListItem","position":1,"name":"Startseite","item":"https:\/\/www.galerie-schwind.de\/en\/"},{"@type":"ListItem","position":2,"name":"Markus Matthias Kr\u00fcger"}]},{"@type":"WebSite","@id":"https:\/\/www.galerie-schwind.de\/en\/#website","url":"https:\/\/www.galerie-schwind.de\/en\/","name":"Galerie Schwind","description":"","potentialAction":[{"@type":"SearchAction","target":{"@type":"EntryPoint","urlTemplate":"https:\/\/www.galerie-schwind.de\/en\/?s={search_term_string}"},"query-input":{"@type":"PropertyValueSpecification","valueRequired":true,"valueName":"search_term_string"}}],"inLanguage":"en-US"}]}},"_links":{"self":[{"href":"https:\/\/www.galerie-schwind.de\/en\/wp-json\/wp\/v2\/kuenstler\/13720","targetHints":{"allow":["GET"]}}],"collection":[{"href":"https:\/\/www.galerie-schwind.de\/en\/wp-json\/wp\/v2\/kuenstler"}],"about":[{"href":"https:\/\/www.galerie-schwind.de\/en\/wp-json\/wp\/v2\/types\/kuenstler"}],"author":[{"embeddable":true,"href":"https:\/\/www.galerie-schwind.de\/en\/wp-json\/wp\/v2\/users\/4"}],"version-history":[{"count":9,"href":"https:\/\/www.galerie-schwind.de\/en\/wp-json\/wp\/v2\/kuenstler\/13720\/revisions"}],"predecessor-version":[{"id":15632,"href":"https:\/\/www.galerie-schwind.de\/en\/wp-json\/wp\/v2\/kuenstler\/13720\/revisions\/15632"}],"wp:featuredmedia":[{"embeddable":true,"href":"https:\/\/www.galerie-schwind.de\/en\/wp-json\/wp\/v2\/media\/14216"}],"wp:attachment":[{"href":"https:\/\/www.galerie-schwind.de\/en\/wp-json\/wp\/v2\/media?parent=13720"}],"curies":[{"name":"wp","href":"https:\/\/api.w.org\/{rel}","templated":true}]}}